{"id":1308,"date":"2025-03-20T10:58:19","date_gmt":"2025-03-20T09:58:19","guid":{"rendered":"https:\/\/tourinformzamardi.hu\/?page_id=1308"},"modified":"2026-01-20T12:09:08","modified_gmt":"2026-01-20T11:09:08","slug":"zamardi-latnivaloi","status":"publish","type":"page","link":"https:\/\/tourinformzamardi.hu\/de\/zamardi-latnivaloi\/","title":{"rendered":"Unternehmungen in Zam\u00e1rdi"},"content":{"rendered":"<div data-elementor-type=\"wp-page\" data-elementor-id=\"1308\" class=\"elementor elementor-1308\">\n\t\t\t\t<div class=\"elementor-element elementor-element-2760f231 e-con-full e-flex e-con e-parent\" data-id=\"2760f231\" data-element_type=\"container\" data-e-type=\"container\" data-settings=\"{&quot;background_background&quot;:&quot;classic&quot;}\">\n\t\t\t\t<div class=\"elementor-element elementor-element-6d4980b7 elementor-widget elementor-widget-heading\" data-id=\"6d4980b7\" data-element_type=\"widget\" data-e-type=\"widget\" data-widget_type=\"heading.default\">\n\t\t\t\t<div class=\"elementor-widget-container\">\n\t\t\t\t\t<h2 class=\"elementor-heading-title elementor-size-default\">Unternehmungen in Zam\u00e1rdi<\/h2>\t\t\t\t<\/div>\n\t\t\t\t<\/div>\n\t\t\t\t<div class=\"elementor-element elementor-element-6fe78cd9 elementor-widget-divider--view-line elementor-widget elementor-widget-divider\" data-id=\"6fe78cd9\" data-element_type=\"widget\" data-e-type=\"widget\" data-widget_type=\"divider.default\">\n\t\t\t\t<div class=\"elementor-widget-container\">\n\t\t\t\t\t\t\t<div class=\"elementor-divider\">\n\t\t\t<span class=\"elementor-divider-separator\">\n\t\t\t\t\t\t<\/span>\n\t\t<\/div>\n\t\t\t\t\t\t<\/div>\n\t\t\t\t<\/div>\n\t\t\t\t<\/div>\n\t\t<div class=\"elementor-element elementor-element-3629b1e e-flex e-con-boxed e-con e-parent\" data-id=\"3629b1e\" data-element_type=\"container\" data-e-type=\"container\">\n\t\t\t\t\t<div class=\"e-con-inner\">\n\t\t\t\t\t<\/div>\n\t\t\t\t<\/div>\n\t\t<div class=\"elementor-element elementor-element-7d121698 e-flex e-con-boxed e-con e-parent\" data-id=\"7d121698\" data-element_type=\"container\" data-e-type=\"container\">\n\t\t\t\t\t<div class=\"e-con-inner\">\n\t\t\t\t<div class=\"elementor-element elementor-element-dce4a9d elementor-widget elementor-widget-heading\" data-id=\"dce4a9d\" data-element_type=\"widget\" data-e-type=\"widget\" data-widget_type=\"heading.default\">\n\t\t\t\t<div class=\"elementor-widget-container\">\n\t\t\t\t\t<h2 class=\"elementor-heading-title elementor-size-default\"><a href=\"https:\/\/tourinformzamardi.hu\/de\/zamardi-latnivaloi\/#nagystrand\">Gro\u00dfer Strand von Zam\u00e1rdi<\/a><\/h2>\t\t\t\t<\/div>\n\t\t\t\t<\/div>\n\t\t\t\t<div class=\"elementor-element elementor-element-75bb45a5 elementor-widget elementor-widget-heading\" data-id=\"75bb45a5\" data-element_type=\"widget\" data-e-type=\"widget\" data-widget_type=\"heading.default\">\n\t\t\t\t<div class=\"elementor-widget-container\">\n\t\t\t\t\t<h2 class=\"elementor-heading-title elementor-size-default\"><a href=\"https:\/\/tourinformzamardi.hu\/de\/zamardi-latnivaloi\/#kohegyi\">Aussichtsturm von K\u0151hegy<\/a><\/h2>\t\t\t\t<\/div>\n\t\t\t\t<\/div>\n\t\t\t\t<div class=\"elementor-element elementor-element-17d1895a elementor-widget elementor-widget-heading\" data-id=\"17d1895a\" data-element_type=\"widget\" data-e-type=\"widget\" data-widget_type=\"heading.default\">\n\t\t\t\t<div class=\"elementor-widget-container\">\n\t\t\t\t\t<h2 class=\"elementor-heading-title elementor-size-default\"><a href=\"https:\/\/tourinformzamardi.hu\/de\/zamardi-latnivaloi\/#szamarko\">Esel Stein<\/a><\/h2>\t\t\t\t<\/div>\n\t\t\t\t<\/div>\n\t\t\t\t<div class=\"elementor-element elementor-element-2822320f elementor-widget elementor-widget-heading\" data-id=\"2822320f\" data-element_type=\"widget\" data-e-type=\"widget\" data-widget_type=\"heading.default\">\n\t\t\t\t<div class=\"elementor-widget-container\">\n\t\t\t\t\t<h2 class=\"elementor-heading-title elementor-size-default\"><a href=\"https:\/\/tourinformzamardi.hu\/de\/zamardi-latnivaloi\/#vizekhaza\">Abenteuerpark House of Waters<\/a><\/h2>\t\t\t\t<\/div>\n\t\t\t\t<\/div>\n\t\t\t\t\t<\/div>\n\t\t\t\t<\/div>\n\t\t<div class=\"elementor-element elementor-element-58b426f e-flex e-con-boxed e-con e-parent\" data-id=\"58b426f\" data-element_type=\"container\" data-e-type=\"container\">\n\t\t\t\t\t<div class=\"e-con-inner\">\n\t\t\t\t<div class=\"elementor-element elementor-element-247bda2 elementor-widget elementor-widget-heading\" data-id=\"247bda2\" data-element_type=\"widget\" data-e-type=\"widget\" data-widget_type=\"heading.default\">\n\t\t\t\t<div class=\"elementor-widget-container\">\n\t\t\t\t\t<h2 class=\"elementor-heading-title elementor-size-default\"><a href=\"https:\/\/tourinformzamardi.hu\/de\/zamardi-latnivaloi\/#tajhaz\">Landhaus<\/a><\/h2>\t\t\t\t<\/div>\n\t\t\t\t<\/div>\n\t\t\t\t<div class=\"elementor-element elementor-element-c9106e3 elementor-widget elementor-widget-heading\" data-id=\"c9106e3\" data-element_type=\"widget\" data-e-type=\"widget\" data-widget_type=\"heading.default\">\n\t\t\t\t<div class=\"elementor-widget-container\">\n\t\t\t\t\t<h2 class=\"elementor-heading-title elementor-size-default\"><a href=\"https:\/\/tourinformzamardi.hu\/de\/zamardi-latnivaloi\/#vilaghaborukmuzeuma\">Museum der Weltkriege<\/a><\/h2>\t\t\t\t<\/div>\n\t\t\t\t<\/div>\n\t\t\t\t<div class=\"elementor-element elementor-element-0402d1c elementor-widget elementor-widget-heading\" data-id=\"0402d1c\" data-element_type=\"widget\" data-e-type=\"widget\" data-widget_type=\"heading.default\">\n\t\t\t\t<div class=\"elementor-widget-container\">\n\t\t\t\t\t<h2 class=\"elementor-heading-title elementor-size-default\"><a href=\"https:\/\/tourinformzamardi.hu\/de\/zamardi-latnivaloi\/#templom\">Unsere Kirche, Kapellen und heiligen St\u00e4tten<\/a><\/h2>\t\t\t\t<\/div>\n\t\t\t\t<\/div>\n\t\t\t\t\t<\/div>\n\t\t\t\t<\/div>\n\t\t<div class=\"elementor-element elementor-element-2beebfb e-flex e-con-boxed e-con e-parent\" data-id=\"2beebfb\" data-element_type=\"container\" data-e-type=\"container\">\n\t\t\t\t\t<div class=\"e-con-inner\">\n\t\t\t\t<div class=\"elementor-element elementor-element-32c0dfa elementor-widget elementor-widget-heading\" data-id=\"32c0dfa\" data-element_type=\"widget\" data-e-type=\"widget\" data-widget_type=\"heading.default\">\n\t\t\t\t<div class=\"elementor-widget-container\">\n\t\t\t\t\t<h2 class=\"elementor-heading-title elementor-size-default\"><a href=\"https:\/\/tourinformzamardi.hu\/de\/zamardi-latnivaloi\/#emlekmu\">Denkm\u00e4ler, Gedenkst\u00e4tten<\/a><\/h2>\t\t\t\t<\/div>\n\t\t\t\t<\/div>\n\t\t\t\t<div class=\"elementor-element elementor-element-b5dc59e elementor-widget elementor-widget-heading\" data-id=\"b5dc59e\" data-element_type=\"widget\" data-e-type=\"widget\" data-widget_type=\"heading.default\">\n\t\t\t\t<div class=\"elementor-widget-container\">\n\t\t\t\t\t<h2 class=\"elementor-heading-title elementor-size-default\"><a href=\"https:\/\/tourinformzamardi.hu\/de\/zamardi-latnivaloi\/#szobor\">\u00d6ffentliche Skulpturen, Parks<\/a><\/h2>\t\t\t\t<\/div>\n\t\t\t\t<\/div>\n\t\t\t\t\t<\/div>\n\t\t\t\t<\/div>\n\t\t<div class=\"elementor-element elementor-element-276c4c8 e-flex e-con-boxed e-con e-parent\" data-id=\"276c4c8\" data-element_type=\"container\" data-e-type=\"container\">\n\t\t\t\t\t<div class=\"e-con-inner\">\n\t\t<div class=\"elementor-element elementor-element-18f5639 e-con-full e-flex e-con e-child\" data-id=\"18f5639\" data-element_type=\"container\" data-e-type=\"container\">\n\t\t\t\t<div class=\"elementor-element elementor-element-5e0e282 elementor-widget elementor-widget-heading\" data-id=\"5e0e282\" data-element_type=\"widget\" data-e-type=\"widget\" id=\"nagystrand\" data-widget_type=\"heading.default\">\n\t\t\t\t<div class=\"elementor-widget-container\">\n\t\t\t\t\t<h2 class=\"elementor-heading-title elementor-size-default\">Gro\u00dfer Strand von Zam\u00e1rdi\n\n<\/h2>\t\t\t\t<\/div>\n\t\t\t\t<\/div>\n\t\t\t\t<div class=\"elementor-element elementor-element-65d9b8c elementor-widget elementor-widget-heading\" data-id=\"65d9b8c\" data-element_type=\"widget\" data-e-type=\"widget\" data-widget_type=\"heading.default\">\n\t\t\t\t<div class=\"elementor-widget-container\">\n\t\t\t\t\t<h2 class=\"elementor-heading-title elementor-size-default\">Zam\u00e1rdi, Marg\u00f3 Ede s\u00e9t\u00e1ny\n<\/h2>\t\t\t\t<\/div>\n\t\t\t\t<\/div>\n\t\t\t\t<div class=\"elementor-element elementor-element-c14a3d9 elementor-widget elementor-widget-text-editor\" data-id=\"c14a3d9\" data-element_type=\"widget\" data-e-type=\"widget\" data-widget_type=\"text-editor.default\">\n\t\t\t\t<div class=\"elementor-widget-container\">\n\t\t\t\t\t\t\t\t\t<p><span style=\"font-weight: 400;\">Zam\u00e1rdi ist eines der am einfachsten erreichbaren Ferienziele am S\u00fcdufer des Balatons. <\/span><span style=\"font-weight: 400;\"><br \/><\/span><span style=\"font-weight: 400;\">Besonders attraktiv ist der mehrere Kilometer lange, kostenlose Strand, der ideal f\u00fcr Familien mit Kindern geeignet ist. Entlang des 10 km langen Ufers gibt es mehrere Str\u00e4nde, die kostenlos genutzt werden k\u00f6nnen und mit Sanit\u00e4ranlagen, Umkleidekabinen, Gastronomiebetrieben, Spielpl\u00e4tzen und Verleihstationen ausgestattet sind.<\/span><\/p><p><span style=\"font-weight: 400;\">Besonders hervorzuheben ist der 3 km lange, <\/span><span style=\"font-weight: 400;\">zusammenh\u00e4ngende,<\/span><span style=\"font-weight: 400;\"> grasbewachsene und schattige Strand, der im Volksmund \u201eNagystrand\u201c (Marg\u00f3 Ede s\u00e9t\u00e1ny) genannt wird und mit einer herrlichen Aussicht auf die Halbinsel Tihany lockt. Vom Ende Juni bis Ende August sorgt ein kostenloser Erste-Hilfe-Point mit Rettungsschwimmerdienst f\u00fcr die Sicherheit der Badeg\u00e4ste, der vom Zentrum in der B\u00e1cskai Stra\u00dfe aus \u00fcberwacht wird. <\/span><span style=\"font-weight: 400;\">Hier befindet sich auch ein Hafen f\u00fcr Boote und Segelboote. <\/span><br \/><span style=\"font-weight: 400;\">Der Strand hat in den letzten Jahren die \u201eBlaue Flagge\u201c f\u00fcr ausgezeichnete Wasserqualit\u00e4t erhalten.<\/span><\/p><p><span style=\"font-weight: 400;\">Am Ende der Stra\u00dfen, die zum Balaton f\u00fchren, erwarten kleinere Str\u00e4nde die G\u00e4ste, darunter der Jegenye und Orgona Platz sowie die T\u00e1ncsics Stra\u00dfe.<br \/><\/span><span style=\"font-weight: 400;\">Der Lido-Strand (am Ende der Kil\u00e1t\u00f3 Stra\u00dfe) ist ideal f\u00fcr Familien mit kleinen Kindern und bietet eine kleine Bucht mit einem Sandstrand.<\/span><\/p><p><b>Das Baden in Zam\u00e1rdi ist kostenlos! <\/b><span style=\"font-weight: 400;\">Wer den aktiven Urlaub bevorzugt, hat eine Vielzahl von Sportm\u00f6glichkeiten sowohl im Wasser als auch am Ufer zur Auswahl: Surfen, Boot fahren, Tretboot fahren, Angeln, Beachvolleyball, Tennis, Fu\u00dfball, Go-Kart, Minigolf und Radfahren.<\/span><\/p><p><span style=\"font-weight: 400;\">Die Str\u00e4nde bieten auch Platz f\u00fcr Veranstaltungen. Ab Mitte Juli sorgt am Wochenende in wechselnden Locations ein Spielhaus f\u00fcr Unterhaltung f\u00fcr Kinder. Der Veranstaltungsplatz unserer Stadt befindet sich am Ende der Kossuth Stra\u00dfe, direkt neben dem freien Strand.<\/span><\/p><p><b>Warum ist der Sommer, das Baden im Balaton, in Zam\u00e1rdi so angenehm?<\/b><b><br \/><\/b><span style=\"font-weight: 400;\">Weil man hier auf eine einzigartige Kombination von Umgebung, Wasser und Klima trifft, die ein wundervolles Erlebnis bietet und zur Erfrischung beitr\u00e4gt.<\/span><\/p><p><b>Das Wasser<\/b><\/p><p><span style=\"font-weight: 400;\">S\u00fc\u00dfwasser, es brennt nicht in den Augen und reizt empfindliche Haut weniger. Es ist flach und wird langsam tiefer, sodass Kinder und Nicht-Schwimmer in der N\u00e4he des Ufers ausreichend Platz finden (30-40 cm Tiefe). Aufgrund der geringen Tiefe erw\u00e4rmt sich das Wasser angenehm auf 22-25\u00b0C. Wegen seiner chemischen Zusammensetzung hat es eine heilende Wirkung auf den K\u00f6rper. Die sanften Wellen wiegen und beruhigen. Die Wasserfarbe ist variabel und reflektiert die Farben des Himmels, je nach St\u00e4rke der Wellen auch die Schattierungen des Seegrundes.<\/span><\/p><p><b>Das Klima<\/b><b><br \/><\/b><span style=\"font-weight: 400;\">Zam\u00e1rdi geh\u00f6rt zu den sonnigsten Regionen des Balatons, mit mehr als 2000 Sonnenstunden im Jahr und einer g\u00fcnstigen Sonneneinstrahlung w\u00e4hrend der Sommermonate. Die Luftfeuchtigkeit und die h\u00e4ufigen Luftbewegungen machen auch hei\u00dfe Tage angenehmer, was es ideal f\u00fcr Segler und Surfer macht.<\/span><\/p><p><b>Umgebung<\/b><\/p><p><span style=\"font-weight: 400;\">Der gepflegte Rasen, die sch\u00f6ne Aussicht, die guten Serviceleistungen, die Wander- und Ausflugsm\u00f6glichkeiten sowie interessante Sehensw\u00fcrdigkeiten f\u00f6rdern alle die Erholung, Regeneration und das Auftanken.<\/span><\/p><p><span style=\"font-weight: 400;\">Es gibt mehrere Toiletten, Duschm\u00f6glichkeiten, 33 Doppel- und 6 barrierefreie Umkleidekabinen, 55 Zugangsstufen und Rampen sowie mehrere Spielpl\u00e4tze, die den G\u00e4sten zur Verf\u00fcgung stehen.<\/span><\/p><p><span style=\"font-weight: 400;\">Toiletten am Nagystrand:<br \/><\/span><span style=\"font-weight: 400;\">Am Ende der Kossuth Stra\u00dfe, am Strand (mit Duschm\u00f6glichkeit)<br \/><\/span><span style=\"font-weight: 400;\">Am Ende der B\u00e1cskai Stra\u00dfe, am Strand<br \/><\/span><span style=\"font-weight: 400;\">Am Ende der Kecskem\u00e9ti Stra\u00dfe, am Strand<br \/><\/span><span style=\"font-weight: 400;\">Am Ende der Z\u00f6ldfa Stra\u00dfe, am Strand (mit Duschm\u00f6glichkeit)<br \/><\/span><span style=\"font-weight: 400;\">Am Ende der Harcsa Stra\u00dfe, am Strand<\/span><\/p>\t\t\t\t\t\t\t\t<\/div>\n\t\t\t\t<\/div>\n\t\t\t\t<div class=\"elementor-element elementor-element-2253523 elementor-arrows-position-inside elementor-pagination-position-outside elementor-widget elementor-widget-image-carousel\" data-id=\"2253523\" data-element_type=\"widget\" data-e-type=\"widget\" data-settings=\"{&quot;slides_to_show&quot;:&quot;1&quot;,&quot;navigation&quot;:&quot;both&quot;,&quot;autoplay&quot;:&quot;yes&quot;,&quot;pause_on_hover&quot;:&quot;yes&quot;,&quot;pause_on_interaction&quot;:&quot;yes&quot;,&quot;autoplay_speed&quot;:5000,&quot;infinite&quot;:&quot;yes&quot;,&quot;effect&quot;:&quot;slide&quot;,&quot;speed&quot;:500}\" data-widget_type=\"image-carousel.default\">\n\t\t\t\t<div class=\"elementor-widget-container\">\n\t\t\t\t\t\t\t<div class=\"elementor-image-carousel-wrapper swiper\" role=\"region\" aria-roledescription=\"carousel\" aria-label=\"K\u00e9p k\u00f6rhinta\" dir=\"ltr\">\n\t\t\t<div class=\"elementor-image-carousel swiper-wrapper\" aria-live=\"off\">\n\t\t\t\t\t\t\t\t<div class=\"swiper-slide\" role=\"group\" aria-roledescription=\"slide\" aria-label=\"1 \/ 4\"><figure class=\"swiper-slide-inner\"><img decoding=\"async\" class=\"swiper-slide-image\" src=\"https:\/\/tourinformzamardi.hu\/wp-content\/uploads\/2025\/03\/Nagystrand-scaled.jpg\" alt=\"Nagystrand\" \/><\/figure><\/div><div class=\"swiper-slide\" role=\"group\" aria-roledescription=\"slide\" aria-label=\"2 \/ 4\"><figure class=\"swiper-slide-inner\"><img decoding=\"async\" class=\"swiper-slide-image\" src=\"https:\/\/tourinformzamardi.hu\/wp-content\/uploads\/2025\/04\/strand.jpg\" alt=\"DCIM100MEDIADJI_0120.JPG\" \/><\/figure><\/div><div class=\"swiper-slide\" role=\"group\" aria-roledescription=\"slide\" aria-label=\"3 \/ 4\"><figure class=\"swiper-slide-inner\"><img decoding=\"async\" class=\"swiper-slide-image\" src=\"https:\/\/tourinformzamardi.hu\/wp-content\/uploads\/2025\/04\/Strand-parti-setany.jpg\" alt=\"Strand parti s\u00e9t\u00e1ny\" \/><\/figure><\/div><div class=\"swiper-slide\" role=\"group\" aria-roledescription=\"slide\" aria-label=\"4 \/ 4\"><figure class=\"swiper-slide-inner\"><img decoding=\"async\" class=\"swiper-slide-image\" src=\"https:\/\/tourinformzamardi.hu\/wp-content\/uploads\/2025\/04\/strand-a-kikotovel.jpg\" alt=\"DCIM100MEDIADJI_0213.JPG\" \/><\/figure><\/div>\t\t\t<\/div>\n\t\t\t\t\t\t\t\t\t\t\t\t<div class=\"elementor-swiper-button elementor-swiper-button-prev\" role=\"button\" tabindex=\"0\">\n\t\t\t\t\t\t<svg aria-hidden=\"true\" class=\"e-font-icon-svg e-eicon-chevron-left\" viewbox=\"0 0 1000 1000\" xmlns=\"http:\/\/www.w3.org\/2000\/svg\"><path d=\"M646 125C629 125 613 133 604 142L308 442C296 454 292 471 292 487 292 504 296 521 308 533L604 854C617 867 629 875 646 875 663 875 679 871 692 858 704 846 713 829 713 812 713 796 708 779 692 767L438 487 692 225C700 217 708 204 708 187 708 171 704 154 692 142 675 129 663 125 646 125Z\"><\/path><\/svg>\t\t\t\t\t<\/div>\n\t\t\t\t\t<div class=\"elementor-swiper-button elementor-swiper-button-next\" role=\"button\" tabindex=\"0\">\n\t\t\t\t\t\t<svg aria-hidden=\"true\" class=\"e-font-icon-svg e-eicon-chevron-right\" viewbox=\"0 0 1000 1000\" xmlns=\"http:\/\/www.w3.org\/2000\/svg\"><path d=\"M696 533C708 521 713 504 713 487 713 471 708 454 696 446L400 146C388 133 375 125 354 125 338 125 325 129 313 142 300 154 292 171 292 187 292 204 296 221 308 233L563 492 304 771C292 783 288 800 288 817 288 833 296 850 308 863 321 871 338 875 354 875 371 875 388 867 400 854L696 533Z\"><\/path><\/svg>\t\t\t\t\t<\/div>\n\t\t\t\t\n\t\t\t\t\t\t\t\t\t<div class=\"swiper-pagination\"><\/div>\n\t\t\t\t\t\t\t\t\t<\/div>\n\t\t\t\t\t\t<\/div>\n\t\t\t\t<\/div>\n\t\t\t\t<\/div>\n\t\t\t\t\t<\/div>\n\t\t\t\t<\/div>\n\t\t<div class=\"elementor-element elementor-element-e544906 e-flex e-con-boxed e-con e-parent\" data-id=\"e544906\" data-element_type=\"container\" data-e-type=\"container\">\n\t\t\t\t\t<div class=\"e-con-inner\">\n\t\t\t\t<div class=\"elementor-element elementor-element-a8790a3 elementor-widget elementor-widget-heading\" data-id=\"a8790a3\" data-element_type=\"widget\" data-e-type=\"widget\" id=\"kohegyi\" data-widget_type=\"heading.default\">\n\t\t\t\t<div class=\"elementor-widget-container\">\n\t\t\t\t\t<h2 class=\"elementor-heading-title elementor-size-default\"><a href=\"http:\/\/kihegyikilato\">Aussichtsturm von K\u0151hegy<\/a><\/h2>\t\t\t\t<\/div>\n\t\t\t\t<\/div>\n\t\t\t\t<div class=\"elementor-element elementor-element-6477954 elementor-widget elementor-widget-heading\" data-id=\"6477954\" data-element_type=\"widget\" data-e-type=\"widget\" data-widget_type=\"heading.default\">\n\t\t\t\t<div class=\"elementor-widget-container\">\n\t\t\t\t\t<h2 class=\"elementor-heading-title elementor-size-default\">Zam\u00e1rdi, Kil\u00e1t\u00f3 d\u0171l\u0151<\/h2>\t\t\t\t<\/div>\n\t\t\t\t<\/div>\n\t\t\t\t<div class=\"elementor-element elementor-element-1b0d0f8 elementor-widget elementor-widget-text-editor\" data-id=\"1b0d0f8\" data-element_type=\"widget\" data-e-type=\"widget\" data-widget_type=\"text-editor.default\">\n\t\t\t\t<div class=\"elementor-widget-container\">\n\t\t\t\t\t\t\t\t\t<p><span style=\"font-weight: 400;\">Die Aussichtsplattform wurde zum 1000. Jahrestag der Staatsgr\u00fcndung von Szent Istv\u00e1n auf die Idee von Istv\u00e1n Sim\u00e1ndi, nach den Pl\u00e4nen von G\u00e1bor Szentk\u00fati Kiss und den Genehmigungspl\u00e4nen von Botond V\u00f6lgyi gebaut. Der Bau wurde von J\u00f3zsef Fekete, einem Bauunternehmer aus Zam\u00e1rdi, durchgef\u00fchrt. Die Inschrift auf dem Aussichtsturm lautet: \u201eZum 1000. Jahrestag unserer Staatsgr\u00fcndung erbaut von den Einwohnern von Zam\u00e1rdi und den Ferienhausbesitzern 1000 \u2013 2000.\u201c \u201eSei deinem Land treu, o Ungar!\u201c Der Turm wurde der \u00d6ffentlichkeit bei der feierlichen \u00dcbergabe der Millenniumflagge \u00fcbergeben. Die Er\u00f6ffnungsrede hielt B\u00fcrgermeisterin Jen\u0151n\u00e9 Kiss. Der Aussichtsturm befindet sich an einem der h\u00f6chsten Punkte von Zam\u00e1rdi und bietet einen wundersch\u00f6nen Panoramablick. Fast das gesamte Gebiet des Sees ist von hier aus sichtbar. Sowohl in seiner Form als auch in seiner Harmonie mit der Landschaft ist der Turm einer der sch\u00f6nsten Aussichtspunkte am Balaton, wenn nicht der sch\u00f6nste!<\/span><\/p>\t\t\t\t\t\t\t\t<\/div>\n\t\t\t\t<\/div>\n\t\t\t\t<div class=\"elementor-element elementor-element-5fdf5c7 elementor-widget elementor-widget-image\" data-id=\"5fdf5c7\" data-element_type=\"widget\" data-e-type=\"widget\" data-widget_type=\"image.default\">\n\t\t\t\t<div class=\"elementor-widget-container\">\n\t\t\t\t\t\t\t\t\t\t\t\t\t\t\t<img fetchpriority=\"high\" decoding=\"async\" width=\"768\" height=\"1024\" src=\"https:\/\/tourinformzamardi.hu\/wp-content\/uploads\/2025\/03\/Kilato-2-768x1024.jpg\" class=\"attachment-medium_large size-medium_large wp-image-1960\" alt=\"\" srcset=\"https:\/\/tourinformzamardi.hu\/wp-content\/uploads\/2025\/03\/Kilato-2-768x1024.jpg 768w, https:\/\/tourinformzamardi.hu\/wp-content\/uploads\/2025\/03\/Kilato-2-225x300.jpg 225w, https:\/\/tourinformzamardi.hu\/wp-content\/uploads\/2025\/03\/Kilato-2-1152x1536.jpg 1152w, https:\/\/tourinformzamardi.hu\/wp-content\/uploads\/2025\/03\/Kilato-2-1536x2048.jpg 1536w, https:\/\/tourinformzamardi.hu\/wp-content\/uploads\/2025\/03\/Kilato-2.jpg 1920w\" sizes=\"(max-width: 768px) 100vw, 768px\" \/>\t\t\t\t\t\t\t\t\t\t\t\t\t\t\t<\/div>\n\t\t\t\t<\/div>\n\t\t\t\t\t<\/div>\n\t\t\t\t<\/div>\n\t\t<div class=\"elementor-element elementor-element-e533c8d e-flex e-con-boxed e-con e-parent\" data-id=\"e533c8d\" data-element_type=\"container\" data-e-type=\"container\">\n\t\t\t\t\t<div class=\"e-con-inner\">\n\t\t\t\t<div class=\"elementor-element elementor-element-f21933b elementor-widget elementor-widget-heading\" data-id=\"f21933b\" data-element_type=\"widget\" data-e-type=\"widget\" id=\"szamarko\" data-widget_type=\"heading.default\">\n\t\t\t\t<div class=\"elementor-widget-container\">\n\t\t\t\t\t<h2 class=\"elementor-heading-title elementor-size-default\">Esel Stein<\/h2>\t\t\t\t<\/div>\n\t\t\t\t<\/div>\n\t\t\t\t<div class=\"elementor-element elementor-element-efaece3 elementor-widget elementor-widget-heading\" data-id=\"efaece3\" data-element_type=\"widget\" data-e-type=\"widget\" data-widget_type=\"heading.default\">\n\t\t\t\t<div class=\"elementor-widget-container\">\n\t\t\t\t\t<h2 class=\"elementor-heading-title elementor-size-default\">(oder im Mittelalter \u201e\u00d6rd\u00f6gk\u0151\u201c, \u201eJ\u00e9zus l\u00e9p\u00e9se\u201c) Zam\u00e1rdi, R\u00f3mai \u00fat<\/h2>\t\t\t\t<\/div>\n\t\t\t\t<\/div>\n\t\t\t\t<div class=\"elementor-element elementor-element-b980713 elementor-widget elementor-widget-text-editor\" data-id=\"b980713\" data-element_type=\"widget\" data-e-type=\"widget\" data-widget_type=\"text-editor.default\">\n\t\t\t\t<div class=\"elementor-widget-container\">\n\t\t\t\t\t\t\t\t\t<p><span style=\"font-weight: 400;\">Der Szam\u00e1rk\u0151 ist einer der Felsen im kleinen Wald, die nebeneinander liegen. Auf der dem Balaton zugewandten Seite finden wir einen kleinen Feueraltar, der m\u00f6glicherweise ein Opferaltar der alten Religion darstellt (deshalb wurde er im Mittelalter \u201e\u00d6rd\u00f6gk\u0151\u201c genannt). Arch\u00e4ologen fanden neben ihm kleine G\u00f6ttinnenfiguren und Idole. In Rich\u00e1rd Margittays Reisef\u00fchrer wird er als \u201ewei\u00dfer Pferdeopferstein\u201c bezeichnet. Der dem Weg n\u00e4chstgelegene Felsen ist der Szam\u00e1rk\u0151. Der christliche Glaube hat diesen Ort ebenfalls als \u201eZentrum\u201c anerkannt: Der Legende nach zog das Kind Jesus hier mit seiner Mutter, der Jungfrau Maria, und seinem Vater, dem heiligen Josef, auf einem Esel. Als sie den Felsen erreichten, hielt der Esel an und schnappte nach einem Grasb\u00fcschel, das an der Seite des Felsen wuchs. Dieser Moment wird durch drei Abdr\u00fccke bewahrt: den des Kindes Jesus, den Hufabdruck des Esels und den Abdruck des Stockes von heiligen Josef. In der Volkstradition gibt es keine einzige \u201estandardisierte\u201c Erkl\u00e4rung: Einige alte Leute glaubten, der Felsen sei vom Tihanyi Vulkankrater geworfen worden. Andere sagten, er sei durch die Sintflut hierher gelangt. Wieder andere meinten, die Kreuzritter h\u00e4tten ihn aus dem Heiligen Land gebracht. Geographen best\u00e4tigen jedoch, dass diese Felsen lokal durch vulkanische Nachwirkungen entstanden sind. Wer sowohl die mythologischen, historischen als auch wissenschaftlichen Wahrheiten betrachtet, wird feststellen, dass es keinen wirklichen Widerspruch zwischen ihnen gibt. Symbolisches, bildhaftes und wissenschaftliches Denken erg\u00e4nzen sich und machen diese Landschaft \u00fcberall zu einer Heimat. Am Szam\u00e1rk\u0151 befindet sich ein Ort in Zam\u00e1rdi, der f\u00fcr die Traditionstr\u00e4ger des Boldogasszony-Gedenkens eine geeignete Stelle zur Kontemplation bietet.<\/span><\/p>\t\t\t\t\t\t\t\t<\/div>\n\t\t\t\t<\/div>\n\t\t\t\t<div class=\"elementor-element elementor-element-34dadce elementor-widget elementor-widget-image\" data-id=\"34dadce\" data-element_type=\"widget\" data-e-type=\"widget\" data-widget_type=\"image.default\">\n\t\t\t\t<div class=\"elementor-widget-container\">\n\t\t\t\t\t\t\t\t\t\t\t\t\t\t\t<img decoding=\"async\" src=\"https:\/\/tourinformzamardi.hu\/wp-content\/uploads\/2025\/03\/Szamarko-1.webp\" title=\"Esel Stein\" alt=\"Szam\u00e1rk\u0151\" loading=\"lazy\" \/>\t\t\t\t\t\t\t\t\t\t\t\t\t\t\t<\/div>\n\t\t\t\t<\/div>\n\t\t\t\t\t<\/div>\n\t\t\t\t<\/div>\n\t\t<div class=\"elementor-element elementor-element-997731d e-flex e-con-boxed e-con e-parent\" data-id=\"997731d\" data-element_type=\"container\" data-e-type=\"container\">\n\t\t\t\t\t<div class=\"e-con-inner\">\n\t\t\t\t<div class=\"elementor-element elementor-element-86c574a elementor-widget elementor-widget-heading\" data-id=\"86c574a\" data-element_type=\"widget\" data-e-type=\"widget\" id=\"vizekhaza\" data-widget_type=\"heading.default\">\n\t\t\t\t<div class=\"elementor-widget-container\">\n\t\t\t\t\t<h2 class=\"elementor-heading-title elementor-size-default\">Haus des Wassers Abenteuer Park<\/h2>\t\t\t\t<\/div>\n\t\t\t\t<\/div>\n\t\t\t\t<div class=\"elementor-element elementor-element-fdf9b6b elementor-align-center elementor-icon-list--layout-traditional elementor-list-item-link-full_width elementor-widget elementor-widget-icon-list\" data-id=\"fdf9b6b\" data-element_type=\"widget\" data-e-type=\"widget\" data-widget_type=\"icon-list.default\">\n\t\t\t\t<div class=\"elementor-widget-container\">\n\t\t\t\t\t\t\t<ul class=\"elementor-icon-list-items\">\n\t\t\t\t\t\t\t<li class=\"elementor-icon-list-item\">\n\t\t\t\t\t\t\t\t\t\t\t<a href=\"https:\/\/maps.app.goo.gl\/DYw9sWMpZX3zcR6C6\">\n\n\t\t\t\t\t\t\t\t\t\t\t\t<span class=\"elementor-icon-list-icon\">\n\t\t\t\t\t\t\t<svg aria-hidden=\"true\" class=\"e-font-icon-svg e-fas-map-marker\" viewbox=\"0 0 384 512\" xmlns=\"http:\/\/www.w3.org\/2000\/svg\"><path d=\"M172.268 501.67C26.97 291.031 0 269.413 0 192 0 85.961 85.961 0 192 0s192 85.961 192 192c0 77.413-26.97 99.031-172.268 309.67-9.535 13.774-29.93 13.773-39.464 0z\"><\/path><\/svg>\t\t\t\t\t\t<\/span>\n\t\t\t\t\t\t\t\t\t\t<span class=\"elementor-icon-list-text\">Zam\u00e1rdi, Vadkacsa u. (DRV telep mellett)<\/span>\n\t\t\t\t\t\t\t\t\t\t\t<\/a>\n\t\t\t\t\t\t\t\t\t<\/li>\n\t\t\t\t\t\t\t\t<li class=\"elementor-icon-list-item\">\n\t\t\t\t\t\t\t\t\t\t\t<a href=\"mailto:vizekhaza@drv.hu\">\n\n\t\t\t\t\t\t\t\t\t\t\t\t<span class=\"elementor-icon-list-icon\">\n\t\t\t\t\t\t\t<svg aria-hidden=\"true\" class=\"e-font-icon-svg e-fas-envelope\" viewbox=\"0 0 512 512\" xmlns=\"http:\/\/www.w3.org\/2000\/svg\"><path d=\"M502.3 190.8c3.9-3.1 9.7-.2 9.7 4.7V400c0 26.5-21.5 48-48 48H48c-26.5 0-48-21.5-48-48V195.6c0-5 5.7-7.8 9.7-4.7 22.4 17.4 52.1 39.5 154.1 113.6 21.1 15.4 56.7 47.8 92.2 47.6 35.7.3 72-32.8 92.3-47.6 102-74.1 131.6-96.3 154-113.7zM256 320c23.2.4 56.6-29.2 73.4-41.4 132.7-96.3 142.8-104.7 173.4-128.7 5.8-4.5 9.2-11.5 9.2-18.9v-19c0-26.5-21.5-48-48-48H48C21.5 64 0 85.5 0 112v19c0 7.4 3.4 14.3 9.2 18.9 30.6 23.9 40.7 32.4 173.4 128.7 16.8 12.2 50.2 41.8 73.4 41.4z\"><\/path><\/svg>\t\t\t\t\t\t<\/span>\n\t\t\t\t\t\t\t\t\t\t<span class=\"elementor-icon-list-text\">vizekhaza@drv.hu<\/span>\n\t\t\t\t\t\t\t\t\t\t\t<\/a>\n\t\t\t\t\t\t\t\t\t<\/li>\n\t\t\t\t\t\t\t\t<li class=\"elementor-icon-list-item\">\n\t\t\t\t\t\t\t\t\t\t\t<a href=\"https:\/\/www.facebook.com\/vizekhaza\">\n\n\t\t\t\t\t\t\t\t\t\t\t\t<span class=\"elementor-icon-list-icon\">\n\t\t\t\t\t\t\t<svg aria-hidden=\"true\" class=\"e-font-icon-svg e-fab-facebook\" viewbox=\"0 0 512 512\" xmlns=\"http:\/\/www.w3.org\/2000\/svg\"><path d=\"M504 256C504 119 393 8 256 8S8 119 8 256c0 123.78 90.69 226.38 209.25 245V327.69h-63V256h63v-54.64c0-62.15 37-96.48 93.67-96.48 27.14 0 55.52 4.84 55.52 4.84v61h-31.28c-30.8 0-40.41 19.12-40.41 38.73V256h68.78l-11 71.69h-57.78V501C413.31 482.38 504 379.78 504 256z\"><\/path><\/svg>\t\t\t\t\t\t<\/span>\n\t\t\t\t\t\t\t\t\t\t<span class=\"elementor-icon-list-text\">V\u00edzek h\u00e1za<\/span>\n\t\t\t\t\t\t\t\t\t\t\t<\/a>\n\t\t\t\t\t\t\t\t\t<\/li>\n\t\t\t\t\t\t\t\t<li class=\"elementor-icon-list-item\">\n\t\t\t\t\t\t\t\t\t\t\t<span class=\"elementor-icon-list-icon\">\n\t\t\t\t\t\t\t<svg aria-hidden=\"true\" class=\"e-font-icon-svg e-fas-phone\" viewbox=\"0 0 512 512\" xmlns=\"http:\/\/www.w3.org\/2000\/svg\"><path d=\"M493.4 24.6l-104-24c-11.3-2.6-22.9 3.3-27.5 13.9l-48 112c-4.2 9.8-1.4 21.3 6.9 28l60.6 49.6c-36 76.7-98.9 140.5-177.2 177.2l-49.6-60.6c-6.8-8.3-18.2-11.1-28-6.9l-112 48C3.9 366.5-2 378.1.6 389.4l24 104C27.1 504.2 36.7 512 48 512c256.1 0 464-207.5 464-464 0-11.2-7.7-20.9-18.6-23.4z\"><\/path><\/svg>\t\t\t\t\t\t<\/span>\n\t\t\t\t\t\t\t\t\t\t<span class=\"elementor-icon-list-text\">+36 30 321 8358<\/span>\n\t\t\t\t\t\t\t\t\t<\/li>\n\t\t\t\t\t\t<\/ul>\n\t\t\t\t\t\t<\/div>\n\t\t\t\t<\/div>\n\t\t\t\t<div class=\"elementor-element elementor-element-aab4fce elementor-widget elementor-widget-text-editor\" data-id=\"aab4fce\" data-element_type=\"widget\" data-e-type=\"widget\" data-widget_type=\"text-editor.default\">\n\t\t\t\t<div class=\"elementor-widget-container\">\n\t\t\t\t\t\t\t\t\t<p><span style=\"font-weight: 400;\">Das Erlebnispark ist zugleich ein \u201ew\u00e4ssriger\u201c Spielplatz, auf dem wir einen Springbrunnen mit dem Fahrrad aktivieren oder Schleusen bet\u00e4tigen k\u00f6nnen. Wir k\u00f6nnen die R\u00e4der drehen, wie es auch eine Wasserm\u00fchle tut, ein Wasserleitungsnetz bauen und entlang des \u201eWasserwegs\u201c spazieren.<\/span><span style=\"font-weight: 400;\"><br \/><\/span><span style=\"font-weight: 400;\">Im Ausstellungsraum erfahren wir Interessantes \u00fcber den Balaton, sein Einzugsgebiet, die Trinkwasserversorgung und die Abwasserbehandlung, das durch farbenfrohe Grafiken und interaktive Pr\u00e4sentationen noch unterhaltsamer wird. Es gibt sogar die M\u00f6glichkeit, durch ein Mikroskop zu schauen!<\/span><span style=\"font-weight: 400;\"><br \/><\/span><span style=\"font-weight: 400;\">Neben dem Erlebnispark befindet sich das T\u00f6reki Naturschutzgebiet, in dem wir einen Naturlehrpfad begehen k\u00f6nnen. Zudem k\u00f6nnen Fahrr\u00e4der im Erlebnispark gemietet werden, mit denen wir die T\u00f6reki Teiche umrunden k\u00f6nnen. <\/span><\/p>\t\t\t\t\t\t\t\t<\/div>\n\t\t\t\t<\/div>\n\t\t\t\t<div class=\"elementor-element elementor-element-675b969 elementor-arrows-position-inside elementor-pagination-position-outside elementor-widget elementor-widget-image-carousel\" data-id=\"675b969\" data-element_type=\"widget\" data-e-type=\"widget\" data-settings=\"{&quot;slides_to_show&quot;:&quot;1&quot;,&quot;navigation&quot;:&quot;both&quot;,&quot;autoplay&quot;:&quot;yes&quot;,&quot;pause_on_hover&quot;:&quot;yes&quot;,&quot;pause_on_interaction&quot;:&quot;yes&quot;,&quot;autoplay_speed&quot;:5000,&quot;infinite&quot;:&quot;yes&quot;,&quot;effect&quot;:&quot;slide&quot;,&quot;speed&quot;:500}\" data-widget_type=\"image-carousel.default\">\n\t\t\t\t<div class=\"elementor-widget-container\">\n\t\t\t\t\t\t\t<div class=\"elementor-image-carousel-wrapper swiper\" role=\"region\" aria-roledescription=\"carousel\" aria-label=\"K\u00e9p k\u00f6rhinta\" dir=\"ltr\">\n\t\t\t<div class=\"elementor-image-carousel swiper-wrapper\" aria-live=\"off\">\n\t\t\t\t\t\t\t\t<div class=\"swiper-slide\" role=\"group\" aria-roledescription=\"slide\" aria-label=\"1 \/ 4\"><figure class=\"swiper-slide-inner\"><img decoding=\"async\" class=\"swiper-slide-image\" src=\"https:\/\/tourinformzamardi.hu\/wp-content\/uploads\/2025\/03\/Vizek-haza-2-1.webp\" alt=\"Vizek h\u00e1za 2\" \/><\/figure><\/div><div class=\"swiper-slide\" role=\"group\" aria-roledescription=\"slide\" aria-label=\"2 \/ 4\"><figure class=\"swiper-slide-inner\"><img decoding=\"async\" class=\"swiper-slide-image\" src=\"https:\/\/tourinformzamardi.hu\/wp-content\/uploads\/2025\/03\/Vizek-haza-3-1.webp\" alt=\"Vizek h\u00e1za 3\" \/><\/figure><\/div><div class=\"swiper-slide\" role=\"group\" aria-roledescription=\"slide\" aria-label=\"3 \/ 4\"><figure class=\"swiper-slide-inner\"><img decoding=\"async\" class=\"swiper-slide-image\" src=\"https:\/\/tourinformzamardi.hu\/wp-content\/uploads\/2025\/03\/Vizek-haza-1.webp\" alt=\"Vizek h\u00e1za\" \/><\/figure><\/div><div class=\"swiper-slide\" role=\"group\" aria-roledescription=\"slide\" aria-label=\"4 \/ 4\"><figure class=\"swiper-slide-inner\"><img decoding=\"async\" class=\"swiper-slide-image\" src=\"https:\/\/tourinformzamardi.hu\/wp-content\/uploads\/2025\/03\/Vizek-haza-4-1.webp\" alt=\"Vizek h\u00e1za 4\" \/><\/figure><\/div>\t\t\t<\/div>\n\t\t\t\t\t\t\t\t\t\t\t\t<div class=\"elementor-swiper-button elementor-swiper-button-prev\" role=\"button\" tabindex=\"0\">\n\t\t\t\t\t\t<svg aria-hidden=\"true\" class=\"e-font-icon-svg e-eicon-chevron-left\" viewbox=\"0 0 1000 1000\" xmlns=\"http:\/\/www.w3.org\/2000\/svg\"><path d=\"M646 125C629 125 613 133 604 142L308 442C296 454 292 471 292 487 292 504 296 521 308 533L604 854C617 867 629 875 646 875 663 875 679 871 692 858 704 846 713 829 713 812 713 796 708 779 692 767L438 487 692 225C700 217 708 204 708 187 708 171 704 154 692 142 675 129 663 125 646 125Z\"><\/path><\/svg>\t\t\t\t\t<\/div>\n\t\t\t\t\t<div class=\"elementor-swiper-button elementor-swiper-button-next\" role=\"button\" tabindex=\"0\">\n\t\t\t\t\t\t<svg aria-hidden=\"true\" class=\"e-font-icon-svg e-eicon-chevron-right\" viewbox=\"0 0 1000 1000\" xmlns=\"http:\/\/www.w3.org\/2000\/svg\"><path d=\"M696 533C708 521 713 504 713 487 713 471 708 454 696 446L400 146C388 133 375 125 354 125 338 125 325 129 313 142 300 154 292 171 292 187 292 204 296 221 308 233L563 492 304 771C292 783 288 800 288 817 288 833 296 850 308 863 321 871 338 875 354 875 371 875 388 867 400 854L696 533Z\"><\/path><\/svg>\t\t\t\t\t<\/div>\n\t\t\t\t\n\t\t\t\t\t\t\t\t\t<div class=\"swiper-pagination\"><\/div>\n\t\t\t\t\t\t\t\t\t<\/div>\n\t\t\t\t\t\t<\/div>\n\t\t\t\t<\/div>\n\t\t\t\t\t<\/div>\n\t\t\t\t<\/div>\n\t\t<div class=\"elementor-element elementor-element-4b51a08 e-flex e-con-boxed e-con e-parent\" data-id=\"4b51a08\" data-element_type=\"container\" data-e-type=\"container\">\n\t\t\t\t\t<div class=\"e-con-inner\">\n\t\t\t\t<div class=\"elementor-element elementor-element-c1f9a98 elementor-widget elementor-widget-heading\" data-id=\"c1f9a98\" data-element_type=\"widget\" data-e-type=\"widget\" id=\"tajhaz\" data-widget_type=\"heading.default\">\n\t\t\t\t<div class=\"elementor-widget-container\">\n\t\t\t\t\t<h2 class=\"elementor-heading-title elementor-size-default\">Landhaus<\/h2>\t\t\t\t<\/div>\n\t\t\t\t<\/div>\n\t\t\t\t<div class=\"elementor-element elementor-element-c732907 elementor-widget elementor-widget-heading\" data-id=\"c732907\" data-element_type=\"widget\" data-e-type=\"widget\" data-widget_type=\"heading.default\">\n\t\t\t\t<div class=\"elementor-widget-container\">\n\t\t\t\t\t<h2 class=\"elementor-heading-title elementor-size-default\">Zam\u00e1rdi, F\u0151 u.83.<\/h2>\t\t\t\t<\/div>\n\t\t\t\t<\/div>\n\t\t\t\t<div class=\"elementor-element elementor-element-0e88a88 elementor-widget elementor-widget-text-editor\" data-id=\"0e88a88\" data-element_type=\"widget\" data-e-type=\"widget\" data-widget_type=\"text-editor.default\">\n\t\t\t\t<div class=\"elementor-widget-container\">\n\t\t\t\t\t\t\t\t\t<p><strong>Anmeldung f\u00fcr Gruppen:<\/strong><\/p>\t\t\t\t\t\t\t\t<\/div>\n\t\t\t\t<\/div>\n\t\t\t\t<div class=\"elementor-element elementor-element-f9006aa elementor-align-center elementor-icon-list--layout-traditional elementor-list-item-link-full_width elementor-widget elementor-widget-icon-list\" data-id=\"f9006aa\" data-element_type=\"widget\" data-e-type=\"widget\" data-widget_type=\"icon-list.default\">\n\t\t\t\t<div class=\"elementor-widget-container\">\n\t\t\t\t\t\t\t<ul class=\"elementor-icon-list-items\">\n\t\t\t\t\t\t\t<li class=\"elementor-icon-list-item\">\n\t\t\t\t\t\t\t\t\t\t\t<span class=\"elementor-icon-list-icon\">\n\t\t\t\t\t\t\t<svg aria-hidden=\"true\" class=\"e-font-icon-svg e-fas-phone\" viewbox=\"0 0 512 512\" xmlns=\"http:\/\/www.w3.org\/2000\/svg\"><path d=\"M493.4 24.6l-104-24c-11.3-2.6-22.9 3.3-27.5 13.9l-48 112c-4.2 9.8-1.4 21.3 6.9 28l60.6 49.6c-36 76.7-98.9 140.5-177.2 177.2l-49.6-60.6c-6.8-8.3-18.2-11.1-28-6.9l-112 48C3.9 366.5-2 378.1.6 389.4l24 104C27.1 504.2 36.7 512 48 512c256.1 0 464-207.5 464-464 0-11.2-7.7-20.9-18.6-23.4z\"><\/path><\/svg>\t\t\t\t\t\t<\/span>\n\t\t\t\t\t\t\t\t\t\t<span class=\"elementor-icon-list-text\">+36 84 345 290<\/span>\n\t\t\t\t\t\t\t\t\t<\/li>\n\t\t\t\t\t\t<\/ul>\n\t\t\t\t\t\t<\/div>\n\t\t\t\t<\/div>\n\t\t\t\t<div class=\"elementor-element elementor-element-f413fd8 elementor-widget elementor-widget-text-editor\" data-id=\"f413fd8\" data-element_type=\"widget\" data-e-type=\"widget\" data-widget_type=\"text-editor.default\">\n\t\t\t\t<div class=\"elementor-widget-container\">\n\t\t\t\t\t\t\t\t\t<p><span style=\"font-weight: 400;\">Nyitvatart\u00e1s: (j\u00fanius 15-augusztus 31.) keddt\u0151l vas\u00e1rnapig 9:00-12:00 \u00f3r\u00e1ig. H\u00e9tf\u0151 &#8211; sz\u00fcnnap<br \/>Eintrittskarte: Erwachsene: 200 HUF, Sch\u00fcler, Gruppen (mind. 15 Personen): 150 HUF<br \/>Familienkarte (2 Erwachsene + 2 Kinder): 500 HUF<br \/><\/span>Kleinkind: bis 6 Jahre kostenlos<\/p><p><span style=\"font-weight: 400;\">Die T\u00e1jh\u00e1z (Haus des Heimathauses) ist als Zeugnis der alten H\u00e4user der Hauptstra\u00dfe erhalten geblieben, nachdem es 1974 von der Gemeinde gekauft und 1975 von der Nationalen Denkmalschutzbeh\u00f6rde in seiner urspr\u00fcnglichen Form restauriert wurde. Das Haus wurde 1847 erbaut, der Architekt war Benedek Friesz. Das Datum ist noch immer auf dem Hauptbalken des ersten Raumes zu lesen. (Die Familie Friesz geh\u00f6rte zu den Leibeigenen, die von Abt L\u00e9cs \u00c1goston aus Tihany hierher gebracht wurden.) Das Haus ist ein typisches, mit S\u00e4ulen verzierter Balaton-Bau. Die W\u00e4nde sind 80-100 cm dick und bestehen aus Schwalbenschwanzmauerwerk, das mit Erde als Bindemittel gebaut wurde. Ein archaisches Merkmal ist, dass jedes Zimmer vom \u00fcberdachten Verandarahmen aus zug\u00e4nglich ist.\nDas Haus wurde 1977 als Museum er\u00f6ffnet. Leider befinden sich nicht die alten Sammlungen von Zam\u00e1rdi, die unter der Leitung von Geschichtslehrer Piller Dezs\u0151 gesammelt wurden, sondern Objekte des Somogyer Museums aus anderen, nicht-zam\u00e1rdi Regionen, die jedoch im historischen Stil der Region gefertigt wurden. Im zweiten Raum finden im Sommer regelm\u00e4\u00dfig thematische Sonderausstellungen statt. Ab 2025 ist es dort der \u201eGanz Herz\u201d-Sammlung\u201c.<br \/>Das Highlight der ehemaligen rauchigen K\u00fcche ist der offene Schornstein, der den Rauch sammelte und gr\u00f6\u00dftenteils aus dem Raum ableitete. (Von der K\u00fcche aus wurden auch die \u00d6fen in den beiden anderen Zimmern beheizt.) Der vierte Raum wurde von den Museologen als Stall eingerichtet, aber wie in vielen anderen ungarischen D\u00f6rfern war der Stall eigentlich ein separates Geb\u00e4ude und nicht angrenzend an ein Zimmer. Zum Anwesen geh\u00f6rte ein Stall, Schuppen, ein Misthaufen, ein Gem\u00fcsegarten, ein Obstgarten und ein Kohlgarten. Die H\u00f6hlen auf der n\u00f6rdlichen Seite der Stra\u00dfe reichten vor der Eisenbahnbauzeit bis zum Schilfg\u00fcrtel des Ufers. Der Zaun der Stra\u00dfe erinnert an das 19. Jahrhundert.<br \/><\/span>A pal\u00e1nkker\u00edt\u00e9s ment\u00e9n h\u00faz\u00f3d\u00f3 <strong data-start=\"109\" data-end=\"197\">Tettrek\u00e9szek utc\u00e1ja <\/strong>igazi \u00e9lm\u00e9ny minden koroszt\u00e1lynak. Itt a kicsik \u00e9s nagyok egyar\u00e1nt kipr\u00f3b\u00e1lhatj\u00e1k azokat a n\u00e9pi \u00e9s t\u00f6rt\u00e9nelmi \u00fcgyess\u00e9gi feladatokat, amelyek egykor a mindennapi \u00e9let szerves r\u00e9sz\u00e9t alkott\u00e1k.<br \/>A l\u00e1togat\u00f3k t\u00f6bbek k\u00f6z\u00f6tt v\u00edzhord\u00e1ssal, horg\u00e1szattal, kardforgat\u00e1ssal tehetik pr\u00f3b\u00e1ra \u00fcgyess\u00e9g\u00fcket, de a vid\u00e1m kih\u00edv\u00e1sok sora ezzel m\u00e9g nem \u00e9r v\u00e9get&#8230;\u00a0<br \/>A j\u00e1t\u00e9kos feladatok k\u00f6z\u00f6tt szerepel p\u00e9ld\u00e1ul: gumimatrac felf\u00faj\u00e1sa l\u00e1bpump\u00e1val, vagy \u00e9ppen annak kider\u00edt\u00e9se, mennyire ismerj\u00fck a h\u00e1zi\u00e1llatokat \u00e9s azok kicsinyeit.<br \/>A Tettrek\u00e9szek utc\u00e1ja izgalmas, interakt\u00edv \u00e9lm\u00e9nyt k\u00edn\u00e1l \u2013 ahol a sz\u00f3rakoz\u00e1s k\u00f6zben \u00e9szrev\u00e9tlen\u00fcl tanulhatunk is a r\u00e9gm\u00falt mindennapjair\u00f3l.<\/p>\t\t\t\t\t\t\t\t<\/div>\n\t\t\t\t<\/div>\n\t\t\t\t<div class=\"elementor-element elementor-element-96bbb39 elementor-arrows-position-inside elementor-pagination-position-outside elementor-widget elementor-widget-image-carousel\" data-id=\"96bbb39\" data-element_type=\"widget\" data-e-type=\"widget\" data-settings=\"{&quot;slides_to_show&quot;:&quot;1&quot;,&quot;navigation&quot;:&quot;both&quot;,&quot;autoplay&quot;:&quot;yes&quot;,&quot;pause_on_hover&quot;:&quot;yes&quot;,&quot;pause_on_interaction&quot;:&quot;yes&quot;,&quot;autoplay_speed&quot;:5000,&quot;infinite&quot;:&quot;yes&quot;,&quot;effect&quot;:&quot;slide&quot;,&quot;speed&quot;:500}\" data-widget_type=\"image-carousel.default\">\n\t\t\t\t<div class=\"elementor-widget-container\">\n\t\t\t\t\t\t\t<div class=\"elementor-image-carousel-wrapper swiper\" role=\"region\" aria-roledescription=\"carousel\" aria-label=\"K\u00e9p k\u00f6rhinta\" dir=\"ltr\">\n\t\t\t<div class=\"elementor-image-carousel swiper-wrapper\" aria-live=\"off\">\n\t\t\t\t\t\t\t\t<div class=\"swiper-slide\" role=\"group\" aria-roledescription=\"slide\" aria-label=\"1 \/ 5\"><figure class=\"swiper-slide-inner\"><img decoding=\"async\" class=\"swiper-slide-image\" src=\"https:\/\/tourinformzamardi.hu\/wp-content\/uploads\/2025\/03\/Tajhaz-1.jpg\" alt=\"T\u00e1jh\u00e1z\" \/><\/figure><\/div><div class=\"swiper-slide\" role=\"group\" aria-roledescription=\"slide\" aria-label=\"2 \/ 5\"><figure class=\"swiper-slide-inner\"><img decoding=\"async\" class=\"swiper-slide-image\" src=\"https:\/\/tourinformzamardi.hu\/wp-content\/uploads\/2025\/03\/Tajhaz2-1.webp\" alt=\"T\u00e1jh\u00e1z2\" \/><\/figure><\/div><div class=\"swiper-slide\" role=\"group\" aria-roledescription=\"slide\" aria-label=\"3 \/ 5\"><figure class=\"swiper-slide-inner\"><img decoding=\"async\" class=\"swiper-slide-image\" src=\"https:\/\/tourinformzamardi.hu\/wp-content\/uploads\/2025\/03\/Tajhaz3-1.webp\" alt=\"T\u00e1jh\u00e1z3\" \/><\/figure><\/div><div class=\"swiper-slide\" role=\"group\" aria-roledescription=\"slide\" aria-label=\"4 \/ 5\"><figure class=\"swiper-slide-inner\"><img decoding=\"async\" class=\"swiper-slide-image\" src=\"https:\/\/tourinformzamardi.hu\/wp-content\/uploads\/2025\/11\/20250911_140805-atal.jpg\" alt=\"20250911_140805-\u00e1tal\" \/><\/figure><\/div><div class=\"swiper-slide\" role=\"group\" aria-roledescription=\"slide\" aria-label=\"5 \/ 5\"><figure class=\"swiper-slide-inner\"><img decoding=\"async\" class=\"swiper-slide-image\" src=\"https:\/\/tourinformzamardi.hu\/wp-content\/uploads\/2025\/11\/20250911_140636-atal.jpg\" alt=\"20250911_140636-\u00e1tal\" \/><\/figure><\/div>\t\t\t<\/div>\n\t\t\t\t\t\t\t\t\t\t\t\t<div class=\"elementor-swiper-button elementor-swiper-button-prev\" role=\"button\" tabindex=\"0\">\n\t\t\t\t\t\t<svg aria-hidden=\"true\" class=\"e-font-icon-svg e-eicon-chevron-left\" viewbox=\"0 0 1000 1000\" xmlns=\"http:\/\/www.w3.org\/2000\/svg\"><path d=\"M646 125C629 125 613 133 604 142L308 442C296 454 292 471 292 487 292 504 296 521 308 533L604 854C617 867 629 875 646 875 663 875 679 871 692 858 704 846 713 829 713 812 713 796 708 779 692 767L438 487 692 225C700 217 708 204 708 187 708 171 704 154 692 142 675 129 663 125 646 125Z\"><\/path><\/svg>\t\t\t\t\t<\/div>\n\t\t\t\t\t<div class=\"elementor-swiper-button elementor-swiper-button-next\" role=\"button\" tabindex=\"0\">\n\t\t\t\t\t\t<svg aria-hidden=\"true\" class=\"e-font-icon-svg e-eicon-chevron-right\" viewbox=\"0 0 1000 1000\" xmlns=\"http:\/\/www.w3.org\/2000\/svg\"><path d=\"M696 533C708 521 713 504 713 487 713 471 708 454 696 446L400 146C388 133 375 125 354 125 338 125 325 129 313 142 300 154 292 171 292 187 292 204 296 221 308 233L563 492 304 771C292 783 288 800 288 817 288 833 296 850 308 863 321 871 338 875 354 875 371 875 388 867 400 854L696 533Z\"><\/path><\/svg>\t\t\t\t\t<\/div>\n\t\t\t\t\n\t\t\t\t\t\t\t\t\t<div class=\"swiper-pagination\"><\/div>\n\t\t\t\t\t\t\t\t\t<\/div>\n\t\t\t\t\t\t<\/div>\n\t\t\t\t<\/div>\n\t\t\t\t\t<\/div>\n\t\t\t\t<\/div>\n\t\t<div class=\"elementor-element elementor-element-c9b8a1a e-flex e-con-boxed e-con e-parent\" data-id=\"c9b8a1a\" data-element_type=\"container\" data-e-type=\"container\">\n\t\t\t\t\t<div class=\"e-con-inner\">\n\t\t\t\t<div class=\"elementor-element elementor-element-171e276 elementor-widget elementor-widget-heading\" data-id=\"171e276\" data-element_type=\"widget\" data-e-type=\"widget\" id=\"vilaghaborukmuzeuma\" data-widget_type=\"heading.default\">\n\t\t\t\t<div class=\"elementor-widget-container\">\n\t\t\t\t\t<h2 class=\"elementor-heading-title elementor-size-default\">Museum der Weltkriege<\/h2>\t\t\t\t<\/div>\n\t\t\t\t<\/div>\n\t\t\t\t<div class=\"elementor-element elementor-element-f0db914 elementor-align-center elementor-icon-list--layout-traditional elementor-list-item-link-full_width elementor-widget elementor-widget-icon-list\" data-id=\"f0db914\" data-element_type=\"widget\" data-e-type=\"widget\" data-widget_type=\"icon-list.default\">\n\t\t\t\t<div class=\"elementor-widget-container\">\n\t\t\t\t\t\t\t<ul class=\"elementor-icon-list-items\">\n\t\t\t\t\t\t\t<li class=\"elementor-icon-list-item\">\n\t\t\t\t\t\t\t\t\t\t\t<a href=\"https:\/\/maps.app.goo.gl\/DwDgoVTGqUYQZgx69\">\n\n\t\t\t\t\t\t\t\t\t\t\t\t<span class=\"elementor-icon-list-icon\">\n\t\t\t\t\t\t\t<svg aria-hidden=\"true\" class=\"e-font-icon-svg e-fas-map-marker\" viewbox=\"0 0 384 512\" xmlns=\"http:\/\/www.w3.org\/2000\/svg\"><path d=\"M172.268 501.67C26.97 291.031 0 269.413 0 192 0 85.961 85.961 0 192 0s192 85.961 192 192c0 77.413-26.97 99.031-172.268 309.67-9.535 13.774-29.93 13.773-39.464 0z\"><\/path><\/svg>\t\t\t\t\t\t<\/span>\n\t\t\t\t\t\t\t\t\t\t<span class=\"elementor-icon-list-text\">Zam\u00e1rdi-Oberstadt, Si\u00f3foki \u00fat 30\/A.<\/span>\n\t\t\t\t\t\t\t\t\t\t\t<\/a>\n\t\t\t\t\t\t\t\t\t<\/li>\n\t\t\t\t\t\t\t\t<li class=\"elementor-icon-list-item\">\n\t\t\t\t\t\t\t\t\t\t\t<a href=\"tel:+36%2030%20425%208115\">\n\n\t\t\t\t\t\t\t\t\t\t\t\t<span class=\"elementor-icon-list-icon\">\n\t\t\t\t\t\t\t<svg aria-hidden=\"true\" class=\"e-font-icon-svg e-fas-phone\" viewbox=\"0 0 512 512\" xmlns=\"http:\/\/www.w3.org\/2000\/svg\"><path d=\"M493.4 24.6l-104-24c-11.3-2.6-22.9 3.3-27.5 13.9l-48 112c-4.2 9.8-1.4 21.3 6.9 28l60.6 49.6c-36 76.7-98.9 140.5-177.2 177.2l-49.6-60.6c-6.8-8.3-18.2-11.1-28-6.9l-112 48C3.9 366.5-2 378.1.6 389.4l24 104C27.1 504.2 36.7 512 48 512c256.1 0 464-207.5 464-464 0-11.2-7.7-20.9-18.6-23.4z\"><\/path><\/svg>\t\t\t\t\t\t<\/span>\n\t\t\t\t\t\t\t\t\t\t<span class=\"elementor-icon-list-text\">+36 30 425 8115<\/span>\n\t\t\t\t\t\t\t\t\t\t\t<\/a>\n\t\t\t\t\t\t\t\t\t<\/li>\n\t\t\t\t\t\t\t\t<li class=\"elementor-icon-list-item\">\n\t\t\t\t\t\t\t\t\t\t\t<a href=\"https:\/\/www.facebook.com\/vizekhaza\">\n\n\t\t\t\t\t\t\t\t\t\t\t\t<span class=\"elementor-icon-list-icon\">\n\t\t\t\t\t\t\t<svg aria-hidden=\"true\" class=\"e-font-icon-svg e-far-window-close\" viewbox=\"0 0 512 512\" xmlns=\"http:\/\/www.w3.org\/2000\/svg\"><path d=\"M464 32H48C21.5 32 0 53.5 0 80v352c0 26.5 21.5 48 48 48h416c26.5 0 48-21.5 48-48V80c0-26.5-21.5-48-48-48zm0 394c0 3.3-2.7 6-6 6H54c-3.3 0-6-2.7-6-6V86c0-3.3 2.7-6 6-6h404c3.3 0 6 2.7 6 6v340zM356.5 194.6L295.1 256l61.4 61.4c4.6 4.6 4.6 12.1 0 16.8l-22.3 22.3c-4.6 4.6-12.1 4.6-16.8 0L256 295.1l-61.4 61.4c-4.6 4.6-12.1 4.6-16.8 0l-22.3-22.3c-4.6-4.6-4.6-12.1 0-16.8l61.4-61.4-61.4-61.4c-4.6-4.6-4.6-12.1 0-16.8l22.3-22.3c4.6-4.6 12.1-4.6 16.8 0l61.4 61.4 61.4-61.4c4.6-4.6 12.1-4.6 16.8 0l22.3 22.3c4.7 4.6 4.7 12.1 0 16.8z\"><\/path><\/svg>\t\t\t\t\t\t<\/span>\n\t\t\t\t\t\t\t\t\t\t<span class=\"elementor-icon-list-text\">http:\/\/www.tarrkamilitaria.hu\/<\/span>\n\t\t\t\t\t\t\t\t\t\t\t<\/a>\n\t\t\t\t\t\t\t\t\t<\/li>\n\t\t\t\t\t\t<\/ul>\n\t\t\t\t\t\t<\/div>\n\t\t\t\t<\/div>\n\t\t\t\t<div class=\"elementor-element elementor-element-0b26195 elementor-widget elementor-widget-text-editor\" data-id=\"0b26195\" data-element_type=\"widget\" data-e-type=\"widget\" data-widget_type=\"text-editor.default\">\n\t\t\t\t<div class=\"elementor-widget-container\">\n\t\t\t\t\t\t\t\t\t<p><span style=\"font-weight: 400;\">Privatsammlung mit Relikten aus dem Ersten und Zweiten Weltkrieg.<\/span><\/p>\t\t\t\t\t\t\t\t<\/div>\n\t\t\t\t<\/div>\n\t\t\t\t<div class=\"elementor-element elementor-element-5a20ea7 elementor-arrows-position-inside elementor-pagination-position-outside elementor-widget elementor-widget-image-carousel\" data-id=\"5a20ea7\" data-element_type=\"widget\" data-e-type=\"widget\" data-settings=\"{&quot;slides_to_show&quot;:&quot;1&quot;,&quot;navigation&quot;:&quot;both&quot;,&quot;autoplay&quot;:&quot;yes&quot;,&quot;pause_on_hover&quot;:&quot;yes&quot;,&quot;pause_on_interaction&quot;:&quot;yes&quot;,&quot;autoplay_speed&quot;:5000,&quot;infinite&quot;:&quot;yes&quot;,&quot;effect&quot;:&quot;slide&quot;,&quot;speed&quot;:500}\" data-widget_type=\"image-carousel.default\">\n\t\t\t\t<div class=\"elementor-widget-container\">\n\t\t\t\t\t\t\t<div class=\"elementor-image-carousel-wrapper swiper\" role=\"region\" aria-roledescription=\"carousel\" aria-label=\"K\u00e9p k\u00f6rhinta\" dir=\"ltr\">\n\t\t\t<div class=\"elementor-image-carousel swiper-wrapper\" aria-live=\"off\">\n\t\t\t\t\t\t\t\t<div class=\"swiper-slide\" role=\"group\" aria-roledescription=\"slide\" aria-label=\"1 \/ 7\"><figure class=\"swiper-slide-inner\"><img decoding=\"async\" class=\"swiper-slide-image\" src=\"https:\/\/tourinformzamardi.hu\/wp-content\/uploads\/2025\/06\/ZAMARDI_VILAGHABORUK_MUZEUMA_20250516_NandorLang_LR53991_HD-atal-768x513.jpg\" alt=\"ZAMARDI_VILAGHABORUK_MUZEUMA_20250516_NandorLang_LR53991_HD-\u00e1tal\" \/><\/figure><\/div><div class=\"swiper-slide\" role=\"group\" aria-roledescription=\"slide\" aria-label=\"2 \/ 7\"><figure class=\"swiper-slide-inner\"><img decoding=\"async\" class=\"swiper-slide-image\" src=\"https:\/\/tourinformzamardi.hu\/wp-content\/uploads\/2025\/06\/ZAMARDI_VILAGHABORUK_MUZEUMA_20250516_NandorLang_LR53975_HD-atal-768x513.jpg\" alt=\"ZAMARDI_VILAGHABORUK_MUZEUMA_20250516_NandorLang_LR53975_HD-\u00e1tal\" \/><\/figure><\/div><div class=\"swiper-slide\" role=\"group\" aria-roledescription=\"slide\" aria-label=\"3 \/ 7\"><figure class=\"swiper-slide-inner\"><img decoding=\"async\" class=\"swiper-slide-image\" src=\"https:\/\/tourinformzamardi.hu\/wp-content\/uploads\/2025\/06\/ZAMARDI_VILAGHABORUK_MUZEUMA_20250516_NandorLang_LR53958_HD-atal-768x513.jpg\" alt=\"ZAMARDI_VILAGHABORUK_MUZEUMA_20250516_NandorLang_LR53958_HD-\u00e1tal\" \/><\/figure><\/div><div class=\"swiper-slide\" role=\"group\" aria-roledescription=\"slide\" aria-label=\"4 \/ 7\"><figure class=\"swiper-slide-inner\"><img decoding=\"async\" class=\"swiper-slide-image\" src=\"https:\/\/tourinformzamardi.hu\/wp-content\/uploads\/2025\/06\/ZAMARDI_VILAGHABORUK_MUZEUMA_20250516_NandorLang_LR53948_HD-atal-768x513.jpg\" alt=\"ZAMARDI_VILAGHABORUK_MUZEUMA_20250516_NandorLang_LR53948_HD-\u00e1tal\" \/><\/figure><\/div><div class=\"swiper-slide\" role=\"group\" aria-roledescription=\"slide\" aria-label=\"5 \/ 7\"><figure class=\"swiper-slide-inner\"><img decoding=\"async\" class=\"swiper-slide-image\" src=\"https:\/\/tourinformzamardi.hu\/wp-content\/uploads\/2025\/06\/ZAMARDI_VILAGHABORUK_MUZEUMA_20250516_NandorLang_LR53896_HD-atal-768x513.jpg\" alt=\"ZAMARDI_VILAGHABORUK_MUZEUMA_20250516_NandorLang_LR53896_HD-\u00e1tal\" \/><\/figure><\/div><div class=\"swiper-slide\" role=\"group\" aria-roledescription=\"slide\" aria-label=\"6 \/ 7\"><figure class=\"swiper-slide-inner\"><img decoding=\"async\" class=\"swiper-slide-image\" src=\"https:\/\/tourinformzamardi.hu\/wp-content\/uploads\/2025\/06\/ZAMARDI_VILAGHABORUK_MUZEUMA_20250516_NandorLang_LR53938_HD-atal.jpg\" alt=\"ZAMARDI_VILAGHABORUK_MUZEUMA_20250516_NandorLang_LR53938_HD-\u00e1tal\" \/><\/figure><\/div><div class=\"swiper-slide\" role=\"group\" aria-roledescription=\"slide\" aria-label=\"7 \/ 7\"><figure class=\"swiper-slide-inner\"><img decoding=\"async\" class=\"swiper-slide-image\" src=\"https:\/\/tourinformzamardi.hu\/wp-content\/uploads\/2025\/06\/ZAMARDI_VILAGHABORUK_MUZEUMA_20250516_NandorLang_LR53888_HD-atal-768x513.jpg\" alt=\"ZAMARDI_VILAGHABORUK_MUZEUMA_20250516_NandorLang_LR53888_HD-\u00e1tal\" \/><\/figure><\/div>\t\t\t<\/div>\n\t\t\t\t\t\t\t\t\t\t\t\t<div class=\"elementor-swiper-button elementor-swiper-button-prev\" role=\"button\" tabindex=\"0\">\n\t\t\t\t\t\t<svg aria-hidden=\"true\" class=\"e-font-icon-svg e-eicon-chevron-left\" viewbox=\"0 0 1000 1000\" xmlns=\"http:\/\/www.w3.org\/2000\/svg\"><path d=\"M646 125C629 125 613 133 604 142L308 442C296 454 292 471 292 487 292 504 296 521 308 533L604 854C617 867 629 875 646 875 663 875 679 871 692 858 704 846 713 829 713 812 713 796 708 779 692 767L438 487 692 225C700 217 708 204 708 187 708 171 704 154 692 142 675 129 663 125 646 125Z\"><\/path><\/svg>\t\t\t\t\t<\/div>\n\t\t\t\t\t<div class=\"elementor-swiper-button elementor-swiper-button-next\" role=\"button\" tabindex=\"0\">\n\t\t\t\t\t\t<svg aria-hidden=\"true\" class=\"e-font-icon-svg e-eicon-chevron-right\" viewbox=\"0 0 1000 1000\" xmlns=\"http:\/\/www.w3.org\/2000\/svg\"><path d=\"M696 533C708 521 713 504 713 487 713 471 708 454 696 446L400 146C388 133 375 125 354 125 338 125 325 129 313 142 300 154 292 171 292 187 292 204 296 221 308 233L563 492 304 771C292 783 288 800 288 817 288 833 296 850 308 863 321 871 338 875 354 875 371 875 388 867 400 854L696 533Z\"><\/path><\/svg>\t\t\t\t\t<\/div>\n\t\t\t\t\n\t\t\t\t\t\t\t\t\t<div class=\"swiper-pagination\"><\/div>\n\t\t\t\t\t\t\t\t\t<\/div>\n\t\t\t\t\t\t<\/div>\n\t\t\t\t<\/div>\n\t\t\t\t\t<\/div>\n\t\t\t\t<\/div>\n\t\t<div class=\"elementor-element elementor-element-d7a0ab6 e-flex e-con-boxed e-con e-parent\" data-id=\"d7a0ab6\" data-element_type=\"container\" data-e-type=\"container\">\n\t\t\t\t\t<div class=\"e-con-inner\">\n\t\t\t\t<div class=\"elementor-element elementor-element-306d357 elementor-widget elementor-widget-heading\" data-id=\"306d357\" data-element_type=\"widget\" data-e-type=\"widget\" id=\"templom\" data-widget_type=\"heading.default\">\n\t\t\t\t<div class=\"elementor-widget-container\">\n\t\t\t\t\t<h2 class=\"elementor-heading-title elementor-size-default\">Unsere Kirche, Kapellen und heiligen St\u00e4tten<\/h2>\t\t\t\t<\/div>\n\t\t\t\t<\/div>\n\t\t\t\t<div class=\"elementor-element elementor-element-d7451dc elementor-widget elementor-widget-heading\" data-id=\"d7451dc\" data-element_type=\"widget\" data-e-type=\"widget\" data-widget_type=\"heading.default\">\n\t\t\t\t<div class=\"elementor-widget-container\">\n\t\t\t\t\t<h2 class=\"elementor-heading-title elementor-size-default\">PFARRKIRCHE Zam\u00e1rdi, F\u0151 u.22.<\/h2>\t\t\t\t<\/div>\n\t\t\t\t<\/div>\n\t\t\t\t<div class=\"elementor-element elementor-element-0fdf951 elementor-widget elementor-widget-text-editor\" data-id=\"0fdf951\" data-element_type=\"widget\" data-e-type=\"widget\" data-widget_type=\"text-editor.default\">\n\t\t\t\t<div class=\"elementor-widget-container\">\n\t\t\t\t\t\t\t\t\t<p style=\"font-weight: 400;\">Zam\u00e1rdi wurde 1740\u201341 auf Initiative des Abtes von Tihany, Villebald Grass\u00f3, und dann mit dem Flei\u00df seines Nachfolgers \u00c1goston L\u00e9cs am Standort des ehemaligen Zam\u00e1rd in der N\u00e4he des Plattensees neu gegr\u00fcndet. F\u00fcr die ersten Bewohner signalisierte lediglich ein Glockenturm den Beginn festlicher Zeremonien, das Geheimnis der Verkl\u00e4rung sowie Zeit, Tod und andere au\u00dfergew\u00f6hnliche Ereignisse. Der Bau unserer Pfarrkirche, die noch heute steht, ist Abt S\u00e1muel Vajda zu verdanken. Der Bau begann im Jahr 1771, die Kirche wurde 1774 am Fest Mari\u00e4 Himmelfahrt geweiht und seitdem ist dieser Tag der Abschieds- und offizielle Feiertag von Zam\u00e1rdi. Die Schutzpatronin der Stadt ist die Jungfrau Maria, K\u00f6nigin der Engel, aber unsere Schutzheiligen sind auch der Heilige Josef und der Heilige Johannes der T\u00e4ufer. Ihre Statue ist auf dem Altar zu sehen. Der Altar ist ein Werk von Gy\u00f6rgy Lingzer, einem Maler aus Feh\u00e9rv\u00e1r. Das Altarbild zeigt die Geburt der Jungfrau Maria. \u00dcber der Kanzel befindet sich eine Statue des Erzengels Michael mit einer brennenden Fackel. Die Segnung all dessen fand im Jahr 1779 statt. Das Gem\u00e4lde des Heiligen Vendel \u00fcber dem Taufbecken und der Sakristeit\u00fcr ist ein Denkmal: Es scheint, als ob der zum Hirten gewordene Prinz auf dem L\u00f6ssh\u00fcgel von Zam\u00e1rdi betete, und hinter ihm stellte der Maler das stilisierte Geb\u00e4ude der Abtei von Tihany und ein Detail von Badacsony dar. Bei diesem Bild k\u00f6nnte es sich um das Bild des Votivseitenaltars des Heiligen Wendel gehandelt haben. Kurz zum Grund des Gel\u00fcbdes: Im Jahr 1755 verw\u00fcstete eine schreckliche Viehpest das Dorf, 188 Rinder starben, und durch den Biss eines tollw\u00fctigen Hundes soll sich die gesamte Herde infiziert haben. Auch die meisten Zugtiere starben. Von da an feierten die Einwohner von Zam\u00e1rdi den Wendeltag bis ins 13. Jahrhundert als Votivfeiertag und schlachteten an diesem Tag ihr Vieh nicht.<\/p><p style=\"font-weight: 400;\">Der einst mit Holzschindeln gedeckte Kirchturm brannte 1905 durch einen Brand in der benachbarten Kantorenwohnung ab, die Glocken schmolzen. Die neuen Glocken wurden vom Abt von Tihany, Cipri\u00e1n Halbik, gegossen. Die gr\u00f6\u00dfte dieser drei Glocken wurde 1944 von den Pfeilkreuzlern f\u00fcr Kriegszwecke beschlagnahmt. Die neue gro\u00dfe Glocke konnte dank des Eifers des Gemeindepfarrers Gy\u00f6rgy Kocsi und der Gro\u00dfz\u00fcgigkeit des Besitzers der nahegelegenen Villa J\u00f3zsef Vona fertiggestellt werden. Nat\u00fcrlich waren auch Spenden der Gl\u00e4ubigen erforderlich. Es \u201elebt\u201c seit dem 20. August 2006 im Turm. Es wurde in der Werkstatt von Mikl\u00f3s Gombos in \u00d3rbotty\u00e1n hergestellt, von B\u00e9la Bal\u00e1s, Bischof von Kaposv\u00e1r, geweiht und wiegt 625 kg. Seit 1999 verf\u00fcgt unsere Kirche \u00fcber eine Turmuhr.<\/p><p style=\"font-weight: 400;\">Die Kirche und die Pfarrei von Zam\u00e1rdi wurden bis 1951 \u2013 der zweiten gewaltsamen Aufl\u00f6sung der M\u00f6nchsorden \u2013 von den Benediktinerm\u00f6nchen der Abtei Tihany betreut, die zur Erzabtei Pannonhalma des Ordens des Heiligen Benedikt geh\u00f6rte. Zwischen 1951 und 1993 geh\u00f6rte es zum Bistum Veszpr\u00e9m und von da an zum neu gegr\u00fcndeten Bistum Kaposv\u00e1r.<\/p>\t\t\t\t\t\t\t\t<\/div>\n\t\t\t\t<\/div>\n\t\t\t\t<div class=\"elementor-element elementor-element-f1934e0 elementor-widget elementor-widget-heading\" data-id=\"f1934e0\" data-element_type=\"widget\" data-e-type=\"widget\" data-widget_type=\"heading.default\">\n\t\t\t\t<div class=\"elementor-widget-container\">\n\t\t\t\t\t<h2 class=\"elementor-heading-title elementor-size-default\">Die Orgel in unserer Pfarrkirche<\/h2>\t\t\t\t<\/div>\n\t\t\t\t<\/div>\n\t\t\t\t<div class=\"elementor-element elementor-element-f957727 elementor-widget elementor-widget-text-editor\" data-id=\"f957727\" data-element_type=\"widget\" data-e-type=\"widget\" data-widget_type=\"text-editor.default\">\n\t\t\t\t<div class=\"elementor-widget-container\">\n\t\t\t\t\t\t\t\t\t<p><span style=\"font-weight: 400;\">Die erste Orgel war von 1786 bis Anfang Dezember 1944 in Betrieb, als eine Einheit der Roten Armee eine Artilleriebeobachtungsstelle im Turm errichtete und die Soldaten die Orgel demontierten und sie \u201ezum gr\u00f6\u00dferen Ruhm des sowjetischen Geistes verbrannten\u201c. Dank des beharrlichen organisatorischen Einsatzes von Pfarrer Gy\u00f6rgy Kocsi erhielt die barocke Kirche 2010 eine w\u00fcrdige Orgel. Die Orgel selbst wurde 2009 gebaut. Sie wurde gemeinsam von den Mitarbeitern der Orgelbaufirma P\u00e9csi Orgona\u00e9p\u00edt\u0151 Manufakt\u00fara Kft. und dem weltber\u00fchmten franz\u00f6sischen Orgelbauer Bertrand Cattiaux entworfen und gebaut. Das Instrument wiegt 2340 kg. Das Orgelwerk hat eine rein mechanische Spiel- und Registertraktur. Die Orgel hat 1030 Pfeifen, darunter 37 Frontpfeifen, 820 Innenzinkpfeifen, 63 Holzpfeifen und 110 Sprachpfeifen. Die Stimmungsh\u00f6he betr\u00e4gt 415 Hz\/18\u00b0. In Ungarn, aber auch in Mittel-Europa, ist es die erste franz\u00f6sische Barockorgel in Zam\u00e1rdi. Sie eignet sich sowohl f\u00fcr franz\u00f6sische als auch f\u00fcr deutsche Werke. Die Weihe der Orgel fand am 27. Juni 2010, dem Tag des heiligen K\u00f6nig Ladislaus, in Anwesenheit von Hunderten von Feiernden statt und wurde von Dr. N\u00e1ndor Tak\u00e1cs, dem emeritierten Bischof von Sz\u00e9kesfeh\u00e9rv\u00e1r, durchgef\u00fchrt. Das Er\u00f6ffnungskonzert wurde von den Professoren der Musikakademie, Ruppert Istv\u00e1n, Fassang L\u00e1szl\u00f3, P\u00e1l\u00far J\u00e1nos sowie dem Orgelvirtuosen Kov\u00e1ts P\u00e9ter, gegeben. Seitdem besuchen regelm\u00e4\u00dfig die Professoren, K\u00fcnstler und Kunststudenten dieses Instrument, um darauf zu spielen und verbreiten so den guten Ruf der Orgel in ganz Europa.<\/span><\/p>\t\t\t\t\t\t\t\t<\/div>\n\t\t\t\t<\/div>\n\t\t\t\t<div class=\"elementor-element elementor-element-b7d22eb elementor-arrows-position-inside elementor-pagination-position-outside elementor-widget elementor-widget-image-carousel\" data-id=\"b7d22eb\" data-element_type=\"widget\" data-e-type=\"widget\" data-settings=\"{&quot;slides_to_show&quot;:&quot;1&quot;,&quot;navigation&quot;:&quot;both&quot;,&quot;autoplay&quot;:&quot;yes&quot;,&quot;pause_on_hover&quot;:&quot;yes&quot;,&quot;pause_on_interaction&quot;:&quot;yes&quot;,&quot;autoplay_speed&quot;:5000,&quot;infinite&quot;:&quot;yes&quot;,&quot;effect&quot;:&quot;slide&quot;,&quot;speed&quot;:500}\" data-widget_type=\"image-carousel.default\">\n\t\t\t\t<div class=\"elementor-widget-container\">\n\t\t\t\t\t\t\t<div class=\"elementor-image-carousel-wrapper swiper\" role=\"region\" aria-roledescription=\"carousel\" aria-label=\"K\u00e9p k\u00f6rhinta\" dir=\"ltr\">\n\t\t\t<div class=\"elementor-image-carousel swiper-wrapper\" aria-live=\"off\">\n\t\t\t\t\t\t\t\t<div class=\"swiper-slide\" role=\"group\" aria-roledescription=\"slide\" aria-label=\"1 \/ 4\"><figure class=\"swiper-slide-inner\"><img decoding=\"async\" class=\"swiper-slide-image\" src=\"https:\/\/tourinformzamardi.hu\/wp-content\/uploads\/2025\/03\/Kisboldogasszony-plebaniatemplom-1-768x1024.webp\" alt=\"Kisboldogasszony pl\u00e9b\u00e1niatemplom\" \/><\/figure><\/div><div class=\"swiper-slide\" role=\"group\" aria-roledescription=\"slide\" aria-label=\"2 \/ 4\"><figure class=\"swiper-slide-inner\"><img decoding=\"async\" class=\"swiper-slide-image\" src=\"https:\/\/tourinformzamardi.hu\/wp-content\/uploads\/2025\/06\/ZAMARDI_PLEBANIA_TEMPLOM_20250516_NandorLang_D0527_HD-atal-768x576.jpg\" alt=\"ZAMARDI_PLEBANIA_TEMPLOM_20250516_NandorLang_D0527_HD-\u00e1tal\" \/><\/figure><\/div><div class=\"swiper-slide\" role=\"group\" aria-roledescription=\"slide\" aria-label=\"3 \/ 4\"><figure class=\"swiper-slide-inner\"><img decoding=\"async\" class=\"swiper-slide-image\" src=\"https:\/\/tourinformzamardi.hu\/wp-content\/uploads\/2025\/06\/ZAMARDI_PLEBANIA_TEMPLOM_20250516_NandorLang_LR53458_HD-atal-768x1151.jpg\" alt=\"ZAMARDI_PLEBANIA_TEMPLOM_20250516_NandorLang_LR53458_HD-\u00e1tal\" \/><\/figure><\/div><div class=\"swiper-slide\" role=\"group\" aria-roledescription=\"slide\" aria-label=\"4 \/ 4\"><figure class=\"swiper-slide-inner\"><img decoding=\"async\" class=\"swiper-slide-image\" src=\"https:\/\/tourinformzamardi.hu\/wp-content\/uploads\/2025\/06\/ZAMARDI_PLEBANIA_TEMPLOM_20250516_NandorLang_LR53479_HD-atal-768x513.jpg\" alt=\"ZAMARDI_PLEBANIA_TEMPLOM_20250516_NandorLang_LR53479_HD-\u00e1tal\" \/><\/figure><\/div>\t\t\t<\/div>\n\t\t\t\t\t\t\t\t\t\t\t\t<div class=\"elementor-swiper-button elementor-swiper-button-prev\" role=\"button\" tabindex=\"0\">\n\t\t\t\t\t\t<svg aria-hidden=\"true\" class=\"e-font-icon-svg e-eicon-chevron-left\" viewbox=\"0 0 1000 1000\" xmlns=\"http:\/\/www.w3.org\/2000\/svg\"><path d=\"M646 125C629 125 613 133 604 142L308 442C296 454 292 471 292 487 292 504 296 521 308 533L604 854C617 867 629 875 646 875 663 875 679 871 692 858 704 846 713 829 713 812 713 796 708 779 692 767L438 487 692 225C700 217 708 204 708 187 708 171 704 154 692 142 675 129 663 125 646 125Z\"><\/path><\/svg>\t\t\t\t\t<\/div>\n\t\t\t\t\t<div class=\"elementor-swiper-button elementor-swiper-button-next\" role=\"button\" tabindex=\"0\">\n\t\t\t\t\t\t<svg aria-hidden=\"true\" class=\"e-font-icon-svg e-eicon-chevron-right\" viewbox=\"0 0 1000 1000\" xmlns=\"http:\/\/www.w3.org\/2000\/svg\"><path d=\"M696 533C708 521 713 504 713 487 713 471 708 454 696 446L400 146C388 133 375 125 354 125 338 125 325 129 313 142 300 154 292 171 292 187 292 204 296 221 308 233L563 492 304 771C292 783 288 800 288 817 288 833 296 850 308 863 321 871 338 875 354 875 371 875 388 867 400 854L696 533Z\"><\/path><\/svg>\t\t\t\t\t<\/div>\n\t\t\t\t\n\t\t\t\t\t\t\t\t\t<div class=\"swiper-pagination\"><\/div>\n\t\t\t\t\t\t\t\t\t<\/div>\n\t\t\t\t\t\t<\/div>\n\t\t\t\t<\/div>\n\t\t\t\t<div class=\"elementor-element elementor-element-687d0a5 elementor-widget elementor-widget-heading\" data-id=\"687d0a5\" data-element_type=\"widget\" data-e-type=\"widget\" data-widget_type=\"heading.default\">\n\t\t\t\t<div class=\"elementor-widget-container\">\n\t\t\t\t\t<h2 class=\"elementor-heading-title elementor-size-default\">STATUE DES HEILIGEN JOHANNES VON NEPOMUK\nZam\u00e1rdi, Hauptstra\u00dfe. 22. (Hinter der Pfarrkirche Unserer Lieben Frau von Mari\u00e4 Himmelfahrt)<\/h2>\t\t\t\t<\/div>\n\t\t\t\t<\/div>\n\t\t\t\t<div class=\"elementor-element elementor-element-4093c64 elementor-widget elementor-widget-text-editor\" data-id=\"4093c64\" data-element_type=\"widget\" data-e-type=\"widget\" data-widget_type=\"text-editor.default\">\n\t\t\t\t<div class=\"elementor-widget-container\">\n\t\t\t\t\t\t\t\t\t<p><span style=\"font-weight: 400;\">Zam\u00e1rdi, F\u0151 u. 22. (Kisboldogasszony pl\u00e9b\u00e1niatemplom m\u00f6g\u00f6tt)\nDieses denkmalgesch\u00fctzte Denkmal befindet sich direkt \u00f6stlich der Pfarrkirche, gegen\u00fcber der Pfarrgemeinde, entlang der Stra\u00dfe. Fr\u00fcher war es der Ort f\u00fcr die Mai-Litaneien. Der genaue Zeitpunkt seiner Errichtung ist nicht bekannt. Unsere Vorfahren datieren die Aufstellung der Statue auf die Zeit der erneuten Ansiedlung des Dorfes. Eine bemerkenswerte Geschichte dazu ist, dass im September 1848 kroatische Soldaten, die hier Rast machten, ein requiriertes Ochsenfell aufgespie\u00dft und gegrillt haben, w\u00e4hrend sie auf Ungarisch riefen: <\/span><i><span style=\"font-weight: 400;\">\u201eUngarn ist das kleine Paradies, \u00fcbermorgen werden sie es uns zuschlagen!\u201c<\/span><\/i><span style=\"font-weight: 400;\"> Auch wenn die Soldaten von Jellasics in Bezug auf den \u201e\u00dcbermorgen\u201c nicht recht hatten, so wurde diese \u201eGolgotha-Prophatie\u201c tats\u00e4chlich 1920 f\u00fcr uns erf\u00fcllt.<\/span><\/p>\t\t\t\t\t\t\t\t<\/div>\n\t\t\t\t<\/div>\n\t\t\t\t<div class=\"elementor-element elementor-element-bcfb859 elementor-widget elementor-widget-image\" data-id=\"bcfb859\" data-element_type=\"widget\" data-e-type=\"widget\" data-widget_type=\"image.default\">\n\t\t\t\t<div class=\"elementor-widget-container\">\n\t\t\t\t\t\t\t\t\t\t\t\t\t\t\t<img decoding=\"async\" src=\"https:\/\/tourinformzamardi.hu\/wp-content\/uploads\/2025\/03\/Nepomuki-Szent-Janos-szobor-1.webp\" title=\"Nepomuki Szent J\u00e1nos szobor\" alt=\"Nepomuki Szent J\u00e1nos szobor\" loading=\"lazy\" \/>\t\t\t\t\t\t\t\t\t\t\t\t\t\t\t<\/div>\n\t\t\t\t<\/div>\n\t\t\t\t<div class=\"elementor-element elementor-element-de2fe7e elementor-widget elementor-widget-heading\" data-id=\"de2fe7e\" data-element_type=\"widget\" data-e-type=\"widget\" data-widget_type=\"heading.default\">\n\t\t\t\t<div class=\"elementor-widget-container\">\n\t\t\t\t\t<h2 class=\"elementor-heading-title elementor-size-default\">Resort-Kapelle\nZam\u00e1rdi, Pet\u0151fi Stra\u00dfe.<\/h2>\t\t\t\t<\/div>\n\t\t\t\t<\/div>\n\t\t\t\t<div class=\"elementor-element elementor-element-a3b0cba elementor-widget elementor-widget-text-editor\" data-id=\"a3b0cba\" data-element_type=\"widget\" data-e-type=\"widget\" data-widget_type=\"text-editor.default\">\n\t\t\t\t<div class=\"elementor-widget-container\">\n\t\t\t\t\t\t\t\t\t<p><span style=\"font-weight: 400;\">In den 1920er Jahren begann das Badeleben in Zam\u00e1rdi zu florieren, und es entstand eine Villa-Bauaktivit\u00e4t im Bereich des Badeortes n\u00f6rdlich der Bahngleise. Besonders die Beamten aus Budapest, \u00f6ffentliche Angestellte und B\u00fcrger der Mittelklasse w\u00e4hlten Zam\u00e1rdi als ihren Erholungsort. In ihnen entstand die Idee, eine Kapelle zu errichten. Es war vor allem Dr. Purebl Gy\u0151z\u0151, ein Universit\u00e4tsprofessor, Stadtrat der Hauptstadt und Ehrenb\u00fcrger von Zam\u00e1rdi, zu verdanken, dass die kleine Kirche, die vom \u201e\u00daj Ember\u201c als \u201ePerle der Ferienkapellen\u201c bezeichnet wurde, bald fertiggestellt wurde. Am 15. August 1929 wurde die Kapelle von Bischof Dr. Rott N\u00e1ndor von Veszpr\u00e9m zu Ehren der Muttergottes von Ungarn geweiht. \u00dcber der T\u00fcr der Kapelle und im Inneren der Kirche helfen die hochwertigen Werke des Bildhauers Marg\u00f3 Ede den Gl\u00e4ubigen, ihre Andacht zu vertiefen. 1999 gaben unsere polnischen Br\u00fcder, die nach dem Zweiten Weltkrieg nach Ungarn gefl\u00fcchtet waren, und die in Zam\u00e1rdi und sp\u00e4ter in Balatonbogl\u00e1r in ihrer Muttersprache eine gymnasiale Ausbildung erhielten, den Zam\u00e1rdiern zur Feier des 50. Jahrestages ihrer Aufnahme ein Fekete Madonna-Gem\u00e4lde als Dankesch\u00f6n. Diese Kopie des Gnadenbildes von Tschenstochau befindet sich ebenfalls in dieser Kapelle. Da die Kapelle in der Sommersaison zu klein f\u00fcr die Besucherzahl wurde, beschloss Pfarrer Kocsi Gy\u00f6rgy, einen Freiluftmessebereich auf dem Grundst\u00fcck zu errichten. Der liturgische Raum wurde 2003 nach den Pl\u00e4nen des Architekten J\u00e1nos Ripsz\u00e1m fertiggestellt und bietet Platz f\u00fcr 350 Personen. Am Altar befinden sich das Kreuz, ein Mosaik, das die Brotvermehrung stilisiert, sowie ein Netz mit Fischen auf dem Ambo, ein Werk des Goldschmiedes Andr\u00e1s Albert. Auf der Fassade des Kantorenhauses ist ein Bronzemadonna-Relief von Mecseki Hargita zu sehen. <\/span><\/p>\t\t\t\t\t\t\t\t<\/div>\n\t\t\t\t<\/div>\n\t\t\t\t<div class=\"elementor-element elementor-element-3386ffe elementor-arrows-position-inside elementor-pagination-position-outside elementor-widget elementor-widget-image-carousel\" data-id=\"3386ffe\" data-element_type=\"widget\" data-e-type=\"widget\" data-settings=\"{&quot;slides_to_show&quot;:&quot;1&quot;,&quot;navigation&quot;:&quot;both&quot;,&quot;autoplay&quot;:&quot;yes&quot;,&quot;pause_on_hover&quot;:&quot;yes&quot;,&quot;pause_on_interaction&quot;:&quot;yes&quot;,&quot;autoplay_speed&quot;:5000,&quot;infinite&quot;:&quot;yes&quot;,&quot;effect&quot;:&quot;slide&quot;,&quot;speed&quot;:500}\" data-widget_type=\"image-carousel.default\">\n\t\t\t\t<div class=\"elementor-widget-container\">\n\t\t\t\t\t\t\t<div class=\"elementor-image-carousel-wrapper swiper\" role=\"region\" aria-roledescription=\"carousel\" aria-label=\"K\u00e9p k\u00f6rhinta\" dir=\"ltr\">\n\t\t\t<div class=\"elementor-image-carousel swiper-wrapper\" aria-live=\"off\">\n\t\t\t\t\t\t\t\t<div class=\"swiper-slide\" role=\"group\" aria-roledescription=\"slide\" aria-label=\"1 \/ 4\"><figure class=\"swiper-slide-inner\"><img decoding=\"async\" class=\"swiper-slide-image\" src=\"https:\/\/tourinformzamardi.hu\/wp-content\/uploads\/2025\/03\/Udulohelyi-kapolna-1-768x432.webp\" alt=\"\u00dcd\u00fcl\u0151helyi k\u00e1polna\" \/><\/figure><\/div><div class=\"swiper-slide\" role=\"group\" aria-roledescription=\"slide\" aria-label=\"2 \/ 4\"><figure class=\"swiper-slide-inner\"><img decoding=\"async\" class=\"swiper-slide-image\" src=\"https:\/\/tourinformzamardi.hu\/wp-content\/uploads\/2025\/06\/ZAMARDI_UDULOHELYI_KAPOLNA_20250516_NandorLang_LR54176_HD-atal-768x513.jpg\" alt=\"ZAMARDI_UDULOHELYI_KAPOLNA_20250516_NandorLang_LR54176_HD-\u00e1tal\" \/><\/figure><\/div><div class=\"swiper-slide\" role=\"group\" aria-roledescription=\"slide\" aria-label=\"3 \/ 4\"><figure class=\"swiper-slide-inner\"><img decoding=\"async\" class=\"swiper-slide-image\" src=\"https:\/\/tourinformzamardi.hu\/wp-content\/uploads\/2025\/06\/ZAMARDI_UDULOHELYI_KAPOLNA_20250516_NandorLang_D0523_HD-atal-768x1152.jpg\" alt=\"ZAMARDI_UDULOHELYI_KAPOLNA_20250516_NandorLang_D0523_HD-\u00e1tal\" \/><\/figure><\/div><div class=\"swiper-slide\" role=\"group\" aria-roledescription=\"slide\" aria-label=\"4 \/ 4\"><figure class=\"swiper-slide-inner\"><img decoding=\"async\" class=\"swiper-slide-image\" src=\"https:\/\/tourinformzamardi.hu\/wp-content\/uploads\/2025\/06\/ZAMARDI_UDULOHELYI_KAPOLNA_20250516_NandorLang_D0501_HD-atal-768x1152.jpg\" alt=\"ZAMARDI_UDULOHELYI_KAPOLNA_20250516_NandorLang_D0501_HD-\u00e1tal\" \/><\/figure><\/div>\t\t\t<\/div>\n\t\t\t\t\t\t\t\t\t\t\t\t<div class=\"elementor-swiper-button elementor-swiper-button-prev\" role=\"button\" tabindex=\"0\">\n\t\t\t\t\t\t<svg aria-hidden=\"true\" class=\"e-font-icon-svg e-eicon-chevron-left\" viewbox=\"0 0 1000 1000\" xmlns=\"http:\/\/www.w3.org\/2000\/svg\"><path d=\"M646 125C629 125 613 133 604 142L308 442C296 454 292 471 292 487 292 504 296 521 308 533L604 854C617 867 629 875 646 875 663 875 679 871 692 858 704 846 713 829 713 812 713 796 708 779 692 767L438 487 692 225C700 217 708 204 708 187 708 171 704 154 692 142 675 129 663 125 646 125Z\"><\/path><\/svg>\t\t\t\t\t<\/div>\n\t\t\t\t\t<div class=\"elementor-swiper-button elementor-swiper-button-next\" role=\"button\" tabindex=\"0\">\n\t\t\t\t\t\t<svg aria-hidden=\"true\" class=\"e-font-icon-svg e-eicon-chevron-right\" viewbox=\"0 0 1000 1000\" xmlns=\"http:\/\/www.w3.org\/2000\/svg\"><path d=\"M696 533C708 521 713 504 713 487 713 471 708 454 696 446L400 146C388 133 375 125 354 125 338 125 325 129 313 142 300 154 292 171 292 187 292 204 296 221 308 233L563 492 304 771C292 783 288 800 288 817 288 833 296 850 308 863 321 871 338 875 354 875 371 875 388 867 400 854L696 533Z\"><\/path><\/svg>\t\t\t\t\t<\/div>\n\t\t\t\t\n\t\t\t\t\t\t\t\t\t<div class=\"swiper-pagination\"><\/div>\n\t\t\t\t\t\t\t\t\t<\/div>\n\t\t\t\t\t\t<\/div>\n\t\t\t\t<\/div>\n\t\t\t\t<div class=\"elementor-element elementor-element-f23025c elementor-widget elementor-widget-heading\" data-id=\"f23025c\" data-element_type=\"widget\" data-e-type=\"widget\" data-widget_type=\"heading.default\">\n\t\t\t\t<div class=\"elementor-widget-container\">\n\t\t\t\t\t<h2 class=\"elementor-heading-title elementor-size-default\">\nKAPELLE DER HELDEN\nZam\u00e1rdi, Egry Stra\u00dfe. (am alten Friedhof)<\/h2>\t\t\t\t<\/div>\n\t\t\t\t<\/div>\n\t\t\t\t<div class=\"elementor-element elementor-element-dede332 elementor-widget elementor-widget-text-editor\" data-id=\"dede332\" data-element_type=\"widget\" data-e-type=\"widget\" data-widget_type=\"text-editor.default\">\n\t\t\t\t<div class=\"elementor-widget-container\">\n\t\t\t\t\t\t\t\t\t<p><span style=\"font-weight: 400;\">Die Kapelle im neobyzantinischen Stil wurde 1929 auf Initiative von Benediktinerpfarrer Laki Benno erbaut und steht auf dem sogenannten Kalvarienberg an der nord\u00f6stlichen Ecke des alten Friedhofs. (Der Friedhof war fr\u00fcher der Standort von Zam\u00e1rdis Freiluftkalvarie.) Die Planung der Kapelle wird Viktor Gecse zugeschrieben. Der patriotische Laki Benno hielt es f\u00fcr wichtig, dass den in verschiedenen Schlachtfeldern des Ersten Weltkriegs gefallenen Soldaten aus Zam\u00e1rdi, Si\u00f3fok und T\u00f3k\u00f6z eine heilige St\u00e4tte errichtet wird, die ihre Erinnerung bewahren soll, mit Christus auf der Fassade, der die Gefallenen zu sich zieht. Leider konnte er die Weihe der kleinen runden Kapelle im Jahr 1934 nicht mehr erleben, er selbst konnte nur hier zur Ruhe betten, sein Grab befindet sich genau gegen\u00fcber dem Eingang in der Mitte. Vor ihm erhebt sich symbolisch das Golgotha-Motiv mit der ersch\u00fctternden Wei\u00dfe der Skulpturen: der gekreuzigte Erl\u00f6ser und die beiden Diebe. Zu beiden Seiten sind auf Marmorplatten in goldenen Buchstaben die Namen der Zam\u00e1rdi-Helden eingraviert: 41 Namen aus dem Ersten Weltkrieg und 38 Namen aus dem Zweiten Weltkrieg. Es war eine sch\u00f6ne Tradition zwischen den beiden Kriegen, dass die Dorfgemeinschaft am Heldensonntag hierher zog, und hier fand die gro\u00dfe Messe f\u00fcr das Seelenheil der Gefallenen statt. Heute gibt es aufgrund des gro\u00dfen L\u00e4rms durch den Bahnhofs- und Stra\u00dfenverkehr keine Messe mehr am Heldensonntag, aber die feierliche Gedenkveranstaltung wird weiterhin j\u00e4hrlich nach der Messe in der Kirche abgehalten. Der Organisator ist der Direktor der Schule, P\u00e9ter Tarr. Im Rahmen dieser Zeremonie wird immer die Liste der Helden vorgelesen.<\/span><\/p>\t\t\t\t\t\t\t\t<\/div>\n\t\t\t\t<\/div>\n\t\t\t\t<div class=\"elementor-element elementor-element-dde3402 elementor-arrows-position-inside elementor-pagination-position-outside elementor-widget elementor-widget-image-carousel\" data-id=\"dde3402\" data-element_type=\"widget\" data-e-type=\"widget\" data-settings=\"{&quot;slides_to_show&quot;:&quot;1&quot;,&quot;navigation&quot;:&quot;both&quot;,&quot;autoplay&quot;:&quot;yes&quot;,&quot;pause_on_hover&quot;:&quot;yes&quot;,&quot;pause_on_interaction&quot;:&quot;yes&quot;,&quot;autoplay_speed&quot;:5000,&quot;infinite&quot;:&quot;yes&quot;,&quot;effect&quot;:&quot;slide&quot;,&quot;speed&quot;:500}\" data-widget_type=\"image-carousel.default\">\n\t\t\t\t<div class=\"elementor-widget-container\">\n\t\t\t\t\t\t\t<div class=\"elementor-image-carousel-wrapper swiper\" role=\"region\" aria-roledescription=\"carousel\" aria-label=\"K\u00e9p k\u00f6rhinta\" dir=\"ltr\">\n\t\t\t<div class=\"elementor-image-carousel swiper-wrapper\" aria-live=\"off\">\n\t\t\t\t\t\t\t\t<div class=\"swiper-slide\" role=\"group\" aria-roledescription=\"slide\" aria-label=\"1 \/ 1\"><figure class=\"swiper-slide-inner\"><img decoding=\"async\" class=\"swiper-slide-image\" src=\"https:\/\/tourinformzamardi.hu\/wp-content\/uploads\/2025\/11\/hosok-kapolnaja-atal-768x576.jpg\" alt=\"h\u0151s\u00f6k k\u00e1poln\u00e1ja-\u00e1tal\" \/><\/figure><\/div>\t\t\t<\/div>\n\t\t\t\t\t<\/div>\n\t\t\t\t\t\t<\/div>\n\t\t\t\t<\/div>\n\t\t\t\t<div class=\"elementor-element elementor-element-74a3da2 elementor-widget elementor-widget-heading\" data-id=\"74a3da2\" data-element_type=\"widget\" data-e-type=\"widget\" data-widget_type=\"heading.default\">\n\t\t\t\t<div class=\"elementor-widget-container\">\n\t\t\t\t\t<h2 class=\"elementor-heading-title elementor-size-default\">ZAM\u00c1RDI STRASSENKREUZER<\/h2>\t\t\t\t<\/div>\n\t\t\t\t<\/div>\n\t\t\t\t<div class=\"elementor-element elementor-element-f96ca8a elementor-widget elementor-widget-text-editor\" data-id=\"f96ca8a\" data-element_type=\"widget\" data-e-type=\"widget\" data-widget_type=\"text-editor.default\">\n\t\t\t\t<div class=\"elementor-widget-container\">\n\t\t\t\t\t\t\t\t\t<p><span style=\"font-weight: 400;\">Vor der Pfarrkirche: Das Kruzifix wurde 1862 von dem Steinmetz Pol\u00e1csek M\u00e1t\u00e9 erstellt.\u00a0<\/span><\/p><p>\u00a0<\/p><p><span style=\"font-weight: 400;\">Das Kreuz am K\u0151hegy: Ebenfalls 1862 erbaut, an der Stelle eines bereits 1777 stehenden Holz-Kreuzes. Inschrift: \"Zur Ehre Gottes 1862.\" (Kreuzd\u0171l\u0151)<\/span><\/p><p>\u00a0<\/p><p><span style=\"font-weight: 400;\">Das Horv\u00e1th-Kreuz: Stammt aus dem Jahr 1855 und befindet sich an der Hauptstra\u00dfe, an der ehemaligen \u00f6stlichen Dorfrandstelle, wo die Horv\u00e1th-Stra\u00dfe zum 7er Weg f\u00fchrt. Es tr\u00e4gt seinen Namen, weil es fr\u00fcher vor dem Horv\u00e1th-Haus stand.\u00a0<\/span><\/p><p>\u00a0<\/p><p><span style=\"font-weight: 400;\">Das Kreuz im Badegebiet: Befindet sich an der Ecke der Stra\u00dfen D\u00f3zsa Gy\u00f6rgy und J\u00f3zsef Attila und wurde zu Beginn der 1930er Jahre von einem Flugzeugoffizier des Ersten Weltkriegs als Dank f\u00fcr seine gesunde R\u00fcckkehr vom Frontdienst aufgestellt.\u00a0<\/span><\/p><p>\u00a0<\/p><p><span style=\"font-weight: 400;\">Das Piros-Kreuz: Aus dem Jahr 1897, aus alm\u00e1di rotem Sandstein gehauen, an der Ecke der Hauptstra\u00dfe und der Sz\u00e9lescsap\u00e1s-Stra\u00dfe. Es wurde durch Spenden finanziert, und w\u00e4hrend des Andocsi-Pilgerfestes verabschiedeten und empfingen die Dorfbewohner hier ihre Pilger. Der Aufbau wurde von der Rosenkranz-Gesellschaft initiiert.\u00a0<\/span><\/p><p>\u00a0<\/p><p><span style=\"font-weight: 400;\">Das Feh\u00e9r-Kreuz im Katyk\u00f3-D\u0171l\u0151: Das wei\u00dfe Kreuz wurde von Kiss Jen\u0151 und seinen S\u00f6hnen Jen\u0151 und J\u00f3zsef gezimmert, und das darauf gemalte Korpus \u2013 ein Bild auf Metall \u2013 wurde von P\u00f6tl Zolt\u00e1n, einem ehemaligen Ingenieur, geschaffen. Es wurde am 8. Juli 2003 von Pfarrer Kocsi Gy\u00f6rgy geweiht.\u00a0<\/span><\/p><p><br \/><br \/><\/p>\t\t\t\t\t\t\t\t<\/div>\n\t\t\t\t<\/div>\n\t\t\t\t<div class=\"elementor-element elementor-element-291e925 elementor-arrows-position-inside elementor-pagination-position-outside elementor-widget elementor-widget-image-carousel\" data-id=\"291e925\" data-element_type=\"widget\" data-e-type=\"widget\" data-settings=\"{&quot;slides_to_show&quot;:&quot;1&quot;,&quot;navigation&quot;:&quot;both&quot;,&quot;autoplay&quot;:&quot;yes&quot;,&quot;pause_on_hover&quot;:&quot;yes&quot;,&quot;pause_on_interaction&quot;:&quot;yes&quot;,&quot;autoplay_speed&quot;:5000,&quot;infinite&quot;:&quot;yes&quot;,&quot;effect&quot;:&quot;slide&quot;,&quot;speed&quot;:500}\" data-widget_type=\"image-carousel.default\">\n\t\t\t\t<div class=\"elementor-widget-container\">\n\t\t\t\t\t\t\t<div class=\"elementor-image-carousel-wrapper swiper\" role=\"region\" aria-roledescription=\"carousel\" aria-label=\"K\u00e9p k\u00f6rhinta\" dir=\"ltr\">\n\t\t\t<div class=\"elementor-image-carousel swiper-wrapper\" aria-live=\"off\">\n\t\t\t\t\t\t\t\t<div class=\"swiper-slide\" role=\"group\" aria-roledescription=\"slide\" aria-label=\"1 \/ 2\"><figure class=\"swiper-slide-inner\"><img decoding=\"async\" class=\"swiper-slide-image\" src=\"https:\/\/tourinformzamardi.hu\/wp-content\/uploads\/2025\/03\/Piros-kereszt-2-768x1024.jpg\" alt=\"Piros kereszt\" \/><\/figure><\/div><div class=\"swiper-slide\" role=\"group\" aria-roledescription=\"slide\" aria-label=\"2 \/ 2\"><figure class=\"swiper-slide-inner\"><img decoding=\"async\" class=\"swiper-slide-image\" src=\"https:\/\/tourinformzamardi.hu\/wp-content\/uploads\/2025\/03\/Kohegyi-kereszt-2-768x1024.jpg\" alt=\"K\u0151hegyi kereszt\" \/><\/figure><\/div>\t\t\t<\/div>\n\t\t\t\t\t\t\t\t\t\t\t\t<div class=\"elementor-swiper-button elementor-swiper-button-prev\" role=\"button\" tabindex=\"0\">\n\t\t\t\t\t\t<svg aria-hidden=\"true\" class=\"e-font-icon-svg e-eicon-chevron-left\" viewbox=\"0 0 1000 1000\" xmlns=\"http:\/\/www.w3.org\/2000\/svg\"><path d=\"M646 125C629 125 613 133 604 142L308 442C296 454 292 471 292 487 292 504 296 521 308 533L604 854C617 867 629 875 646 875 663 875 679 871 692 858 704 846 713 829 713 812 713 796 708 779 692 767L438 487 692 225C700 217 708 204 708 187 708 171 704 154 692 142 675 129 663 125 646 125Z\"><\/path><\/svg>\t\t\t\t\t<\/div>\n\t\t\t\t\t<div class=\"elementor-swiper-button elementor-swiper-button-next\" role=\"button\" tabindex=\"0\">\n\t\t\t\t\t\t<svg aria-hidden=\"true\" class=\"e-font-icon-svg e-eicon-chevron-right\" viewbox=\"0 0 1000 1000\" xmlns=\"http:\/\/www.w3.org\/2000\/svg\"><path d=\"M696 533C708 521 713 504 713 487 713 471 708 454 696 446L400 146C388 133 375 125 354 125 338 125 325 129 313 142 300 154 292 171 292 187 292 204 296 221 308 233L563 492 304 771C292 783 288 800 288 817 288 833 296 850 308 863 321 871 338 875 354 875 371 875 388 867 400 854L696 533Z\"><\/path><\/svg>\t\t\t\t\t<\/div>\n\t\t\t\t\n\t\t\t\t\t\t\t\t\t<div class=\"swiper-pagination\"><\/div>\n\t\t\t\t\t\t\t\t\t<\/div>\n\t\t\t\t\t\t<\/div>\n\t\t\t\t<\/div>\n\t\t\t\t<div class=\"elementor-element elementor-element-06d97ec elementor-widget elementor-widget-heading\" data-id=\"06d97ec\" data-element_type=\"widget\" data-e-type=\"widget\" data-widget_type=\"heading.default\">\n\t\t\t\t<div class=\"elementor-widget-container\">\n\t\t\t\t\t<h2 class=\"elementor-heading-title elementor-size-default\">EISERNES KREUZ\nZam\u00e1rdi, am Ende der tatarischen Invasion<\/h2>\t\t\t\t<\/div>\n\t\t\t\t<\/div>\n\t\t\t\t<div class=\"elementor-element elementor-element-fc1d549 elementor-widget elementor-widget-text-editor\" data-id=\"fc1d549\" data-element_type=\"widget\" data-e-type=\"widget\" data-widget_type=\"text-editor.default\">\n\t\t\t\t<div class=\"elementor-widget-container\">\n\t\t\t\t\t\t\t\t\t<p><span style=\"font-weight: 400;\">Im Wald, am Ende der breiten Lichtung namens Tat\u00e1rcsap\u00e1s, etwa 2 km vom Dorf entfernt, steht das Kreuz auf einer leichten Anh\u00f6he. Der Name \u201eTat\u00e1rcsap\u00e1s\u201c bewahrt die Erinnerung an die Krimtataren, die im Mittelalter das zerst\u00f6rte Zam\u00e1rdi \u00fcberfielen und durch diese Lichtung zogen. Die Inschrift des Kreuzes lautet: <\/span><i><span style=\"font-weight: 400;\">\u201eZum Gedenken an das 100-j\u00e4hrige Vaterland. Errichtet von der Gemeinde Zam\u00e1rdi und dem Tihanyer Abtei 1896.\u201c<\/span><\/i><span style=\"font-weight: 400;\"> Es steht auf einem Ziegelsteinfundament und ist aus Schmiedeeisen gefertigt, was das handwerkliche K\u00f6nnen eines Schmiedes aus Kapoly preist. Fr\u00fcher wurde es von vier Lindenb\u00e4umen bewacht, heute sind nur noch ihre Nachkommen verstreut in der Umgebung zu finden.\nDas Vaskereszt ist ein beliebtes Ausflugsziel f\u00fcr die Einwohner von Zam\u00e1rdi, zum Beispiel besuchen sie es jedes Jahr am Dreik\u00f6nigstag, um den drei Weisen zu folgen, und die Kinder suchen in der dichten Vegetation nach der versteckten Krippe von Bethlehem. Der Ort ist auch ein Stopp auf der Zeitreise der Johannisnacht, die bis in die Zeit der Landnahme zur\u00fcckreicht. In der N\u00e4he des Gedenkorts befindet sich das Grabmal von Szab\u00f3 L\u00e1szl\u00f3, einem jungen und fr\u00fch verstorbenen Freund aus Zam\u00e1rdi, der das Wandern und Reisen liebte. Es ist ein geschnitzter Grabstein, der von seinen Freunden aus Liebe zu ihm errichtet wurde.<br \/>2025-ben a Vaskereszt m\u00f6g\u00f6tt kialak\u00edtottak egy bar\u00e1ts\u00e1gos, hangulatos eml\u00e9khelyet, amely a magyar t\u00f6rt\u00e9nelem kiemelked\u0151 pillanatainak \u00e1ll\u00edt eml\u00e9ket, \u00e9s ahol b\u00edzunk benne, hogy minden l\u00e1togat\u00f3 felemel\u0151 \u00e9lm\u00e9nyekkel gazdagodik.<br \/>Az eml\u00e9khely \u00f6tletgazd\u00e1ja: Font\u00e1nyi Zsolt.<\/span><\/p>\t\t\t\t\t\t\t\t<\/div>\n\t\t\t\t<\/div>\n\t\t\t\t<div class=\"elementor-element elementor-element-f885625 elementor-align-center elementor-widget elementor-widget-button\" data-id=\"f885625\" data-element_type=\"widget\" data-e-type=\"widget\" data-widget_type=\"button.default\">\n\t\t\t\t<div class=\"elementor-widget-container\">\n\t\t\t\t\t\t\t\t\t<div class=\"elementor-button-wrapper\">\n\t\t\t\t\t<a class=\"elementor-button elementor-button-link elementor-size-sm\" href=\"https:\/\/tourinformzamardi.hu\/de\/vaskereszt-torteneti-attekintes\/\">\n\t\t\t\t\t\t<span class=\"elementor-button-content-wrapper\">\n\t\t\t\t\t\t\t\t\t<span class=\"elementor-button-text\">Kattints ide<\/span>\n\t\t\t\t\t<\/span>\n\t\t\t\t\t<\/a>\n\t\t\t\t<\/div>\n\t\t\t\t\t\t\t\t<\/div>\n\t\t\t\t<\/div>\n\t\t\t\t<div class=\"elementor-element elementor-element-50d84c9 elementor-arrows-position-inside elementor-pagination-position-outside elementor-widget elementor-widget-image-carousel\" data-id=\"50d84c9\" data-element_type=\"widget\" data-e-type=\"widget\" data-settings=\"{&quot;slides_to_show&quot;:&quot;1&quot;,&quot;navigation&quot;:&quot;both&quot;,&quot;autoplay&quot;:&quot;yes&quot;,&quot;pause_on_hover&quot;:&quot;yes&quot;,&quot;pause_on_interaction&quot;:&quot;yes&quot;,&quot;autoplay_speed&quot;:5000,&quot;infinite&quot;:&quot;yes&quot;,&quot;effect&quot;:&quot;slide&quot;,&quot;speed&quot;:500}\" data-widget_type=\"image-carousel.default\">\n\t\t\t\t<div class=\"elementor-widget-container\">\n\t\t\t\t\t\t\t<div class=\"elementor-image-carousel-wrapper swiper\" role=\"region\" aria-roledescription=\"carousel\" aria-label=\"K\u00e9p k\u00f6rhinta\" dir=\"ltr\">\n\t\t\t<div class=\"elementor-image-carousel swiper-wrapper\" aria-live=\"off\">\n\t\t\t\t\t\t\t\t<div class=\"swiper-slide\" role=\"group\" aria-roledescription=\"slide\" aria-label=\"1 \/ 4\"><figure class=\"swiper-slide-inner\"><img decoding=\"async\" class=\"swiper-slide-image\" src=\"https:\/\/tourinformzamardi.hu\/wp-content\/uploads\/2025\/03\/Vaskereszt2-1-768x1024.webp\" alt=\"Vaskereszt2\" \/><\/figure><\/div><div class=\"swiper-slide\" role=\"group\" aria-roledescription=\"slide\" aria-label=\"2 \/ 4\"><figure class=\"swiper-slide-inner\"><img decoding=\"async\" class=\"swiper-slide-image\" src=\"https:\/\/tourinformzamardi.hu\/wp-content\/uploads\/2025\/03\/Vaskereszt-1-768x576.webp\" alt=\"Vaskereszt\" \/><\/figure><\/div><div class=\"swiper-slide\" role=\"group\" aria-roledescription=\"slide\" aria-label=\"3 \/ 4\"><figure class=\"swiper-slide-inner\"><img decoding=\"async\" class=\"swiper-slide-image\" src=\"https:\/\/tourinformzamardi.hu\/wp-content\/uploads\/2025\/11\/20251115_103154-atal-768x1024.jpg\" alt=\"20251115_103154-\u00e1tal\" \/><\/figure><\/div><div class=\"swiper-slide\" role=\"group\" aria-roledescription=\"slide\" aria-label=\"4 \/ 4\"><figure class=\"swiper-slide-inner\"><img decoding=\"async\" class=\"swiper-slide-image\" src=\"https:\/\/tourinformzamardi.hu\/wp-content\/uploads\/2025\/11\/20251115_103309-tal-768x576.jpg\" alt=\"20251115_103309-tal\" \/><\/figure><\/div>\t\t\t<\/div>\n\t\t\t\t\t\t\t\t\t\t\t\t<div class=\"elementor-swiper-button elementor-swiper-button-prev\" role=\"button\" tabindex=\"0\">\n\t\t\t\t\t\t<svg aria-hidden=\"true\" class=\"e-font-icon-svg e-eicon-chevron-left\" viewbox=\"0 0 1000 1000\" xmlns=\"http:\/\/www.w3.org\/2000\/svg\"><path d=\"M646 125C629 125 613 133 604 142L308 442C296 454 292 471 292 487 292 504 296 521 308 533L604 854C617 867 629 875 646 875 663 875 679 871 692 858 704 846 713 829 713 812 713 796 708 779 692 767L438 487 692 225C700 217 708 204 708 187 708 171 704 154 692 142 675 129 663 125 646 125Z\"><\/path><\/svg>\t\t\t\t\t<\/div>\n\t\t\t\t\t<div class=\"elementor-swiper-button elementor-swiper-button-next\" role=\"button\" tabindex=\"0\">\n\t\t\t\t\t\t<svg aria-hidden=\"true\" class=\"e-font-icon-svg e-eicon-chevron-right\" viewbox=\"0 0 1000 1000\" xmlns=\"http:\/\/www.w3.org\/2000\/svg\"><path d=\"M696 533C708 521 713 504 713 487 713 471 708 454 696 446L400 146C388 133 375 125 354 125 338 125 325 129 313 142 300 154 292 171 292 187 292 204 296 221 308 233L563 492 304 771C292 783 288 800 288 817 288 833 296 850 308 863 321 871 338 875 354 875 371 875 388 867 400 854L696 533Z\"><\/path><\/svg>\t\t\t\t\t<\/div>\n\t\t\t\t\n\t\t\t\t\t\t\t\t\t<div class=\"swiper-pagination\"><\/div>\n\t\t\t\t\t\t\t\t\t<\/div>\n\t\t\t\t\t\t<\/div>\n\t\t\t\t<\/div>\n\t\t\t\t<div class=\"elementor-element elementor-element-b5f28f3 elementor-widget elementor-widget-heading\" data-id=\"b5f28f3\" data-element_type=\"widget\" data-e-type=\"widget\" data-widget_type=\"heading.default\">\n\t\t\t\t<div class=\"elementor-widget-container\">\n\t\t\t\t\t<h2 class=\"elementor-heading-title elementor-size-default\">Gedenkkreuz\nZam\u00e1rdi, Pusztai-Del\u0151<\/h2>\t\t\t\t<\/div>\n\t\t\t\t<\/div>\n\t\t\t\t<div class=\"elementor-element elementor-element-5250c08 elementor-widget elementor-widget-text-editor\" data-id=\"5250c08\" data-element_type=\"widget\" data-e-type=\"widget\" data-widget_type=\"text-editor.default\">\n\t\t\t\t<div class=\"elementor-widget-container\">\n\t\t\t\t\t\t\t\t\t<p><span style=\"font-weight: 400;\">S\u00fcdlich von Zam\u00e1rdi, auf einem H\u00fcgel, umgeben von Obstg\u00e4rten und Feldern, steht das Eml\u00e9kkereszt im Pusztai-d\u0171l\u0151. Im Mittelalter gab es mehrere kleine D\u00f6rfer in Zam\u00e1rdi, und an dieser Stelle befand sich die Kirche von Egyh\u00e1zas-Zam\u00e1rd. Wahrscheinlich war dies das bedeutendste der D\u00f6rfer. (An der heutigen Hauptstra\u00dfe verlief einst das Ufer von Balaton-Zam\u00e1rd.) Egyh\u00e1zas-Zam\u00e1rd wurde um 1594 w\u00e4hrend des F\u00fcnfzehnj\u00e4hrigen Krieges zerst\u00f6rt. Der \u00dcberlieferung nach wurde das Dorf in der Heiligen Nacht von einer Krimtatar-Einheit, die als Hilfstruppen der T\u00fcrken k\u00e4mpfte, \u00fcberfallen. Die Bewohner der Kirche wurden verbrannt, und das Feuer zerst\u00f6rte das gesamte Dorf. Das Kreuz wurde im Fr\u00fchjahr 1993 von der \u201eVereinigung f\u00fcr Zam\u00e1rdi\u201c errichtet.<\/span><\/p>\t\t\t\t\t\t\t\t<\/div>\n\t\t\t\t<\/div>\n\t\t\t\t<div class=\"elementor-element elementor-element-32a73fc elementor-widget elementor-widget-image\" data-id=\"32a73fc\" data-element_type=\"widget\" data-e-type=\"widget\" data-widget_type=\"image.default\">\n\t\t\t\t<div class=\"elementor-widget-container\">\n\t\t\t\t\t\t\t\t\t\t\t\t\t\t\t<img decoding=\"async\" width=\"768\" height=\"1663\" src=\"https:\/\/tourinformzamardi.hu\/wp-content\/uploads\/2025\/03\/Emlekkereszt-768x1663.jpg\" class=\"attachment-medium_large size-medium_large wp-image-1947\" alt=\"\" srcset=\"https:\/\/tourinformzamardi.hu\/wp-content\/uploads\/2025\/03\/Emlekkereszt-768x1663.jpg 768w, https:\/\/tourinformzamardi.hu\/wp-content\/uploads\/2025\/03\/Emlekkereszt-139x300.jpg 139w, https:\/\/tourinformzamardi.hu\/wp-content\/uploads\/2025\/03\/Emlekkereszt-473x1024.jpg 473w, https:\/\/tourinformzamardi.hu\/wp-content\/uploads\/2025\/03\/Emlekkereszt-709x1536.jpg 709w, https:\/\/tourinformzamardi.hu\/wp-content\/uploads\/2025\/03\/Emlekkereszt-946x2048.jpg 946w, https:\/\/tourinformzamardi.hu\/wp-content\/uploads\/2025\/03\/Emlekkereszt.jpg 1182w\" sizes=\"(max-width: 768px) 100vw, 768px\" \/>\t\t\t\t\t\t\t\t\t\t\t\t\t\t\t<\/div>\n\t\t\t\t<\/div>\n\t\t\t\t\t<\/div>\n\t\t\t\t<\/div>\n\t\t<div class=\"elementor-element elementor-element-b933f09 e-flex e-con-boxed e-con e-parent\" data-id=\"b933f09\" data-element_type=\"container\" data-e-type=\"container\">\n\t\t\t\t\t<div class=\"e-con-inner\">\n\t\t\t\t<div class=\"elementor-element elementor-element-3949ae7 elementor-widget elementor-widget-heading\" data-id=\"3949ae7\" data-element_type=\"widget\" data-e-type=\"widget\" id=\"emlekmu\" data-widget_type=\"heading.default\">\n\t\t\t\t<div class=\"elementor-widget-container\">\n\t\t\t\t\t<h2 class=\"elementor-heading-title elementor-size-default\">\nDENKM\u00c4LER, GEDENKST\u00c4TTEN\n<\/h2>\t\t\t\t<\/div>\n\t\t\t\t<\/div>\n\t\t\t\t<div class=\"elementor-element elementor-element-889d04c elementor-widget elementor-widget-heading\" data-id=\"889d04c\" data-element_type=\"widget\" data-e-type=\"widget\" data-widget_type=\"heading.default\">\n\t\t\t\t<div class=\"elementor-widget-container\">\n\t\t\t\t\t<h2 class=\"elementor-heading-title elementor-size-default\">Denkmal f\u00fcr die zivilen Opfer des Zweiten Weltkriegs\nZam\u00e1rdi, F\u0151 u. 115. vor dem Geb\u00e4ude<\/h2>\t\t\t\t<\/div>\n\t\t\t\t<\/div>\n\t\t\t\t<div class=\"elementor-element elementor-element-322e001 elementor-widget elementor-widget-text-editor\" data-id=\"322e001\" data-element_type=\"widget\" data-e-type=\"widget\" data-widget_type=\"text-editor.default\">\n\t\t\t\t<div class=\"elementor-widget-container\">\n\t\t\t\t\t\t\t\t\t<p><span style=\"font-weight: 400;\">Es befindet sich direkt hinter der Nepomuki Johannes-Statue in Richtung des Schulhofs, entlang des Gehwegs. Die Weihe fand am \u201eHelden-Sonntag\u201c 2013 statt. Die Organisation des Denkmals begann aufgrund eines Abgeordnetenantrags und wurde durch Spenden finanziert. Eine wichtige Rolle bei der Durchf\u00fchrung spielte der Leiter der \u201eVereinigung f\u00fcr Zam\u00e1rdi\u201c, Tarr P\u00e9ter. Der gr\u00fcne Stein des Denkmals stammt von Marity Tibor. Der Stein scheint ein geheimnisvoller \u201eSt\u00fcck Wasser\u201c zwischen dieser Welt und der Jenseitswelt zu sein. Auf beiden Seiten standen ein Laubbaum-Weide (dieses Leben) und eine immergr\u00fcne Tanne (das Jenseits), die von dem G\u00e4rtner Dula P\u00e1l gepflegt wurden, um den Vor\u00fcbergehenden an die Inschrift auf der Tafel zu erinnern:<\/span><\/p><p><i><span style=\"font-weight: 400;\">\u201eSie waren Opfer des Krieges und wurden die ewigen Zeugen des Friedens.\u201c<\/span><\/i><\/p><p><span style=\"font-weight: 400;\"> Im Jahr 1944 und 1945 verlor Zam\u00e1rdi 17 Zivilisten aufgrund direkter Kriegsursachen ihr Leben. Einige wurden von den besetzenden Sowjets erschossen, andere starben durch Granaten oder Minenexplosionen. Unter den Opfern waren auch zwei j\u00fcdische B\u00fcrger, die als Opfer des Holocausts in Auschwitz starben.\u00a0<\/span><\/p>\t\t\t\t\t\t\t\t<\/div>\n\t\t\t\t<\/div>\n\t\t\t\t\t<\/div>\n\t\t\t\t<\/div>\n\t\t<div class=\"elementor-element elementor-element-b3b5c14 e-flex e-con-boxed e-con e-parent\" data-id=\"b3b5c14\" data-element_type=\"container\" data-e-type=\"container\">\n\t\t\t\t\t<div class=\"e-con-inner\">\n\t\t\t\t<div class=\"elementor-element elementor-element-3b05846 elementor-widget elementor-widget-image\" data-id=\"3b05846\" data-element_type=\"widget\" data-e-type=\"widget\" data-widget_type=\"image.default\">\n\t\t\t\t<div class=\"elementor-widget-container\">\n\t\t\t\t\t\t\t\t\t\t\t\t\t\t\t<img decoding=\"async\" src=\"https:\/\/tourinformzamardi.hu\/wp-content\/uploads\/2025\/05\/Vilaghaborus-aldozatok.jpeg\" title=\"Vil\u00e1gh\u00e1bor\u00fas \u00e1ldozatok\" alt=\"Vil\u00e1gh\u00e1bor\u00fas \u00e1ldozatok\" loading=\"lazy\" \/>\t\t\t\t\t\t\t\t\t\t\t\t\t\t\t<\/div>\n\t\t\t\t<\/div>\n\t\t\t\t\t<\/div>\n\t\t\t\t<\/div>\n\t\t<div class=\"elementor-element elementor-element-284a467 e-flex e-con-boxed e-con e-parent\" data-id=\"284a467\" data-element_type=\"container\" data-e-type=\"container\">\n\t\t\t\t\t<div class=\"e-con-inner\">\n\t\t\t\t<div class=\"elementor-element elementor-element-ae85853 elementor-widget elementor-widget-heading\" data-id=\"ae85853\" data-element_type=\"widget\" data-e-type=\"widget\" data-widget_type=\"heading.default\">\n\t\t\t\t<div class=\"elementor-widget-container\">\n\t\t\t\t\t<h2 class=\"elementor-heading-title elementor-size-default\">1956 Gedenkstein\nZam\u00e1rdi, F\u0151 u. (Vorplatz der Kirche)<\/h2>\t\t\t\t<\/div>\n\t\t\t\t<\/div>\n\t\t\t\t<div class=\"elementor-element elementor-element-a1a00ec elementor-widget elementor-widget-text-editor\" data-id=\"a1a00ec\" data-element_type=\"widget\" data-e-type=\"widget\" data-widget_type=\"text-editor.default\">\n\t\t\t\t<div class=\"elementor-widget-container\">\n\t\t\t\t\t\t\t\t\t<p><span style=\"font-weight: 400;\">Der Gedenkstein wurde 1994 von den Bewohnern von Zam\u00e1rdi zum Gedenken an die Revolution und den Freiheitskampf aufgestellt. Er befindet sich auf dem Platz vor der Kirche an der Hauptstra\u00dfe. J\u00e4hrlich findet hier eine feierliche Kranzniederlegung statt. Auf der Tafel steht: \u201e1848 \u2013 <\/span><i><span style=\"font-weight: 400;\">\u201aSei deinem Land treu und standhaft, oh Ungar.\u2018 \u2013 1956.\u201c<\/span><\/i><\/p>\t\t\t\t\t\t\t\t<\/div>\n\t\t\t\t<\/div>\n\t\t\t\t<div class=\"elementor-element elementor-element-e6060b2 elementor-widget elementor-widget-image\" data-id=\"e6060b2\" data-element_type=\"widget\" data-e-type=\"widget\" data-widget_type=\"image.default\">\n\t\t\t\t<div class=\"elementor-widget-container\">\n\t\t\t\t\t\t\t\t\t\t\t\t\t\t\t<img decoding=\"async\" src=\"https:\/\/tourinformzamardi.hu\/wp-content\/uploads\/2025\/03\/56-os-emlekko-1.webp\" title=\"56-os eml\u00e9kk\u0151\" alt=\"56-os eml\u00e9kk\u0151\" loading=\"lazy\" \/>\t\t\t\t\t\t\t\t\t\t\t\t\t\t\t<\/div>\n\t\t\t\t<\/div>\n\t\t\t\t\t<\/div>\n\t\t\t\t<\/div>\n\t\t<div class=\"elementor-element elementor-element-fbaeb82 e-flex e-con-boxed e-con e-parent\" data-id=\"fbaeb82\" data-element_type=\"container\" data-e-type=\"container\">\n\t\t\t\t\t<div class=\"e-con-inner\">\n\t\t\t\t<div class=\"elementor-element elementor-element-e285ea0 elementor-widget elementor-widget-heading\" data-id=\"e285ea0\" data-element_type=\"widget\" data-e-type=\"widget\" data-widget_type=\"heading.default\">\n\t\t\t\t<div class=\"elementor-widget-container\">\n\t\t\t\t\t<h2 class=\"elementor-heading-title elementor-size-default\">MAGYAR H\u00c1Z GEDENKST\u00c4TTE\nZam\u00e1rdi, an der Kreuzung F\u0151 u. und Honv\u00e9d u.<\/h2>\t\t\t\t<\/div>\n\t\t\t\t<\/div>\n\t\t\t\t<div class=\"elementor-element elementor-element-fafb457 elementor-widget elementor-widget-text-editor\" data-id=\"fafb457\" data-element_type=\"widget\" data-e-type=\"widget\" data-widget_type=\"text-editor.default\">\n\t\t\t\t<div class=\"elementor-widget-container\">\n\t\t\t\t\t\t\t\t\t<p><span style=\"font-weight: 400;\">Eines der bekanntesten H\u00e4user an der F\u0151 Stra\u00dfe war bis 2004 das ehemalige Gasthaus von Magyar J\u00f3zsef. Sein Andenken wird durch den Stra\u00dfennamen Magyar-h\u00e1z bewahrt. Diese neue Stra\u00dfe entstand nach dem Abriss des Hauses als Fortsetzung der Honv\u00e9d Stra\u00dfe in Richtung R\u00e9tf\u00f6ldi Stra\u00dfe. Das Gasthaus wurde 1914 von Magyar J\u00f3zsef er\u00f6ffnet. Zwischen den beiden Weltkriegen diente es auch als Gasthof mit einigen Zimmern. Der Tradition zufolge sollen auch Ferenc Moln\u00e1r,  S\u00e1ri Fed\u00e1k, Hanna Honthy, Nusi Somogyi, Margit Dayka,   Ilka P\u00e1lmai, Pongr\u00e1c Kacs\u00f3h  hier zu Abend gegessen haben. In den sozialistischen Jahrzehnten wurde das Gasthaus zu einem \u201eVolksladen\u201c und sp\u00e4ter zum Lager der lokalen Gamesz. Im Jahr 2011 errichtete die Stadt ein Denkmal f\u00fcr das ehemalige Gasthaus, basierend auf einer ad-hoc-Idee aus einem Gespr\u00e4ch zwischen einem Abgeordneten und dem B\u00fcrgermeister. Bei der Enth\u00fcllung der Gedenktafel nahmen auch die Nachfahren teil. Heute erinnert ein stilisierter einfacher Tisch mit einer Weinflasche und einem Stuhl sowie ein Weinstock an die alten sch\u00f6nen Zeiten und den guten Zam\u00e1rdi-Wein.<\/span><\/p>\t\t\t\t\t\t\t\t<\/div>\n\t\t\t\t<\/div>\n\t\t\t\t<div class=\"elementor-element elementor-element-e7af9a2 elementor-widget elementor-widget-image\" data-id=\"e7af9a2\" data-element_type=\"widget\" data-e-type=\"widget\" data-widget_type=\"image.default\">\n\t\t\t\t<div class=\"elementor-widget-container\">\n\t\t\t\t\t\t\t\t\t\t\t\t\t\t\t<img decoding=\"async\" src=\"https:\/\/tourinformzamardi.hu\/wp-content\/uploads\/2025\/03\/Magyar-Haz-emlekhely-1.webp\" title=\"Magyar H\u00e1z eml\u00e9khely\" alt=\"Magyar H\u00e1z eml\u00e9khely\" loading=\"lazy\" \/>\t\t\t\t\t\t\t\t\t\t\t\t\t\t\t<\/div>\n\t\t\t\t<\/div>\n\t\t\t\t\t<\/div>\n\t\t\t\t<\/div>\n\t\t<div class=\"elementor-element elementor-element-ba1f6b7 e-flex e-con-boxed e-con e-parent\" data-id=\"ba1f6b7\" data-element_type=\"container\" data-e-type=\"container\">\n\t\t\t\t\t<div class=\"e-con-inner\">\n\t\t\t\t<div class=\"elementor-element elementor-element-1df6002 elementor-widget elementor-widget-heading\" data-id=\"1df6002\" data-element_type=\"widget\" data-e-type=\"widget\" data-widget_type=\"heading.default\">\n\t\t\t\t<div class=\"elementor-widget-container\">\n\t\t\t\t\t<h2 class=\"elementor-heading-title elementor-size-default\">\nMIT DER SCHULE\nZam\u00e1rdi, Hauptstra\u00dfe. 115.<\/h2>\t\t\t\t<\/div>\n\t\t\t\t<\/div>\n\t\t\t\t<div class=\"elementor-element elementor-element-e3d2118 elementor-widget elementor-widget-text-editor\" data-id=\"e3d2118\" data-element_type=\"widget\" data-e-type=\"widget\" data-widget_type=\"text-editor.default\">\n\t\t\t\t<div class=\"elementor-widget-container\">\n\t\t\t\t\t\t\t\t\t<p><span style=\"font-weight: 400;\">Im Jahr 2016 erhielt die Grundschule eine neue Umz\u00e4unung nach einem Vorschlag eines Abgeordneten. An der Au\u00dfenwand des Zauns befinden sich f\u00fcnf Nischen, die bedeutende Ereignisse aus der Geschichte der Gemeinde zeigen.\n1 Nische: Die Namens\u00e4nderungen der Gemeinde von Scamardt bis Zam\u00e1rdi.\n2 Nische: Ein imagin\u00e4res Portr\u00e4t von Baj\u00e1n, dem F\u00fcrsten des Awarenreiches.\n3 Nische: Eine kurze Biographie von Grasso Vileb\u00e1rd, dem Abt von Tihany.\n4 Nische: Ein Portr\u00e4t von L\u00e9cs \u00c1goston, dem Abt von Tihany. (Diese beiden \u00c4bte spielten eine f\u00fchrende Rolle in der Wiedergeburt von Zam\u00e1rdi.)\n5 Nische: Der Schl\u00fcssel der Stadt, da Zam\u00e1rdi seit 2008 eine Stadt ist.<\/span><\/p><p><span style=\"font-weight: 400;\">Az iskola fel\u0151li bels\u0151 oldal\u00e1n a v\u00e9gz\u0151s tanul\u00f3k k\u00e9zlenyomatai, szem\u00e9lyes jelk\u00e9pei l\u00e1that\u00f3k.<br \/>A di\u00e1kok a lenyomatokat saj\u00e1t maguk k\u00e9sz\u00edtik el, \u00edgy hagynak eml\u00e9kjelet iskol\u00e1s ut\u00f3daiknak. <\/span><\/p>\t\t\t\t\t\t\t\t<\/div>\n\t\t\t\t<\/div>\n\t\t\t\t<div class=\"elementor-element elementor-element-07a0bcd elementor-widget elementor-widget-image\" data-id=\"07a0bcd\" data-element_type=\"widget\" data-e-type=\"widget\" data-widget_type=\"image.default\">\n\t\t\t\t<div class=\"elementor-widget-container\">\n\t\t\t\t\t\t\t\t\t\t\t\t\t\t\t<img decoding=\"async\" src=\"https:\/\/tourinformzamardi.hu\/wp-content\/uploads\/2025\/03\/Iskolafal-1.webp\" title=\"Iskolafal\" alt=\"Iskolafal\" loading=\"lazy\" \/>\t\t\t\t\t\t\t\t\t\t\t\t\t\t\t<\/div>\n\t\t\t\t<\/div>\n\t\t\t\t\t<\/div>\n\t\t\t\t<\/div>\n\t\t<div class=\"elementor-element elementor-element-5a06271 e-flex e-con-boxed e-con e-parent\" data-id=\"5a06271\" data-element_type=\"container\" data-e-type=\"container\">\n\t\t\t\t\t<div class=\"e-con-inner\">\n\t\t\t\t<div class=\"elementor-element elementor-element-e6e068a elementor-widget elementor-widget-heading\" data-id=\"e6e068a\" data-element_type=\"widget\" data-e-type=\"widget\" data-widget_type=\"heading.default\">\n\t\t\t\t<div class=\"elementor-widget-container\">\n\t\t\t\t\t<h2 class=\"elementor-heading-title elementor-size-default\">Millenniumsdenkmal\nZam\u00e1rdi, Hauptstra\u00dfe. und Sz\u00e9lescsap\u00e1s Stra\u00dfe \u00dcberschneidung<\/h2>\t\t\t\t<\/div>\n\t\t\t\t<\/div>\n\t\t\t\t<div class=\"elementor-element elementor-element-616e550 elementor-widget elementor-widget-text-editor\" data-id=\"616e550\" data-element_type=\"widget\" data-e-type=\"widget\" data-widget_type=\"text-editor.default\">\n\t\t\t\t<div class=\"elementor-widget-container\">\n\t\t\t\t\t\t\t\t\t<p><span style=\"font-weight: 400;\">Am westlichen Ende des Ortes befindet sich dieses Denkmal. 1995 gr\u00fcndete das Gemeinderatskomitee eine Kommission, um das 1100. Jubil\u00e4um der Landnahme geb\u00fchrend zu feiern. Einen Gro\u00dfteil der organisatorischen und vorbereitenden Arbeit \u00fcbernahmen der stellvertretende B\u00fcrgermeister J\u00e1nos Perj\u00e9si und Istv\u00e1n Sim\u00e1ndi, der damalige Pr\u00e4sident des Vereins \u201eEgyes\u00fclet Zam\u00e1rdi\u00e9rt\u201c. F\u00fcr die Erstellung des Denkmals wurde der Bildhauer Tibor Szerv\u00e1tiusz beauftragt, der pers\u00f6nlich den Stein im Steinbruch von S\u00fctt\u0151 ausw\u00e4hlte. Die Einweihung des Denkmals fand am 19. August 1996 statt. Die Festansprache hielt der mit dem J\u00f3zsef Attila-Preis ausgezeichnete Schriftsteller Gyula Fekete. Die Inschrift des Steins lautet: <\/span><i><span style=\"font-weight: 400;\">\u201e\u0150seinket felhoz\u00e1d K\u00e1rp\u00e1t szent b\u00e9rc\u00e9re \/ \u00c1ltalad nyert sz\u00e9p haz\u00e1t Bendeg\u00faznak v\u00e9re \/ Merre z\u00fagnak habjai Tisz\u00e1nak, Dun\u00e1nak \/ \u00c1rp\u00e1d h\u0151s magzatjai felvir\u00e1goz\u00e1nak.\u201d <\/span><\/i><span style=\"font-weight: 400;\">\u00a0Diese Inschrift ist eine steinerne Kopie des Rakamazi Turul-Vogels, der auf einem Haarreif abgebildet ist. Besonders bei Sommerd\u00e4mmerung \u201eerweckt\u201c der Turul das Leben, wenn die tief stehenden Sonnenstrahlen seine Silhouette betonen. Da die Einweihung des Denkmals mit dem Tag des heiligen Stephans verbunden ist, h\u00e4lt Zam\u00e1rdi seitdem j\u00e4hrlich eine Feier zu Ehren des heiligen K\u00f6nigs an diesem Tag ab. In der N\u00e4he des Denkmals steht die Sz\u00e9chenyi-Linde, die auf Vorschlag des Gemeinschaftshauses <br \/><\/span><span style=\"font-weight: 400;\">von der Stadt im Jahr 2011 zum 150. Todestag des \u201egr\u00f6\u00dften Ungarn\u201c gepflanzt wurde.\u00a0<\/span><\/p>\t\t\t\t\t\t\t\t<\/div>\n\t\t\t\t<\/div>\n\t\t\t\t<div class=\"elementor-element elementor-element-4ab5535 elementor-widget elementor-widget-image\" data-id=\"4ab5535\" data-element_type=\"widget\" data-e-type=\"widget\" data-widget_type=\"image.default\">\n\t\t\t\t<div class=\"elementor-widget-container\">\n\t\t\t\t\t\t\t\t\t\t\t\t\t\t\t<img decoding=\"async\" width=\"768\" height=\"576\" src=\"https:\/\/tourinformzamardi.hu\/wp-content\/uploads\/2025\/03\/Millecentenariumi-emlekmu-768x576.jpg\" class=\"attachment-medium_large size-medium_large wp-image-1956\" alt=\"\" srcset=\"https:\/\/tourinformzamardi.hu\/wp-content\/uploads\/2025\/03\/Millecentenariumi-emlekmu-768x576.jpg 768w, https:\/\/tourinformzamardi.hu\/wp-content\/uploads\/2025\/03\/Millecentenariumi-emlekmu-300x225.jpg 300w, https:\/\/tourinformzamardi.hu\/wp-content\/uploads\/2025\/03\/Millecentenariumi-emlekmu-1024x768.jpg 1024w, https:\/\/tourinformzamardi.hu\/wp-content\/uploads\/2025\/03\/Millecentenariumi-emlekmu-1536x1152.jpg 1536w, https:\/\/tourinformzamardi.hu\/wp-content\/uploads\/2025\/03\/Millecentenariumi-emlekmu-2048x1536.jpg 2048w\" sizes=\"(max-width: 768px) 100vw, 768px\" \/>\t\t\t\t\t\t\t\t\t\t\t\t\t\t\t<\/div>\n\t\t\t\t<\/div>\n\t\t\t\t\t<\/div>\n\t\t\t\t<\/div>\n\t\t<div class=\"elementor-element elementor-element-f862823 e-flex e-con-boxed e-con e-parent\" data-id=\"f862823\" data-element_type=\"container\" data-e-type=\"container\">\n\t\t\t\t\t<div class=\"e-con-inner\">\n\t\t\t\t<div class=\"elementor-element elementor-element-8b47bc1 elementor-widget elementor-widget-heading\" data-id=\"8b47bc1\" data-element_type=\"widget\" data-e-type=\"widget\" data-widget_type=\"heading.default\">\n\t\t\t\t<div class=\"elementor-widget-container\">\n\t\t\t\t\t<h2 class=\"elementor-heading-title elementor-size-default\">\nFEKETE GYULA-GEDENKTAFEL\nZam\u00e1rdi, Honv\u00e9d Stra\u00dfe.<\/h2>\t\t\t\t<\/div>\n\t\t\t\t<\/div>\n\t\t\t\t<div class=\"elementor-element elementor-element-81555ef elementor-widget elementor-widget-text-editor\" data-id=\"81555ef\" data-element_type=\"widget\" data-e-type=\"widget\" data-widget_type=\"text-editor.default\">\n\t\t\t\t<div class=\"elementor-widget-container\">\n\t\t\t\t\t\t\t\t\t<p><span style=\"font-weight: 400;\">Fekete Gyula (1922 \u2013 2010), ein herausragender ungarischer Schriftsteller, verbrachte viele Sommer in Zam\u00e1rdi, und seine Nachkommen besuchen noch immer das Familienferienhaus. Die Gedenktafel f\u00fcr den Schriftsteller wurde 2022 vom K\u00fcnstlerkreis Berkenye Alkot\u00f3k\u00f6r in Zam\u00e1rdi errichtet, dank der Initiative ihrer Vorsitzenden Anna Szak\u00e1li. Fekete Gyula war nicht nur als Schriftsteller bekannt, sondern auch f\u00fcr seinen Vorschlag, 1967 das Elternurlaubsgesetz (GYES) einzuf\u00fchren. Zudem war er aktiv an der politischen Wende beteiligt, zusammen mit anderen namhaften Schriftstellern und Dichtern wie S\u00e1ndor Cso\u00f3ri, S\u00e1ndor Lezs\u00e1k, Istv\u00e1n Csurka und G\u00e1sp\u00e1r Nagy. <\/span><\/p>\t\t\t\t\t\t\t\t<\/div>\n\t\t\t\t<\/div>\n\t\t\t\t\t<\/div>\n\t\t\t\t<\/div>\n\t\t<div class=\"elementor-element elementor-element-36590f9 e-flex e-con-boxed e-con e-parent\" data-id=\"36590f9\" data-element_type=\"container\" data-e-type=\"container\">\n\t\t\t\t\t<div class=\"e-con-inner\">\n\t\t\t\t<div class=\"elementor-element elementor-element-2a2bda0 elementor-widget elementor-widget-heading\" data-id=\"2a2bda0\" data-element_type=\"widget\" data-e-type=\"widget\" data-widget_type=\"heading.default\">\n\t\t\t\t<div class=\"elementor-widget-container\">\n\t\t\t\t\t<h2 class=\"elementor-heading-title elementor-size-default\">Die Gedenktafel und der Umhang von 1848\nZam\u00e1rdi, Freiheitsplatz<\/h2>\t\t\t\t<\/div>\n\t\t\t\t<\/div>\n\t\t\t\t<div class=\"elementor-element elementor-element-7e3590a elementor-widget elementor-widget-text-editor\" data-id=\"7e3590a\" data-element_type=\"widget\" data-e-type=\"widget\" data-widget_type=\"text-editor.default\">\n\t\t\t\t<div class=\"elementor-widget-container\">\n\t\t\t\t\t\t\t\t\t<p><span style=\"font-weight: 400;\">Im Fr\u00fchjahr 1998, auf Vorschlag des Abgeordneten Gyula Cs\u00e1kovics, errichtete die Gemeinde zum 150. Jahrestag des Freiheitskampfes von 1848 eine Gedenktafel und eine Kopja. Die Tafel ehrt die 47 Zam\u00e1rdi-Nationalgarde-Mitglieder. Ihre Namen wurden auf die Gedenktafel eingraviert. Die Steinmetzarbeiten wurden von P\u00e9ter Szil\u00e1gyi durchgef\u00fchrt, w\u00e4hrend die Kopja von P\u00e1l D\u00e9muth, einem Lehrer aus Si\u00f3fok, geschnitzt wurde. Am Ende der st\u00e4dtischen Feierlichkeiten zum 15. M\u00e4rz, nach den Programmen im Gemeinschaftshaus, marschiert eine Fackelprozession hierher, um einen Kranz niederzulegen und die \u201eSz\u00f3zat\u201c zu singen.<\/span><\/p>\t\t\t\t\t\t\t\t<\/div>\n\t\t\t\t<\/div>\n\t\t\t\t<div class=\"elementor-element elementor-element-738dc1a elementor-widget elementor-widget-image\" data-id=\"738dc1a\" data-element_type=\"widget\" data-e-type=\"widget\" data-widget_type=\"image.default\">\n\t\t\t\t<div class=\"elementor-widget-container\">\n\t\t\t\t\t\t\t\t\t\t\t\t\t\t\t<img decoding=\"async\" src=\"https:\/\/tourinformzamardi.hu\/wp-content\/uploads\/2025\/03\/1848-as-kopjafa-1.webp\" title=\"1848-as kopjafa\" alt=\"1848-as kopjafa\" loading=\"lazy\" \/>\t\t\t\t\t\t\t\t\t\t\t\t\t\t\t<\/div>\n\t\t\t\t<\/div>\n\t\t\t\t\t<\/div>\n\t\t\t\t<\/div>\n\t\t<div class=\"elementor-element elementor-element-4a6488b e-flex e-con-boxed e-con e-parent\" data-id=\"4a6488b\" data-element_type=\"container\" data-e-type=\"container\">\n\t\t\t\t\t<div class=\"e-con-inner\">\n\t\t\t\t<div class=\"elementor-element elementor-element-bc72cde elementor-widget elementor-widget-heading\" data-id=\"bc72cde\" data-element_type=\"widget\" data-e-type=\"widget\" data-widget_type=\"heading.default\">\n\t\t\t\t<div class=\"elementor-widget-container\">\n\t\t\t\t\t<h2 class=\"elementor-heading-title elementor-size-default\">R\u00c1K\u00d3CZI-GEDENKSTEIN\nZam\u00e1rdi, Aussichts-Weinberg<\/h2>\t\t\t\t<\/div>\n\t\t\t\t<\/div>\n\t\t\t\t<div class=\"elementor-element elementor-element-314c361 elementor-widget elementor-widget-text-editor\" data-id=\"314c361\" data-element_type=\"widget\" data-e-type=\"widget\" data-widget_type=\"text-editor.default\">\n\t\t\t\t<div class=\"elementor-widget-container\">\n\t\t\t\t\t\t\t\t\t<p><span style=\"font-weight: 400;\">Dieses Denkmal wurde zum 300. Jahrestag des Ausbruchs des R\u00e1k\u00f3czi-Aufstandes errichtet. Auf Vorschlag eines Zam\u00e1rdi-Beamten wurde der Entwurf f\u00fcr die Umsetzung von Abgeordnetem Zolt\u00e1n Egyed dem Gemeinderat vorgelegt. Das Denkmal befindet sich neben dem Aussichtspunkt. Die Inschrift auf der Tafel lautet:\u00a0<\/span><\/p><p><i><span style=\"font-weight: 400;\">1703 \u2013 2003 \u201eMeg\u00fajulnak a dics\u0151s\u00e9ges magyar nemzetnek r\u00e9gi sebei\u2026\u201d (II. R\u00e1k\u00f3czi Ferenc)\n\u201eCum Deo pro patria et libertate \u2013 Istennel a haz\u00e1\u00e9rt \u00e9s a szabads\u00e1g\u00e9rt\u201d\n\u201eErrichtet durch die B\u00fcrger von Zam\u00e1rdi, die aus den Opfern des R\u00e1k\u00f3czi-Aufstandes neue Kraft sch\u00f6pfen.\u201c<\/span><\/i><span style=\"font-weight: 400;\"> Der rote Sandstein stammt aus dem Steinbruch in Balatonrendesi. Die Form des Steins erinnert an das Land, weshalb Zolt\u00e1n Egyed und seine Begleiter beim Anblick des Steins im Steinbruch wussten, dass sie diesen w\u00e4hlen mussten. Die Einweihung fand am 23. Oktober 2000 statt, und die Musikgruppe Kecsk\u00e9s R\u00e9gizene Egy\u00fcttes beschwor mit ihrer Musik die Zeit des F\u00fcrsten R\u00e1k\u00f3czi.<\/span><\/p>\t\t\t\t\t\t\t\t<\/div>\n\t\t\t\t<\/div>\n\t\t\t\t<div class=\"elementor-element elementor-element-57e59fe elementor-widget elementor-widget-image\" data-id=\"57e59fe\" data-element_type=\"widget\" data-e-type=\"widget\" data-widget_type=\"image.default\">\n\t\t\t\t<div class=\"elementor-widget-container\">\n\t\t\t\t\t\t\t\t\t\t\t\t\t\t\t<img loading=\"lazy\" decoding=\"async\" width=\"768\" height=\"576\" src=\"https:\/\/tourinformzamardi.hu\/wp-content\/uploads\/2025\/03\/Rakoczi-emlekko-1-768x576.jpg\" class=\"attachment-medium_large size-medium_large wp-image-1952\" alt=\"\" srcset=\"https:\/\/tourinformzamardi.hu\/wp-content\/uploads\/2025\/03\/Rakoczi-emlekko-1-768x576.jpg 768w, https:\/\/tourinformzamardi.hu\/wp-content\/uploads\/2025\/03\/Rakoczi-emlekko-1-300x225.jpg 300w, https:\/\/tourinformzamardi.hu\/wp-content\/uploads\/2025\/03\/Rakoczi-emlekko-1-1024x768.jpg 1024w, https:\/\/tourinformzamardi.hu\/wp-content\/uploads\/2025\/03\/Rakoczi-emlekko-1-1536x1152.jpg 1536w, https:\/\/tourinformzamardi.hu\/wp-content\/uploads\/2025\/03\/Rakoczi-emlekko-1-2048x1536.jpg 2048w\" sizes=\"(max-width: 768px) 100vw, 768px\" \/>\t\t\t\t\t\t\t\t\t\t\t\t\t\t\t<\/div>\n\t\t\t\t<\/div>\n\t\t\t\t\t<\/div>\n\t\t\t\t<\/div>\n\t\t<div class=\"elementor-element elementor-element-9a809ba e-flex e-con-boxed e-con e-parent\" data-id=\"9a809ba\" data-element_type=\"container\" data-e-type=\"container\">\n\t\t\t\t\t<div class=\"e-con-inner\">\n\t\t\t\t<div class=\"elementor-element elementor-element-370df0d elementor-widget elementor-widget-heading\" data-id=\"370df0d\" data-element_type=\"widget\" data-e-type=\"widget\" data-widget_type=\"heading.default\">\n\t\t\t\t<div class=\"elementor-widget-container\">\n\t\t\t\t\t<h2 class=\"elementor-heading-title elementor-size-default\">II. DENKMAL F\u00dcR DIE HELDENHAFTEN PILOTEN DES ZWEITEN WELTKRIEGES (FLUGDENKMAL)\nZam\u00e1rdi, F\u00e1bi\u00e1n-G\u00e1sp\u00e1r-Stra\u00dfe, Plattenseeufer<\/h2>\t\t\t\t<\/div>\n\t\t\t\t<\/div>\n\t\t\t\t<div class=\"elementor-element elementor-element-60cb1fd elementor-widget elementor-widget-text-editor\" data-id=\"60cb1fd\" data-element_type=\"widget\" data-e-type=\"widget\" data-widget_type=\"text-editor.default\">\n\t\t\t\t<div class=\"elementor-widget-container\">\n\t\t\t\t\t\t\t\t\t<p><span style=\"font-weight: 400;\">Die Idee f\u00fcr das Denkmal geht auf den Direktor der Schule, P\u00e9ter Tarr, zur\u00fcck. Die Motivation entstand, nachdem zahlreiche Flugzeugtr\u00fcmmer nach dem Systemwechsel im Balaton und in den umliegenden Gebieten entdeckt wurden.<\/span><i><span style=\"font-weight: 400;\">. <\/span><\/i><span style=\"font-weight: 400;\">In Zam\u00e1rdi landete im Dezember 1944 ein Fw-190-Jagdflugzeug nach einer Notlandung. Einer der Propeller dieser Maschine befindet sich im Museum der Weltkriege von P\u00e9ter Tarr. Eine genaue Kopie dieses Teils wurde mit Unterst\u00fctzung der Gemeinde erstellt und wurde das zentrale Motiv des Denkmals.\nDas Denkmal wurde auf einem k\u00fcnstlichen H\u00fcgel errichtet, auf dem die Wellen durch zwei gro\u00dfe, rote Sandsteinbl\u00f6cke aus Alm\u00e1di symbolisiert werden. Ein herausragender Propeller verweist auf die Maschinen und ihre Besatzungen, die in den Wellen des Sees ruhen. Das Denkmal wurde 2012 eingeweiht und 2015 mit f\u00fcnf gro\u00dfen Fahnenmasten erg\u00e4nzt. Auf Vorschlag eines Abgeordneten werden im Sommer jedes Jahr in feierlichem Rahmen die Nationalflaggen der L\u00e4nder der gefallenen Piloten von fr\u00fcheren K\u00e4mpfen aufgezogen.<\/span><\/p>\t\t\t\t\t\t\t\t<\/div>\n\t\t\t\t<\/div>\n\t\t\t\t<div class=\"elementor-element elementor-element-d710a13 elementor-widget elementor-widget-image\" data-id=\"d710a13\" data-element_type=\"widget\" data-e-type=\"widget\" data-widget_type=\"image.default\">\n\t\t\t\t<div class=\"elementor-widget-container\">\n\t\t\t\t\t\t\t\t\t\t\t\t\t\t\t<img decoding=\"async\" src=\"https:\/\/tourinformzamardi.hu\/wp-content\/uploads\/2025\/03\/REpulos-emlekmu-1.webp\" title=\"REp\u00fcl\u0151s eml\u00e9km\u0171\" alt=\"REp\u00fcl\u0151s eml\u00e9km\u0171\" loading=\"lazy\" \/>\t\t\t\t\t\t\t\t\t\t\t\t\t\t\t<\/div>\n\t\t\t\t<\/div>\n\t\t\t\t\t<\/div>\n\t\t\t\t<\/div>\n\t\t<div class=\"elementor-element elementor-element-48a5323 e-flex e-con-boxed e-con e-parent\" data-id=\"48a5323\" data-element_type=\"container\" data-e-type=\"container\">\n\t\t\t\t\t<div class=\"e-con-inner\">\n\t\t\t\t<div class=\"elementor-element elementor-element-e631990 elementor-widget elementor-widget-heading\" data-id=\"e631990\" data-element_type=\"widget\" data-e-type=\"widget\" data-widget_type=\"heading.default\">\n\t\t\t\t<div class=\"elementor-widget-container\">\n\t\t\t\t\t<h2 class=\"elementor-heading-title elementor-size-default\">GEDENKTAFEL AN DER WAND DES EHEMALIGEN CAPITAL FOOD HOME\nZam\u00e1rdi, Kn\u00e9zits Stra\u00dfe.<\/h2>\t\t\t\t<\/div>\n\t\t\t\t<\/div>\n\t\t\t\t<div class=\"elementor-element elementor-element-1520592 elementor-widget elementor-widget-text-editor\" data-id=\"1520592\" data-element_type=\"widget\" data-e-type=\"widget\" data-widget_type=\"text-editor.default\">\n\t\t\t\t<div class=\"elementor-widget-container\">\n\t\t\t\t\t\t\t\t\t<p><span style=\"font-weight: 400;\">Dieses beeindruckende Geb\u00e4ude wurde w\u00e4hrend der Regierungszeit von Mikl\u00f3s Horthy als Kindererholungsheim erbaut. Es befindet sich an der Eisenbahnlinie in der Kn\u00e9zich-Stra\u00dfe. Die Inschrift auf der Tafel lautet: <\/span><i><span style=\"font-weight: 400;\">\u201eIn diesem Geb\u00e4ude funktionierte ab Dezember 1939 das erste polnische Gymnasium und Lyzeum in Ungarn, in dem junge Polen, die von den deutschen Faschisten aus ihrer Heimat vertrieben wurden, eine Ausbildungsm\u00f6glichkeit, ein Zuhause und Schutz fanden. Diese Tafel wurde im Zeichen der ungarisch-polnischen Freundschaft zum Ausdruck des Dankes und Respekts der Bev\u00f6lkerung von Zam\u00e1rdi vom Budapester Polnischen Informations- und Kulturzentrum und der Somogy Komitee des Vaterl\u00e4ndischen Volksfronts im September 1980 aufgestellt.\u201c <\/span><\/i><span style=\"font-weight: 400;\">Es ist bemerkenswert, dass in der damaligen Zeit nicht die vollst\u00e4ndige historische Wahrheit angegeben werden konnte, da zur gleichen Zeit auch der Osten Polens von den Sowjets besetzt wurde \u2013 denken wir nur an das Massaker von Katyn! 2009 wurde in einer sehr sch\u00f6nen Feier an das gemeinsame polnisch-ungarische Schicksal erinnert, bei der auch die Botschafterin Polens anwesend war. In dieser Veranstaltung wurde bekannt, dass die polnischen Abiturienten, die in Zam\u00e1rdi ihren Abschluss machten, nach den Pr\u00fcfungen sofort an die afrikanische Front eilten und als Alliierte der Engl\u00e4nder gegen die Deutschen k\u00e4mpften. Viele von ihnen starben dort oder in Italien als Helden und sahen ihre Heimat nie wieder. Der polnische Sprachunterricht und die Abiturpr\u00fcfungen in Zam\u00e1rdi und Balatonbogl\u00e1r waren in diesen schwierigen Jahren auf dem Kontinent einzigartig. Auch Graf Esterh\u00e1zy J\u00e1nos unterst\u00fctzte es finanziell, der Graf aus der Oberungarischen Region, ein M\u00e4rtyrer der drei Nationen \u2013 Ungarn, Slowakei, Polen.<\/span><\/p>\t\t\t\t\t\t\t\t<\/div>\n\t\t\t\t<\/div>\n\t\t\t\t\t<\/div>\n\t\t\t\t<\/div>\n\t\t<div class=\"elementor-element elementor-element-4f116a2 e-flex e-con-boxed e-con e-parent\" data-id=\"4f116a2\" data-element_type=\"container\" data-e-type=\"container\">\n\t\t\t\t\t<div class=\"e-con-inner\">\n\t\t\t\t<div class=\"elementor-element elementor-element-40af4c7 elementor-widget elementor-widget-heading\" data-id=\"40af4c7\" data-element_type=\"widget\" data-e-type=\"widget\" data-widget_type=\"heading.default\">\n\t\t\t\t<div class=\"elementor-widget-container\">\n\t\t\t\t\t<h2 class=\"elementor-heading-title elementor-size-default\">USTRZYKI DOLNE \u2013 ZAM\u00c1RDI \/ POLNISCH \u2013 UNGARISCHES DENKMAL\nZam\u00e1rdi-Oberseite, Jegenye-Platz-Dessewffy-Stra\u00dfe. an der Kreuzung\n<\/h2>\t\t\t\t<\/div>\n\t\t\t\t<\/div>\n\t\t\t\t<div class=\"elementor-element elementor-element-245afa3 elementor-widget elementor-widget-text-editor\" data-id=\"245afa3\" data-element_type=\"widget\" data-e-type=\"widget\" data-widget_type=\"text-editor.default\">\n\t\t\t\t<div class=\"elementor-widget-container\">\n\t\t\t\t\t\t\t\t\t<p><span style=\"font-weight: 400;\">Seit 2010 ist Zam\u00e1rdi die Partnerstadt von Ustrzyki Dolne, einer kleinen Stadt am Fu\u00dfe der Beskiden. Als Zeichen dieser Partnerschaft wurde am 27. September 2019 <\/span><span style=\"font-weight: 400;\">das Denkmal zur Ehren der ungarisch-polnischen Freundschaft auf dem Jegenye-Platz, gegen\u00fcber dem Malsch-Park, eingeweiht. Bei der Feier sprach Cs\u00e1kovics Gyula, der B\u00fcrgermeister von Zam\u00e1rdi, Jerzy Snopek, der polnische Botschafter in Budapest, sowie Michal Wnuk, der stellvertretende B\u00fcrgermeister von Ustrzyki Dolne, und huldigten der Geschichte der ungarisch-polnischen Freundschaft.\nDas Denkmal zeigt die Schicksalsgemeinschaft und Br\u00fcderlichkeit der beiden V\u00f6lker, indem es mit der jahrhundertealten Mythologie der gemeinsam verwurzelten Eichenb\u00e4ume die Verbindung beider V\u00f6lker symbolisiert. Namen und Ortsnamen wie <\/span><span style=\"font-weight: 400;\">Krakau, Buda, Czestochowa sowie heilige Pers\u00f6nlichkeiten wie Szent L\u00e1szl\u00f3, Szent Kinga, Szent Hedvig, B\u00e1thory Istv\u00e1n, Bem J\u00f3zsef, Szent II. J\u00e1nos P\u00e1l und Graf Esterh\u00e1zy J\u00e1nos bezeugen diese gemeinsame Geschichte. <\/span><span style=\"font-weight: 400;\">Das Denkmal wurde von Pfarrer Kocsi Gy\u00f6rgy geweiht. In dem kleinen Park um das Denkmal wurde von der Partnerstadt eine Eiche als Geschenk gepflanzt.<\/span><\/p>\t\t\t\t\t\t\t\t<\/div>\n\t\t\t\t<\/div>\n\t\t\t\t<div class=\"elementor-element elementor-element-328eb19 elementor-widget elementor-widget-image\" data-id=\"328eb19\" data-element_type=\"widget\" data-e-type=\"widget\" data-widget_type=\"image.default\">\n\t\t\t\t<div class=\"elementor-widget-container\">\n\t\t\t\t\t\t\t\t\t\t\t\t\t\t\t<img decoding=\"async\" src=\"https:\/\/tourinformzamardi.hu\/wp-content\/uploads\/2025\/03\/Ustrzyki-Dolne-Lengyel-Magyar-emlekmu-1.webp\" title=\"Ustrzyki Dolne Lengyel Magyar eml\u00e9km\u0171\" alt=\"FM0   FC011011111:zzzzzz011 7d1003601e0400300200180 a00 780 961f4 46  028a 9a28a  0  0  0  0 0 0 0 01fc210311fe  063 022020d01185  063 024420c81168  064 026820c2116e  063 028a20bc1173  063 026220bb1159  063 023a20bc114b  063 021220bc113f  062 01ea20c21149  061 01c220e51186  060 019a20e9119f  060 01b020a51125  060 01b820d31188  061 01c020e411ac  060 01c820f511c6  060 01d020ff11c6  060 01c8210311da  061 0 1 1 1 1 1 1 1 1 1 1 1 1 1 1 1 1 1 1 1 1 1 1 1 1 1 1 1 1 1 1 1 1 1 1 1 1 1 1 1 1 1 1 1 1 1 1 1 1 1 1 1 1 1 1 1 1 1 1 1 1 1 1 1 1 1 1 1 1 1 1 1 1138813881388138813881388138813881388138813881388138813881388138813881388138813881388138813881388138813881388138813881388138813881388138813881388138813881388138813881388138813881388138813881388138813881388138813881388138813881388138813881388138813881388138813881388138813881388138813881388138813881388138813881388138813881388138813881388138813881388138813881388138813881388138813881388138813881388138813881388138813881388138813881388138813881388138813881388138813881388138\" loading=\"lazy\" \/>\t\t\t\t\t\t\t\t\t\t\t\t\t\t\t<\/div>\n\t\t\t\t<\/div>\n\t\t\t\t\t<\/div>\n\t\t\t\t<\/div>\n\t\t<div class=\"elementor-element elementor-element-bc8c18a e-flex e-con-boxed e-con e-parent\" data-id=\"bc8c18a\" data-element_type=\"container\" data-e-type=\"container\">\n\t\t\t\t\t<div class=\"e-con-inner\">\n\t\t<div class=\"elementor-element elementor-element-8c2ac98 e-con-full e-flex e-con e-child\" data-id=\"8c2ac98\" data-element_type=\"container\" data-e-type=\"container\">\n\t\t\t\t<div class=\"elementor-element elementor-element-273de11 elementor-widget elementor-widget-heading\" data-id=\"273de11\" data-element_type=\"widget\" data-e-type=\"widget\" data-widget_type=\"heading.default\">\n\t\t\t\t<div class=\"elementor-widget-container\">\n\t\t\t\t\t<h2 class=\"elementor-heading-title elementor-size-default\">Szeklergrabmal in Sz\u00e9kelyv\u00e9cke   Zam\u00e1rdi-fels\u0151, Jegenye Platz, t\u00e9r<\/h2>\t\t\t\t<\/div>\n\t\t\t\t<\/div>\n\t\t\t\t<\/div>\n\t\t\t\t\t<\/div>\n\t\t\t\t<\/div>\n\t\t<div class=\"elementor-element elementor-element-ae78ddb e-flex e-con-boxed e-con e-parent\" data-id=\"ae78ddb\" data-element_type=\"container\" data-e-type=\"container\">\n\t\t\t\t\t<div class=\"e-con-inner\">\n\t\t\t\t<div class=\"elementor-element elementor-element-f915d2c elementor-widget elementor-widget-text-editor\" data-id=\"f915d2c\" data-element_type=\"widget\" data-e-type=\"widget\" data-widget_type=\"text-editor.default\">\n\t\t\t\t<div class=\"elementor-widget-container\">\n\t\t\t\t\t\t\t\t\t<p>Dank des Engagements von Frau Imr\u00e9n\u00e9 Kalm\u00e1r, pensionierte Lehrerin, besteht seit 1996 eine Partnerschaft zwischen Zam\u00e1rdi und Sz\u00e9kelyv\u00e9cke \u2013 zun\u00e4chst auf zivilgesellschaftlicher Basis, sp\u00e4ter auch in rechtlicher Form.\n\nZur Erinnerung an diese Verbindung wurde 2023 \u2013 auf Anregung eines der Vertreter \u2013 eine Kopjafa (ein traditioneller Szekler-Gedenkpfahl) errichtet. Sie ist eine Nachbildung der Kopjafa, die im Zentrum des Dorfes Marossz\u00e9k\/Sz\u00e9kelyv\u00e9cke steht. Gefertigt wurde sie vom Holzschnitzer L\u00e1szl\u00f3 Husz\u00e1r aus Balatonendr\u00e9d.<\/p><div>\u00a0<\/div><div>\u00a0<\/div>\t\t\t\t\t\t\t\t<\/div>\n\t\t\t\t<\/div>\n\t\t\t\t\t<\/div>\n\t\t\t\t<\/div>\n\t\t<div class=\"elementor-element elementor-element-cefd862 e-flex e-con-boxed e-con e-parent\" data-id=\"cefd862\" data-element_type=\"container\" data-e-type=\"container\">\n\t\t\t\t\t<div class=\"e-con-inner\">\n\t\t\t\t<div class=\"elementor-element elementor-element-40cdc4e elementor-widget elementor-widget-heading\" data-id=\"40cdc4e\" data-element_type=\"widget\" data-e-type=\"widget\" data-widget_type=\"heading.default\">\n\t\t\t\t<div class=\"elementor-widget-container\">\n\t\t\t\t\t<h2 class=\"elementor-heading-title elementor-size-default\">GENDARMEN-DENKMAL AN DER STRASSE 7<\/h2>\t\t\t\t<\/div>\n\t\t\t\t<\/div>\n\t\t\t\t<div class=\"elementor-element elementor-element-6a15936 elementor-widget elementor-widget-text-editor\" data-id=\"6a15936\" data-element_type=\"widget\" data-e-type=\"widget\" data-widget_type=\"text-editor.default\">\n\t\t\t\t<div class=\"elementor-widget-container\">\n\t\t\t\t\t\t\t\t\t<p><span style=\"font-weight: 400;\">Das Denkmal wurde erstmals am 1. November 1930 feierlich eingeweiht und zu Ehren von Gendarmenleutnant Fl\u00f3r\u00e1n R\u00e9ti errichtet, der 1929 in der N\u00e4he von Zam\u00e1rdi ermordet wurde. Nach dem Zweiten Weltkrieg wurde das Denkmal gest\u00fcrzt und vergraben, aber dank Tarr J\u00e1nos, der sich genau an den urspr\u00fcnglichen Standort erinnerte, fanden Tarr P\u00e9ter, der Direktor, und Schwarcz B\u00e9la, der Abgeordnete, das Fundament und die untere Teile des Denkmals. W\u00e4hrend der Renovierung der Eisenbahnstrecke wurde der Obelisk wieder freigelegt. Die Restaurierung dauerte anderthalb Jahre und erforderte eine breite lokale Zusammenarbeit. Das mittlere Element wurde nicht gefunden, und es wurde anhand von Fotos aus der damaligen Zeit neu gemei\u00dfelt. Die erneute Einweihung fand 2016 statt, als der Priester Gy\u00f6rgy Kocsi das Denkmal segnete. Tarr P\u00e9ter hielt eine Begr\u00fc\u00dfungsrede, und zum Abschluss der Zeremonie erklang die \u201eUngarische Milit\u00e4rhymne\u201c. <\/span><span style=\"font-weight: 400;\">Laut Schwarcz B\u00e9la war es wichtig, das Denkmal an seinen urspr\u00fcnglichen Standort zur\u00fcckzubringen, da 1930, bei der Einweihung, Gendarmerie-Oberst Haida S\u00e1ndor die \u00f6rtlichen Beh\u00f6rden bat, das Denkmal in Pflege zu nehmen, was der damalige Gemeindeschreiber, Gyula Hal\u00e1sz, versprach. Laut Tarr P\u00e9ter erinnert dieser Stein <\/span><span style=\"font-weight: 400;\">nicht nur an Fl\u00f3r\u00e1n R\u00e9ti und seine Gendarmenkameraden, sondern auch an den Zusammenhalt, den Willen und das Engagement der Zivilbev\u00f6lkerung von Zam\u00e1rdi.<\/span><\/p>\t\t\t\t\t\t\t\t<\/div>\n\t\t\t\t<\/div>\n\t\t\t\t\t<\/div>\n\t\t\t\t<\/div>\n\t\t<div class=\"elementor-element elementor-element-1ba1e3f e-flex e-con-boxed e-con e-parent\" data-id=\"1ba1e3f\" data-element_type=\"container\" data-e-type=\"container\">\n\t\t\t\t\t<div class=\"e-con-inner\">\n\t\t\t\t<div class=\"elementor-element elementor-element-44d1957 elementor-widget elementor-widget-heading\" data-id=\"44d1957\" data-element_type=\"widget\" data-e-type=\"widget\" id=\"szobor\" data-widget_type=\"heading.default\">\n\t\t\t\t<div class=\"elementor-widget-container\">\n\t\t\t\t\t<h2 class=\"elementor-heading-title elementor-size-default\">\u00d6FFENTLICHE STATUEN, PARKS\n<\/h2>\t\t\t\t<\/div>\n\t\t\t\t<\/div>\n\t\t\t\t<div class=\"elementor-element elementor-element-07bb825 elementor-widget elementor-widget-heading\" data-id=\"07bb825\" data-element_type=\"widget\" data-e-type=\"widget\" data-widget_type=\"heading.default\">\n\t\t\t\t<div class=\"elementor-widget-container\">\n\t\t\t\t\t<h2 class=\"elementor-heading-title elementor-size-default\">MAGYAR F\u00c1JDALOM-SZOBOR\nZam\u00e1rdi, Szabads\u00e1g t\u00e9r\n<\/h2>\t\t\t\t<\/div>\n\t\t\t\t<\/div>\n\t\t\t\t<div class=\"elementor-element elementor-element-420ad42 elementor-widget elementor-widget-text-editor\" data-id=\"420ad42\" data-element_type=\"widget\" data-e-type=\"widget\" data-widget_type=\"text-editor.default\">\n\t\t\t\t<div class=\"elementor-widget-container\">\n\t\t\t\t\t\t\t\t\t<p><span style=\"font-weight: 400;\">Das Denkmal der \u201eUngarischen Schmerz\u201c wurde 1927 vom ungarischen Bildhauer Ede Marg\u00f3 (1872\u20131946) als Ausdruck seines Schmerzes \u00fcber den Diktat von Trianon an die Gemeinde geschenkt. Der in einem Boot auf dem st\u00fcrmischen Wasser umherschlingende muskul\u00f6se m\u00e4nnliche K\u00f6rper symbolisiert die Trauer, die Einsamkeit und den verzweifelten Kampf der Ungarn. Aufgrund seiner Bedeutung erlebte das Denkmal im Laufe der Jahrzehnten eine schwierige Zeit. Zuerst wurde es verschalt und dann in einem Lager vergessen, bis es nach 1956 wieder an einen \u00f6ffentlichen Platz gestellt wurde, jedoch mit einer neuen Inschrift: <\/span><i><span style=\"font-weight: 400;\">\u201eHin\u00fcber zum anderen Ufer\u201c.<\/span><\/i><span style=\"font-weight: 400;\"> (Es schien, als wolle dieser Gedanke andeuten, dass keine Auferstehung oder Erneuerung m\u00f6glich sei.) 1991, nach dem klaren Wunsch der Gemeindebewohner, wurde die urspr\u00fcngliche Inschrift wieder auf das Denkmal zur\u00fcckgesetzt. Das Denkmal wurde restauriert und 1994 auf den Szabads\u00e1g t\u00e9r (Platz der Freiheit) an seinem heutigen Standort aufgestellt. Jedes Jahr am 4. Juni findet hier die Gedenkveranstaltung zum Trianon-Vertrag statt, und obwohl der Schmerz ausgedr\u00fcckt wird, st\u00e4rken die Teilnehmer an diesen Tagen ihren Glauben an die Notwendigkeit einer ungarischen Auferstehung, \u00e4hnlich wie der Osternstag folgt dem Karfreitag. Heute ist dieser Ort also eine Bekundung des nationalen Zusammenhalts. Vor dem Denkmal befinden sich Steine aus dem Karpatenbecken, die aus verschiedenen Punkten der Region stammen, und ein kleines Schild zeigt an, woher sie kommen.<\/span><\/p>\t\t\t\t\t\t\t\t<\/div>\n\t\t\t\t<\/div>\n\t\t\t\t<div class=\"elementor-element elementor-element-e03965b elementor-widget elementor-widget-image\" data-id=\"e03965b\" data-element_type=\"widget\" data-e-type=\"widget\" data-widget_type=\"image.default\">\n\t\t\t\t<div class=\"elementor-widget-container\">\n\t\t\t\t\t\t\t\t\t\t\t\t\t\t\t<img decoding=\"async\" src=\"https:\/\/tourinformzamardi.hu\/wp-content\/uploads\/2025\/03\/Magyar-fajdalom-szobor-1.webp\" title=\"Magyar f\u00e1jdalom szobor\" alt=\"Magyar f\u00e1jdalom szobor\" loading=\"lazy\" \/>\t\t\t\t\t\t\t\t\t\t\t\t\t\t\t<\/div>\n\t\t\t\t<\/div>\n\t\t\t\t\t<\/div>\n\t\t\t\t<\/div>\n\t\t<div class=\"elementor-element elementor-element-a2dbfc4 e-flex e-con-boxed e-con e-parent\" data-id=\"a2dbfc4\" data-element_type=\"container\" data-e-type=\"container\">\n\t\t\t\t\t<div class=\"e-con-inner\">\n\t\t\t\t<div class=\"elementor-element elementor-element-60c5fe7 elementor-widget elementor-widget-heading\" data-id=\"60c5fe7\" data-element_type=\"widget\" data-e-type=\"widget\" data-widget_type=\"heading.default\">\n\t\t\t\t<div class=\"elementor-widget-container\">\n\t\t\t\t\t<h2 class=\"elementor-heading-title elementor-size-default\">MARG\u00d3 EDE-STATUE\nZam\u00e1rdi, Marg\u00f3 Ede Promenade<\/h2>\t\t\t\t<\/div>\n\t\t\t\t<\/div>\n\t\t\t\t<div class=\"elementor-element elementor-element-ebfce0e elementor-widget elementor-widget-text-editor\" data-id=\"ebfce0e\" data-element_type=\"widget\" data-e-type=\"widget\" data-widget_type=\"text-editor.default\">\n\t\t\t\t<div class=\"elementor-widget-container\">\n\t\t\t\t\t\t\t\t\t<p><span style=\"font-weight: 400;\">Die Gemeinde Zam\u00e1rdi hatte den Plan, an den zentralen Punkten des K\u00fcstenspazierwegs kleinere Pl\u00e4tze zu schaffen. Der erste dieser Pl\u00e4tze war der \u201eBalaton Sz\u00edve t\u00e9r\u201c. Aufgrund des gro\u00dfen Erfolges \u00fcbernahm der Zam\u00e1rdi Freundeskreis die Planung des \u201eMarg\u00f3 Ede t\u00e9r\u201c. Sie baten den Designer G\u00e1bor Szentk\u00fati Kiss, und schlugen vor, dass der neue Platz in Form und Atmosph\u00e4re dem \u201eBalaton Sz\u00edve t\u00e9r\u201c \u00e4hneln sollte. Marg\u00f3 Gy\u00f6rgy bot das Portr\u00e4t seines Gro\u00dfvaters als Statue an, und daraus wurde eine Bronzegussform hergestellt. Die Einweihung des Platzes fand im Juni 2017 anl\u00e4sslich der Saisoner\u00f6ffnung statt.\nMarg\u00f3 Ede (1872\u20131946) war ein Zweitwohnsitzer, der nicht nur mit Budapest, sondern auch ebenso sehr mit Zam\u00e1rdi verbunden war.<\/span><i><span style=\"font-weight: 400;\"> S<\/span><\/i><span style=\"font-weight: 400;\">eine Statuen finden sich in mehreren St\u00e4dten des Landes sowie im Ausland. Zu seinen bedeutendsten Werken geh\u00f6ren unter anderem die Statue von Dank\u00f3 Pista in Szeged, die Kossuth-Statue in Arad, die von den Rum\u00e4nen entfernt wurde, sowie die Statue in Debrecen. Von den Statuen auf dem Heldenplatz geh\u00f6rt die des K\u00f6nigs Ferdinand ihm, leider wurde diese in der R\u00e1kosi-\u00c4ra von dort entfernt. Als gro\u00dfer Liebhaber des Balaton geh\u00f6rte Marg\u00f3 Ede zu den ersten, die ein Sommerhaus in der Ferienkolonie errichteten, seine Arbeiten und Sch\u00f6pfungen entstanden meist hier. 1913 kaufte er ein Grundst\u00fcck und baute ein Sommerhaus am Anfang der Sz\u00e9chenyi-Stra\u00dfe.<\/span><\/p>\t\t\t\t\t\t\t\t<\/div>\n\t\t\t\t<\/div>\n\t\t\t\t<div class=\"elementor-element elementor-element-1f64c79 elementor-widget elementor-widget-image\" data-id=\"1f64c79\" data-element_type=\"widget\" data-e-type=\"widget\" data-widget_type=\"image.default\">\n\t\t\t\t<div class=\"elementor-widget-container\">\n\t\t\t\t\t\t\t\t\t\t\t\t\t\t\t<img decoding=\"async\" src=\"https:\/\/tourinformzamardi.hu\/wp-content\/uploads\/2025\/03\/Margo-Ede-ter-1.webp\" title=\"Marg\u00f3 Ede t\u00e9r\" alt=\"Marg\u00f3 Ede t\u00e9r\" loading=\"lazy\" \/>\t\t\t\t\t\t\t\t\t\t\t\t\t\t\t<\/div>\n\t\t\t\t<\/div>\n\t\t\t\t\t<\/div>\n\t\t\t\t<\/div>\n\t\t<div class=\"elementor-element elementor-element-fe6201e e-flex e-con-boxed e-con e-parent\" data-id=\"fe6201e\" data-element_type=\"container\" data-e-type=\"container\">\n\t\t\t\t\t<div class=\"e-con-inner\">\n\t\t\t\t<div class=\"elementor-element elementor-element-fdf2c55 elementor-widget elementor-widget-heading\" data-id=\"fdf2c55\" data-element_type=\"widget\" data-e-type=\"widget\" data-widget_type=\"heading.default\">\n\t\t\t\t<div class=\"elementor-widget-container\">\n\t\t\t\t\t<h2 class=\"elementor-heading-title elementor-size-default\">MARIA STATUE AM STRAND\nZam\u00e1rdi, F\u00e1bi\u00e1n G\u00e1sp\u00e1r u., Balatonufer<\/h2>\t\t\t\t<\/div>\n\t\t\t\t<\/div>\n\t\t\t\t<div class=\"elementor-element elementor-element-2ec2045 elementor-widget elementor-widget-text-editor\" data-id=\"2ec2045\" data-element_type=\"widget\" data-e-type=\"widget\" data-widget_type=\"text-editor.default\">\n\t\t\t\t<div class=\"elementor-widget-container\">\n\t\t\t\t\t\t\t\t\t<p><span style=\"font-weight: 400;\">Die Statue wurde von dem Unternehmer L\u00e1szl\u00f3 Havancs\u00e1k konzipiert, finanziert und umgesetzt. Die Figur der Jungfrau Maria wurde aus Carrara-Marmor von dem Bildhauer Attila M\u00e9sz\u00e1ros geschnitzt. Die Nische und der kleine Platz wurden nach den Pl\u00e4nen des Ybl-Preistr\u00e4gers J\u00e1nos Ripsz\u00e1m, einem Architekten, erstellt. Die Verzierung der Nische ist das Werk der Fachleute der Zsolnay Manufaktur in P\u00e9cs. Das Kreuz wurde vom \u00f6rtlichen Unternehmer Imre Elter hergestellt und gestiftet. Das Gebiet wurde f\u00fcr diesen edlen Zweck von der Gemeindevertretung von Zam\u00e1rdi und B\u00fcrgermeister Gyula Cs\u00e1kovics zur Verf\u00fcgung gestellt. Die Statue wurde von B\u00fcrgermeister Gyula Cs\u00e1kovics und Pfarrer Gy\u00f6rgy Kocsi enth\u00fcllt und von Bischof L\u00e1szl\u00f3 Varga am Ostermontag 2022 gesegnet.\nVon der Kapelle der Ferienkolonie aus begannen die Gl\u00e4ubigen, den \u201eAuferstehungszug\u201c des Karpatenbeckens mit geschm\u00fcckten B\u00e4ndern, die am Kreuz befestigt waren, und zogen in einer Prozession zum Strand, um die Statue zu weihen. Die Statue der besonders sch\u00f6nen Jungfrau Maria aus Zam\u00e1rdi, einer ehemaligen Benediktiner-Siedlung, blickt auf die Abtei in Tihany und verbindet uns mit der gegen\u00fcberliegenden Seite, den ehemaligen Besitzern, Mentoren und Seelsorgern als himmlisches und irdisches Zeichen der Ewigkeit.<\/span><\/p>\t\t\t\t\t\t\t\t<\/div>\n\t\t\t\t<\/div>\n\t\t\t\t<div class=\"elementor-element elementor-element-041515a elementor-widget elementor-widget-image\" data-id=\"041515a\" data-element_type=\"widget\" data-e-type=\"widget\" data-widget_type=\"image.default\">\n\t\t\t\t<div class=\"elementor-widget-container\">\n\t\t\t\t\t\t\t\t\t\t\t\t\t\t\t<img decoding=\"async\" src=\"https:\/\/tourinformzamardi.hu\/wp-content\/uploads\/2025\/03\/Szuz-Maria-emlekszobor-1.jpg\" title=\"Sz\u0171z M\u00e1ria eml\u00e9kszobor\" alt=\"Sz\u0171z M\u00e1ria eml\u00e9kszobor\" loading=\"lazy\" \/>\t\t\t\t\t\t\t\t\t\t\t\t\t\t\t<\/div>\n\t\t\t\t<\/div>\n\t\t\t\t\t<\/div>\n\t\t\t\t<\/div>\n\t\t<div class=\"elementor-element elementor-element-c9f9796 e-flex e-con-boxed e-con e-parent\" data-id=\"c9f9796\" data-element_type=\"container\" data-e-type=\"container\">\n\t\t\t\t\t<div class=\"e-con-inner\">\n\t\t\t\t<div class=\"elementor-element elementor-element-489dc90 elementor-widget elementor-widget-heading\" data-id=\"489dc90\" data-element_type=\"widget\" data-e-type=\"widget\" data-widget_type=\"heading.default\">\n\t\t\t\t<div class=\"elementor-widget-container\">\n\t\t\t\t\t<h2 class=\"elementor-heading-title elementor-size-default\">FILMEERWAND\nZam\u00e1rdi, Kossuth u. 14<\/h2>\t\t\t\t<\/div>\n\t\t\t\t<\/div>\n\t\t\t\t<div class=\"elementor-element elementor-element-550fd9a elementor-widget elementor-widget-text-editor\" data-id=\"550fd9a\" data-element_type=\"widget\" data-e-type=\"widget\" data-widget_type=\"text-editor.default\">\n\t\t\t\t<div class=\"elementor-widget-container\">\n\t\t\t\t\t\t\t\t\t<p><span style=\"font-weight: 400;\">Die Filmeerwand wurde 2013 anl\u00e4sslich des 5. Jahrestages der Stadterhebung der Gemeinde eingeweiht. <\/span><span style=\"font-weight: 400;\">Die Idee stammt von B\u00fcrgermeister Gyula Cs\u00e1kovics. <\/span><span style=\"font-weight: 400;\">Der urspr\u00fcngliche Plan war, dass die Au\u00dfenwand des Kertmozi-Kinos die Handabdr\u00fccke von Filmemachern bewahren w\u00fcrde, die in irgendeiner Weise mit Zam\u00e1rdi oder dem Balaton verbunden sind. Mit der Zeit wurde dieses Kriterium jedoch weniger wichtig, und die Stadt dr\u00fcckte den Wunsch aus, die Handabdr\u00fccke so vieler lokaler Talente wie m\u00f6glich auf der Wand zu zeigen. Neue Handabdr\u00fccke werden in der Regel im Rahmen einer festlichen Zeremonie in Anwesenheit der K\u00fcnstler enth\u00fcllt. Die k\u00fcnstlerische Ausf\u00fchrung wird dem Bildhauer und Grafiker <\/span><span style=\"font-weight: 400;\">Hargita Mecseki zugeschrieben. Unser Kertmozi dient den ans\u00e4ssigen und sommerlichen G\u00e4sten praktisch seit 1933 <\/span><span style=\"font-size: 16px; font-weight: 400;\">\u2013 wenn auch zun\u00e4chst an einem anderen Standort, dem Parkplatz neben der Post.<\/span><\/p>\t\t\t\t\t\t\t\t<\/div>\n\t\t\t\t<\/div>\n\t\t\t\t<div class=\"elementor-element elementor-element-4ed856a elementor-widget elementor-widget-image\" data-id=\"4ed856a\" data-element_type=\"widget\" data-e-type=\"widget\" data-widget_type=\"image.default\">\n\t\t\t\t<div class=\"elementor-widget-container\">\n\t\t\t\t\t\t\t\t\t\t\t\t\t\t\t<img decoding=\"async\" src=\"https:\/\/tourinformzamardi.hu\/wp-content\/uploads\/2025\/03\/Filmesek-fala-1.jpg\" title=\"Filmesek fala\" alt=\"Filmesek fala\" loading=\"lazy\" \/>\t\t\t\t\t\t\t\t\t\t\t\t\t\t\t<\/div>\n\t\t\t\t<\/div>\n\t\t\t\t\t<\/div>\n\t\t\t\t<\/div>\n\t\t<div class=\"elementor-element elementor-element-d6bfe50 e-flex e-con-boxed e-con e-parent\" data-id=\"d6bfe50\" data-element_type=\"container\" data-e-type=\"container\">\n\t\t\t\t\t<div class=\"e-con-inner\">\n\t\t\t\t<div class=\"elementor-element elementor-element-90b7c37 elementor-widget elementor-widget-heading\" data-id=\"90b7c37\" data-element_type=\"widget\" data-e-type=\"widget\" data-widget_type=\"heading.default\">\n\t\t\t\t<div class=\"elementor-widget-container\">\n\t\t\t\t\t<h2 class=\"elementor-heading-title elementor-size-default\">\nDAS HERZ DES PLATATONS\nZam\u00e1rdi, E\u00f6tv\u00f6s u. Ende, Balatonk\u00fcste<\/h2>\t\t\t\t<\/div>\n\t\t\t\t<\/div>\n\t\t\t\t<div class=\"elementor-element elementor-element-a83be7d elementor-widget elementor-widget-text-editor\" data-id=\"a83be7d\" data-element_type=\"widget\" data-e-type=\"widget\" data-widget_type=\"text-editor.default\">\n\t\t\t\t<div class=\"elementor-widget-container\">\n\t\t\t\t\t\t\t\t\t<p><span style=\"font-weight: 400;\">Der Name des Platzes bezieht sich auf das Herz, das jedes Jahr w\u00e4hrend der Veranstaltung \u201eBalatoni J\u00e1tszadalom\u201c im Wasser durch die H\u00e4nde hunderter oder tausender Menschen entsteht. Der Designer, G\u00e1bor Szentk\u00fati Kiss, lie\u00df sich von diesem Konzept inspirieren. Die rote Farbe des Steins der Statue passt gut zum Herzgedanken, und auch die bewusste Wahl von Basalt f\u00fcr das Pflaster ist ein Ergebnis, da es ein typisches Naturgut des Balatons darstellt. Der malerische Platz am Seeufer wurde von der Firma von Ferenc G\u00e1l realisiert, die auch die Statue schnitzte. Der Balaton Sz\u00edve t\u00e9r wurde schnell zu einem beliebten Ort: Er wird fotografiert, und die Besucher fotografieren sich gegenseitig durch das Herz, genie\u00dfen den Sonnenuntergang durch das Herz und hier wurden auch schon Hochzeiten gefeiert.<\/span><\/p>\t\t\t\t\t\t\t\t<\/div>\n\t\t\t\t<\/div>\n\t\t\t\t<div class=\"elementor-element elementor-element-541ddad elementor-widget elementor-widget-image\" data-id=\"541ddad\" data-element_type=\"widget\" data-e-type=\"widget\" data-widget_type=\"image.default\">\n\t\t\t\t<div class=\"elementor-widget-container\">\n\t\t\t\t\t\t\t\t\t\t\t\t\t\t\t<img decoding=\"async\" src=\"https:\/\/tourinformzamardi.hu\/wp-content\/uploads\/2025\/03\/Balaton-szive-ter-1.jpeg\" title=\"Herz des Balaton-Platzes\" alt=\"Balaton sz\u00edve t\u00e9r\" loading=\"lazy\" \/>\t\t\t\t\t\t\t\t\t\t\t\t\t\t\t<\/div>\n\t\t\t\t<\/div>\n\t\t\t\t\t<\/div>\n\t\t\t\t<\/div>\n\t\t<div class=\"elementor-element elementor-element-f2dfaff e-flex e-con-boxed e-con e-parent\" data-id=\"f2dfaff\" data-element_type=\"container\" data-e-type=\"container\">\n\t\t\t\t\t<div class=\"e-con-inner\">\n\t\t\t\t<div class=\"elementor-element elementor-element-8aef982 elementor-widget elementor-widget-heading\" data-id=\"8aef982\" data-element_type=\"widget\" data-e-type=\"widget\" data-widget_type=\"heading.default\">\n\t\t\t\t<div class=\"elementor-widget-container\">\n\t\t\t\t\t<h2 class=\"elementor-heading-title elementor-size-default\">Br\u00fccke der Liebenden \u2013 neben dem Balaton-Herzplatz<\/h2>\t\t\t\t<\/div>\n\t\t\t\t<\/div>\n\t\t\t\t<div class=\"elementor-element elementor-element-ff10f10 elementor-widget elementor-widget-text-editor\" data-id=\"ff10f10\" data-element_type=\"widget\" data-e-type=\"widget\" data-widget_type=\"text-editor.default\">\n\t\t\t\t<div class=\"elementor-widget-container\">\n\t\t\t\t\t\t\t\t\t<p><span style=\"font-weight: 400;\">Das Gemeinschaftshaus hat eine Plattenseelegende wiederbelebt, die auf unserer Tradition \u201eHerz des Plattensees\u201c basiert. Die neben dem Balaton-Herzplatz gelegene Backsteinbr\u00fccke dient seit 2016 dazu, die Bindung zwischen Liebenden und Ehepartnern zu st\u00e4rken. Bei uns geschieht dies nicht durch das \u201eVerschlie\u00dfen\u201c der T\u00fcr, sondern durch folgendes Ritual: Stellen Sie sich auf den roten Stein vor der Br\u00fccke! \u00dcberqueren Sie Hand in Hand die Br\u00fccke zur Statue \u201eHerz des Plattensees\u201c! Wenn Sie einander die Treue schw\u00f6ren, muss der Herr auf der Ostseite der Statue stehen und die Dame auf der Westseite! Ber\u00fchrt die Herzstatue mit euren Handfl\u00e4chen und k\u00fcsst euch dabei! So st\u00e4rken Sie Ihre Loyalit\u00e4t zueinander! Wenn Sie ewige Treue versprechen, sollte die junge Dame ihrem zuk\u00fcnftigen Ehemann die Hand durch ihr Herz reichen! M\u00f6ge Gottes Segen Ihr Leben begleiten!<\/span><\/p>\t\t\t\t\t\t\t\t<\/div>\n\t\t\t\t<\/div>\n\t\t\t\t\t<\/div>\n\t\t\t\t<\/div>\n\t\t<div class=\"elementor-element elementor-element-66c030f e-flex e-con-boxed e-con e-parent\" data-id=\"66c030f\" data-element_type=\"container\" data-e-type=\"container\">\n\t\t\t\t\t<div class=\"e-con-inner\">\n\t\t\t\t<div class=\"elementor-element elementor-element-d523eac elementor-widget elementor-widget-heading\" data-id=\"d523eac\" data-element_type=\"widget\" data-e-type=\"widget\" data-widget_type=\"heading.default\">\n\t\t\t\t<div class=\"elementor-widget-container\">\n\t\t\t\t\t<h2 class=\"elementor-heading-title elementor-size-default\">MALSCH PARK\nZam\u00e1rdi-Fels\u0151, Jegenye t\u00e9r-Dessewffy u. keresztez\u0151d\u00e9se<\/h2>\t\t\t\t<\/div>\n\t\t\t\t<\/div>\n\t\t\t\t<div class=\"elementor-element elementor-element-9c06ee5 elementor-widget elementor-widget-text-editor\" data-id=\"9c06ee5\" data-element_type=\"widget\" data-e-type=\"widget\" data-widget_type=\"text-editor.default\">\n\t\t\t\t<div class=\"elementor-widget-container\">\n\t\t\t\t\t\t\t\t\t<p><span style=\"font-weight: 400;\">Eine Legende vom Balaton wurde nach unserer Tradition \u201eDas Herz des Balaton\u201c vom Gemeinschaftshaus neu belebt.\nDie neben dem Platz \u201eHerz des Balaton\u201c gelegene Backsteinbr\u00fccke dient seit 2016 der St\u00e4rkung der Bindung zwischen Liebenden und Ehepaaren.\nBei uns ist nicht das \u201eLiebesschl\u00f6sser-Anbringen\u201c der Weg dazu, sondern folgendes Ritual:\n\nStellt euch vor die Br\u00fccke auf den roten Stein!\nGeht Hand in Hand \u00fcber die Br\u00fccke zur Herz-des-Balaton-Statue!\nWenn ihr euch Treue schw\u00f6rt, soll der Herr auf der \u00f6stlichen, die Dame auf der westlichen Seite der Statue stehen!\nBer\u00fchrt mit euren Handfl\u00e4chen die Herz-Statue und k\u00fcsst euch dabei!\nSo bekr\u00e4ftigt ihr eure Treue zueinander.\n\nWenn ihr euch ewige Treue schw\u00f6rt, soll die Dame ihre Hand durch das Herz hindurch dem k\u00fcnftigen Ehemann reichen!\nGottes Segen begleite euer gemeinsames Leben!<\/span><\/p>\t\t\t\t\t\t\t\t<\/div>\n\t\t\t\t<\/div>\n\t\t\t\t<div class=\"elementor-element elementor-element-ea6841b elementor-widget elementor-widget-image\" data-id=\"ea6841b\" data-element_type=\"widget\" data-e-type=\"widget\" data-widget_type=\"image.default\">\n\t\t\t\t<div class=\"elementor-widget-container\">\n\t\t\t\t\t\t\t\t\t\t\t\t\t\t\t<img decoding=\"async\" src=\"https:\/\/tourinformzamardi.hu\/wp-content\/uploads\/2025\/03\/Malsch-ter-1.jpg\" title=\"Malsch t\u00e9r\" alt=\"Malsch t\u00e9r\" loading=\"lazy\" \/>\t\t\t\t\t\t\t\t\t\t\t\t\t\t\t<\/div>\n\t\t\t\t<\/div>\n\t\t\t\t\t<\/div>\n\t\t\t\t<\/div>\n\t\t<div class=\"elementor-element elementor-element-159fcb2 e-flex e-con-boxed e-con e-parent\" data-id=\"159fcb2\" data-element_type=\"container\" data-e-type=\"container\">\n\t\t\t\t\t<div class=\"e-con-inner\">\n\t\t\t\t<div class=\"elementor-element elementor-element-a1efe4a elementor-widget elementor-widget-heading\" data-id=\"a1efe4a\" data-element_type=\"widget\" data-e-type=\"widget\" data-widget_type=\"heading.default\">\n\t\t\t\t<div class=\"elementor-widget-container\">\n\t\t\t\t\t<h2 class=\"elementor-heading-title elementor-size-default\">Gesundheitsgarten\nZam\u00e1rdi, Honv\u00e9d Stra\u00dfe.<\/h2>\t\t\t\t<\/div>\n\t\t\t\t<\/div>\n\t\t\t\t<div class=\"elementor-element elementor-element-b4be040 elementor-widget elementor-widget-text-editor\" data-id=\"b4be040\" data-element_type=\"widget\" data-e-type=\"widget\" data-widget_type=\"text-editor.default\">\n\t\t\t\t<div class=\"elementor-widget-container\">\n\t\t\t\t\t\t\t\t\t<p><span style=\"font-weight: 400;\">Im Jahr 2018 schlug ein Abgeordneter vor, dass der Garten rund um die Arztpraxen und das G\u00e4stehaus in einen \u00f6ffentlichen Park umgewandelt werden solle \u2013 mit einer eigenen Funktion, um das touristische Angebot der Stadt zu erweitern.\nNach dem Beschluss des Stadtrats wurde der Gesundheitsgarten (\u201eEg\u00e9szs\u00e9gkert\u201c) von engagierten B\u00fcrgern \u2013 Attila Hirschmann, Zsolt Font\u00e1nyi und Mitgliedern des Vereins Eg\u00e9szs\u00e9g\u0151r \u2013 mit Unterst\u00fctzung des \u00f6rtlichen Gemeindebetriebs (GAMESZ) konzipiert und verwirklicht.\n\nDas markante Ambiente und der Charakter des Gesundheitsgartens\nwerden durch das geschnitzte Eingangstor und die Holzs\u00e4ulen des Holzschnitzers L\u00e1szl\u00f3 Husz\u00e1r gepr\u00e4gt, an denen die kleinen Tafeln von Kata Kasza angebracht sind, sowie durch den k\u00fcnstlerischen Lebensbaum aus Keramik von \u00c9va Bodrogi.\nDie einzelnen Stationen vermitteln Botschaften zur k\u00f6rperlichen und seelischen Gesundheitsvorsorge. Au\u00dferdem steht den Besuchern ein kleines Kr\u00e4uterbeet zur Verf\u00fcgung.\n\nDer Gesundheitsgarten wurde zu Pfingsten 2018 der \u00d6ffentlichkeit \u00fcbergeben.<\/span><\/p><p><br \/><br \/><\/p>\t\t\t\t\t\t\t\t<\/div>\n\t\t\t\t<\/div>\n\t\t\t\t<div class=\"elementor-element elementor-element-d6c1fb2 elementor-arrows-position-inside elementor-pagination-position-outside elementor-widget elementor-widget-image-carousel\" data-id=\"d6c1fb2\" data-element_type=\"widget\" data-e-type=\"widget\" data-settings=\"{&quot;slides_to_show&quot;:&quot;1&quot;,&quot;navigation&quot;:&quot;both&quot;,&quot;autoplay&quot;:&quot;yes&quot;,&quot;pause_on_hover&quot;:&quot;yes&quot;,&quot;pause_on_interaction&quot;:&quot;yes&quot;,&quot;autoplay_speed&quot;:5000,&quot;infinite&quot;:&quot;yes&quot;,&quot;effect&quot;:&quot;slide&quot;,&quot;speed&quot;:500}\" data-widget_type=\"image-carousel.default\">\n\t\t\t\t<div class=\"elementor-widget-container\">\n\t\t\t\t\t\t\t<div class=\"elementor-image-carousel-wrapper swiper\" role=\"region\" aria-roledescription=\"carousel\" aria-label=\"K\u00e9p k\u00f6rhinta\" dir=\"ltr\">\n\t\t\t<div class=\"elementor-image-carousel swiper-wrapper\" aria-live=\"off\">\n\t\t\t\t\t\t\t\t<div class=\"swiper-slide\" role=\"group\" aria-roledescription=\"slide\" aria-label=\"1 \/ 2\"><figure class=\"swiper-slide-inner\"><img decoding=\"async\" class=\"swiper-slide-image\" src=\"https:\/\/tourinformzamardi.hu\/wp-content\/uploads\/2025\/03\/Egeszsegkert-1.jpg\" alt=\"Eg\u00e9szs\u00e9gkert\" \/><\/figure><\/div><div class=\"swiper-slide\" role=\"group\" aria-roledescription=\"slide\" aria-label=\"2 \/ 2\"><figure class=\"swiper-slide-inner\"><img decoding=\"async\" class=\"swiper-slide-image\" src=\"https:\/\/tourinformzamardi.hu\/wp-content\/uploads\/2025\/03\/Egeszsegkert2-1.jpg\" alt=\"Eg\u00e9szs\u00e9gkert2\" \/><\/figure><\/div>\t\t\t<\/div>\n\t\t\t\t\t\t\t\t\t\t\t\t<div class=\"elementor-swiper-button elementor-swiper-button-prev\" role=\"button\" tabindex=\"0\">\n\t\t\t\t\t\t<svg aria-hidden=\"true\" class=\"e-font-icon-svg e-eicon-chevron-left\" viewbox=\"0 0 1000 1000\" xmlns=\"http:\/\/www.w3.org\/2000\/svg\"><path d=\"M646 125C629 125 613 133 604 142L308 442C296 454 292 471 292 487 292 504 296 521 308 533L604 854C617 867 629 875 646 875 663 875 679 871 692 858 704 846 713 829 713 812 713 796 708 779 692 767L438 487 692 225C700 217 708 204 708 187 708 171 704 154 692 142 675 129 663 125 646 125Z\"><\/path><\/svg>\t\t\t\t\t<\/div>\n\t\t\t\t\t<div class=\"elementor-swiper-button elementor-swiper-button-next\" role=\"button\" tabindex=\"0\">\n\t\t\t\t\t\t<svg aria-hidden=\"true\" class=\"e-font-icon-svg e-eicon-chevron-right\" viewbox=\"0 0 1000 1000\" xmlns=\"http:\/\/www.w3.org\/2000\/svg\"><path d=\"M696 533C708 521 713 504 713 487 713 471 708 454 696 446L400 146C388 133 375 125 354 125 338 125 325 129 313 142 300 154 292 171 292 187 292 204 296 221 308 233L563 492 304 771C292 783 288 800 288 817 288 833 296 850 308 863 321 871 338 875 354 875 371 875 388 867 400 854L696 533Z\"><\/path><\/svg>\t\t\t\t\t<\/div>\n\t\t\t\t\n\t\t\t\t\t\t\t\t\t<div class=\"swiper-pagination\"><\/div>\n\t\t\t\t\t\t\t\t\t<\/div>\n\t\t\t\t\t\t<\/div>\n\t\t\t\t<\/div>\n\t\t\t\t\t<\/div>\n\t\t\t\t<\/div>\n\t\t<div class=\"elementor-element elementor-element-4c61334c e-flex e-con-boxed e-con e-parent\" data-id=\"4c61334c\" data-element_type=\"container\" data-e-type=\"container\">\n\t\t\t\t\t<div class=\"e-con-inner\">\n\t\t\t\t<div class=\"elementor-element elementor-element-408655df elementor-widget elementor-widget-heading\" data-id=\"408655df\" data-element_type=\"widget\" data-e-type=\"widget\" data-widget_type=\"heading.default\">\n\t\t\t\t<div class=\"elementor-widget-container\">\n\t\t\t\t\t<h2 class=\"elementor-heading-title elementor-size-default\">Wenn Sie \u00fcber die Programme in Zam\u00e1rdi informiert bleiben m\u00f6chten, abonnieren Sie unseren Newsletter!<\/h2>\t\t\t\t<\/div>\n\t\t\t\t<\/div>\n\t\t\t\t<div class=\"elementor-element elementor-element-48ee5c2f elementor-widget elementor-widget-wpforms\" data-id=\"48ee5c2f\" data-element_type=\"widget\" data-e-type=\"widget\" data-widget_type=\"wpforms.default\">\n\t\t\t\t<div class=\"elementor-widget-container\">\n\t\t\t\t\t<style id=\"wpforms-css-vars-elementor-widget-48ee5c2f\">\n\t\t\t\t.elementor-widget-wpforms.elementor-element-48ee5c2f {\n\t\t\t\t--wpforms-button-background-color: #A50F00;\n\t\t\t}\n\t\t\t<\/style><div class=\"wpforms-container wpforms-container-full wpforms-render-modern\" id=\"wpforms-1024\"><form id=\"wpforms-form-1024\" class=\"wpforms-validate wpforms-form wpforms-ajax-form\" data-formid=\"1024\" method=\"post\" enctype=\"multipart\/form-data\" action=\"\/de\/wp-json\/wp\/v2\/pages\/1308\" data-token=\"685af8b588123119e8c937fe684016f8\" data-token-time=\"1777299748\" data-trp-original-action=\"\/de\/wp-json\/wp\/v2\/pages\/1308\"><noscript class=\"wpforms-error-noscript\">Bitte aktiviere JavaScript in deinem Browser, um dieses Formular fertigzustellen.<\/noscript><div id=\"wpforms-error-noscript\" style=\"display: none;\">Bitte aktiviere JavaScript in deinem Browser, um dieses Formular fertigzustellen.<\/div><div class=\"wpforms-field-container\">\t\t<div id=\"wpforms-1024-field_3-container\"\n\t\t\tclass=\"wpforms-field wpforms-field-text\"\n\t\t\tdata-field-type=\"text\"\n\t\t\tdata-field-id=\"3\"\n\t\t\t>\n\t\t\t<label class=\"wpforms-field-label\" for=\"wpforms-1024-field_3\" >N\u00e9v c\u00edm E-mail<\/label>\n\t\t\t<input type=\"text\" id=\"wpforms-1024-field_3\" class=\"wpforms-field-medium\" name=\"wpforms[fields][3]\" >\n\t\t<\/div>\n\t\t<div id=\"wpforms-1024-field_1-container\" class=\"wpforms-field wpforms-field-name\" data-field-id=\"1\"><label class=\"wpforms-field-label\" for=\"wpforms-1024-field_1\">Name <span class=\"wpforms-required-label\" aria-hidden=\"true\">*<\/span><\/label><input type=\"text\" id=\"wpforms-1024-field_1\" class=\"wpforms-field-medium wpforms-field-required\" name=\"wpforms[fields][1]\" aria-errormessage=\"wpforms-1024-field_1-error\" required><\/div><div id=\"wpforms-1024-field_2-container\" class=\"wpforms-field wpforms-field-email\" data-field-id=\"2\"><label class=\"wpforms-field-label\" for=\"wpforms-1024-field_2\">E-Mail-Adresse <span class=\"wpforms-required-label\" aria-hidden=\"true\">*<\/span><\/label><input type=\"email\" id=\"wpforms-1024-field_2\" class=\"wpforms-field-medium wpforms-field-required\" name=\"wpforms[fields][2]\" spellcheck=\"false\" aria-errormessage=\"wpforms-1024-field_2-error\" required><\/div><div id=\"wpforms-1024-field_6-container\" class=\"wpforms-field wpforms-field-payment-checkbox\" data-field-id=\"6\"><fieldset><legend class=\"wpforms-field-label\"><\/legend><ul id=\"wpforms-1024-field_6\"><li class=\"choice-1\"><input type=\"checkbox\" id=\"wpforms-1024-field_6_1\" class=\"wpforms-payment-price\" data-amount=\"10.00\" name=\"wpforms[fields][6][]\" value=\"1\" aria-errormessage=\"wpforms-1024-field_6_1-error\"  ><label class=\"wpforms-field-label-inline\" for=\"wpforms-1024-field_6_1\">Ich habe die Nutzungsbedingungen gelesen und akzeptiere sie!<\/label><\/li><\/ul><\/fieldset><\/div><script>\n\t\t\t\t( function() {\n\t\t\t\t\tconst style = document.createElement( 'style' );\n\t\t\t\t\tstyle.appendChild( document.createTextNode( '#wpforms-1024-field_3-container { position: absolute !important; overflow: hidden !important; display: inline !important; height: 1px !important; width: 1px !important; z-index: -1000 !important; padding: 0 !important; } #wpforms-1024-field_3-container input { visibility: hidden; } #wpforms-conversational-form-page #wpforms-1024-field_3-container label { counter-increment: none; }' ) );\n\t\t\t\t\tdocument.head.appendChild( style );\n\t\t\t\t\tdocument.currentScript?.remove();\n\t\t\t\t} )();\n\t\t\t<\/script><\/div><!-- .wpforms-field-container --><div class=\"wpforms-submit-container\" ><input type=\"hidden\" name=\"wpforms[id]\" value=\"1024\"><input type=\"hidden\" name=\"page_title\" value=\"\"><input type=\"hidden\" name=\"page_url\" value=\"https:\/\/tourinformzamardi.hu\/de\/wp-json\/wp\/v2\/pages\/1308\"><input type=\"hidden\" name=\"url_referer\" value=\"\"><button type=\"submit\" name=\"wpforms[submit]\" id=\"wpforms-submit-1024\" class=\"wpforms-submit\" data-alt-text=\"Feliratkoz\u00e1s..\" data-submit-text=\"Feliratkozom!\" aria-live=\"assertive\" value=\"wpforms-submit\">Ich melde mich an!<\/button><img loading=\"lazy\" decoding=\"async\" src=\"https:\/\/tourinformzamardi.hu\/wp-content\/plugins\/wpforms-lite\/assets\/images\/submit-spin.svg\" class=\"wpforms-submit-spinner\" style=\"display: none;\" width=\"26\" height=\"26\" alt=\"Wird geladen\"><\/div><input type=\"hidden\" name=\"trp-form-language\" value=\"de\"\/><\/form><\/div>  <!-- .wpforms-container -->\t\t\t\t<\/div>\n\t\t\t\t<\/div>\n\t\t\t\t\t<\/div>\n\t\t\t\t<\/div>\n\t\t<div class=\"elementor-element elementor-element-75ed249d e-con-full e-flex e-con e-parent\" data-id=\"75ed249d\" data-element_type=\"container\" data-e-type=\"container\" data-settings=\"{&quot;background_background&quot;:&quot;classic&quot;}\">\n\t\t<div class=\"elementor-element elementor-element-62d391bf e-con-full e-flex e-con e-child\" data-id=\"62d391bf\" data-element_type=\"container\" data-e-type=\"container\">\n\t\t\t\t<div class=\"elementor-element elementor-element-dca9a85 elementor-widget elementor-widget-heading\" data-id=\"dca9a85\" data-element_type=\"widget\" data-e-type=\"widget\" data-widget_type=\"heading.default\">\n\t\t\t\t<div class=\"elementor-widget-container\">\n\t\t\t\t\t<h2 class=\"elementor-heading-title elementor-size-default\">Was ist Tourinform?<\/h2>\t\t\t\t<\/div>\n\t\t\t\t<\/div>\n\t\t\t\t<div class=\"elementor-element elementor-element-f6763f4 elementor-widget elementor-widget-text-editor\" data-id=\"f6763f4\" data-element_type=\"widget\" data-e-type=\"widget\" data-widget_type=\"text-editor.default\">\n\t\t\t\t<div class=\"elementor-widget-container\">\n\t\t\t\t\t\t\t\t\t<p>Tourinform ist ein Netzwerk von Touristeninformationsb\u00fcros, die sowohl in Ungarn als auch im Ausland mit einem bekannten Symbol gekennzeichnet sind und in fast 90 St\u00e4dten im ganzen Land vertreten sind.<br \/>In diesen B\u00fcros erhalten Sie Informationen \u00fcber die Stadt, die Region und das gesamte touristische Angebot des Landes. Die Mitarbeiter der Tourinform-B\u00fcros helfen Ihnen gerne auf Ungarisch und in Fremdsprachen und bieten Ihnen Details zu Unterk\u00fcnften, Gastronomiebetrieben, Verkehrsmitteln,<br \/>Sie k\u00f6nnen auch kostenlose touristische Brosch\u00fcren, Karten und Postkarten in den Tourinform-B\u00fcros erhalten und kaufen.<\/p>\t\t\t\t\t\t\t\t<\/div>\n\t\t\t\t<\/div>\n\t\t\t\t<div class=\"elementor-element elementor-element-734033df elementor-shape-circle elementor-grid-0 e-grid-align-center elementor-widget elementor-widget-social-icons\" data-id=\"734033df\" data-element_type=\"widget\" data-e-type=\"widget\" data-widget_type=\"social-icons.default\">\n\t\t\t\t<div class=\"elementor-widget-container\">\n\t\t\t\t\t\t\t<div class=\"elementor-social-icons-wrapper elementor-grid\">\n\t\t\t\t\t\t\t<span class=\"elementor-grid-item\">\n\t\t\t\t\t<a class=\"elementor-icon elementor-social-icon elementor-social-icon-facebook elementor-repeater-item-7723076\" href=\"https:\/\/www.facebook.com\/profile.php?id=100076029414988\" target=\"_blank\">\n\t\t\t\t\t\t<span class=\"elementor-screen-only\">Facebook<\/span>\n\t\t\t\t\t\t<svg aria-hidden=\"true\" class=\"e-font-icon-svg e-fab-facebook\" viewbox=\"0 0 512 512\" xmlns=\"http:\/\/www.w3.org\/2000\/svg\"><path d=\"M504 256C504 119 393 8 256 8S8 119 8 256c0 123.78 90.69 226.38 209.25 245V327.69h-63V256h63v-54.64c0-62.15 37-96.48 93.67-96.48 27.14 0 55.52 4.84 55.52 4.84v61h-31.28c-30.8 0-40.41 19.12-40.41 38.73V256h68.78l-11 71.69h-57.78V501C413.31 482.38 504 379.78 504 256z\"><\/path><\/svg>\t\t\t\t\t<\/a>\n\t\t\t\t<\/span>\n\t\t\t\t\t<\/div>\n\t\t\t\t\t\t<\/div>\n\t\t\t\t<\/div>\n\t\t\t\t<\/div>\n\t\t<div class=\"elementor-element elementor-element-622fa1c3 e-con-full e-flex e-con e-child\" data-id=\"622fa1c3\" data-element_type=\"container\" data-e-type=\"container\">\n\t\t\t\t<div class=\"elementor-element elementor-element-6ebbe782 elementor-widget elementor-widget-heading\" data-id=\"6ebbe782\" data-element_type=\"widget\" data-e-type=\"widget\" data-widget_type=\"heading.default\">\n\t\t\t\t<div class=\"elementor-widget-container\">\n\t\t\t\t\t<h2 class=\"elementor-heading-title elementor-size-default\">\u00d6ffnungszeiten<\/h2>\t\t\t\t<\/div>\n\t\t\t\t<\/div>\n\t\t\t\t<div class=\"elementor-element elementor-element-577de0a4 elementor-widget elementor-widget-text-editor\" data-id=\"577de0a4\" data-element_type=\"widget\" data-e-type=\"widget\" data-widget_type=\"text-editor.default\">\n\t\t\t\t<div class=\"elementor-widget-container\">\n\t\t\t\t\t\t\t\t\t<p>Nebensaison:<br \/>Szeptember 16 &#8211; m\u00e1jus 14.<br \/>H\u00e9tf\u0151 &#8211; P\u00e9ntek: 8:00-16:00<br \/>Samstag \u2013 Sonntag: geschlossen<\/p>\t\t\t\t\t\t\t\t<\/div>\n\t\t\t\t<\/div>\n\t\t\t\t<div class=\"elementor-element elementor-element-61a97c38 elementor-widget elementor-widget-text-editor\" data-id=\"61a97c38\" data-element_type=\"widget\" data-e-type=\"widget\" data-widget_type=\"text-editor.default\">\n\t\t\t\t<div class=\"elementor-widget-container\">\n\t\t\t\t\t\t\t\t\t<p>Hochsaison:<br \/>M\u00e1jus 15 &#8211; j\u00fanius 15.<br \/>Montag \u2013 Freitag: 9:00 \u2013 17:00 Uhr<br \/>Szombat: 9.00-14.00<br \/>Sonntag: geschlossen<\/p><p>J\u00fanius 16 &#8211; augusztus 22.<br \/>Montag \u2013 Freitag: 9:00 \u2013 18:00 Uhr<br \/>Samstag: 9:00 \u2013 18:00 Uhr<br \/>Sonntag: 9:00 \u2013 17:00 Uhr<\/p><p>Augusztus 23 &#8211; szeptember 15.<br \/>Montag \u2013 Freitag: 9:00 \u2013 17:00 Uhr<br \/>Szombat: 9.00-14.00<br \/>Sonntag: geschlossen<\/p>\t\t\t\t\t\t\t\t<\/div>\n\t\t\t\t<\/div>\n\t\t\t\t<\/div>\n\t\t<div class=\"elementor-element elementor-element-3be20698 e-con-full e-flex e-con e-child\" data-id=\"3be20698\" data-element_type=\"container\" data-e-type=\"container\">\n\t\t\t\t<div class=\"elementor-element elementor-element-36c06ecd elementor-widget elementor-widget-heading\" data-id=\"36c06ecd\" data-element_type=\"widget\" data-e-type=\"widget\" data-widget_type=\"heading.default\">\n\t\t\t\t<div class=\"elementor-widget-container\">\n\t\t\t\t\t<h2 class=\"elementor-heading-title elementor-size-default\">Tourinform Zam\u00e1rdi<\/h2>\t\t\t\t<\/div>\n\t\t\t\t<\/div>\n\t\t<div class=\"elementor-element elementor-element-1dd0908e e-con-full e-flex e-con e-child\" data-id=\"1dd0908e\" data-element_type=\"container\" data-e-type=\"container\">\n\t\t<div class=\"elementor-element elementor-element-3bbd4fdf e-con-full e-flex e-con e-child\" data-id=\"3bbd4fdf\" data-element_type=\"container\" data-e-type=\"container\">\n\t\t\t\t<div class=\"elementor-element elementor-element-287a8a64 elementor-view-default elementor-widget elementor-widget-icon\" data-id=\"287a8a64\" data-element_type=\"widget\" data-e-type=\"widget\" data-widget_type=\"icon.default\">\n\t\t\t\t<div class=\"elementor-widget-container\">\n\t\t\t\t\t\t\t<div class=\"elementor-icon-wrapper\">\n\t\t\t<a class=\"elementor-icon\" href=\"https:\/\/maps.app.goo.gl\/bQ2GTwYBbK38vox6A\">\n\t\t\t<svg aria-hidden=\"true\" class=\"e-font-icon-svg e-fas-map-marker-alt\" viewbox=\"0 0 384 512\" xmlns=\"http:\/\/www.w3.org\/2000\/svg\"><path d=\"M172.268 501.67C26.97 291.031 0 269.413 0 192 0 85.961 85.961 0 192 0s192 85.961 192 192c0 77.413-26.97 99.031-172.268 309.67-9.535 13.774-29.93 13.773-39.464 0zM192 272c44.183 0 80-35.817 80-80s-35.817-80-80-80-80 35.817-80 80 35.817 80 80 80z\"><\/path><\/svg>\t\t\t<\/a>\n\t\t<\/div>\n\t\t\t\t\t\t<\/div>\n\t\t\t\t<\/div>\n\t\t\t\t<div class=\"elementor-element elementor-element-7f8d8b3b elementor-widget elementor-widget-text-editor\" data-id=\"7f8d8b3b\" data-element_type=\"widget\" data-e-type=\"widget\" data-widget_type=\"text-editor.default\">\n\t\t\t\t<div class=\"elementor-widget-container\">\n\t\t\t\t\t\t\t\t\t<p>8621 Zam\u00e1rdi, Kossuth Lajos utca 16.<\/p>\t\t\t\t\t\t\t\t<\/div>\n\t\t\t\t<\/div>\n\t\t\t\t<\/div>\n\t\t<div class=\"elementor-element elementor-element-a766430 e-con-full e-flex e-con e-child\" data-id=\"a766430\" data-element_type=\"container\" data-e-type=\"container\">\n\t\t\t\t<div class=\"elementor-element elementor-element-84e9b62 elementor-view-default elementor-widget elementor-widget-icon\" data-id=\"84e9b62\" data-element_type=\"widget\" data-e-type=\"widget\" data-widget_type=\"icon.default\">\n\t\t\t\t<div class=\"elementor-widget-container\">\n\t\t\t\t\t\t\t<div class=\"elementor-icon-wrapper\">\n\t\t\t<a class=\"elementor-icon\" href=\"tel:+3684345290\">\n\t\t\t<svg aria-hidden=\"true\" class=\"e-font-icon-svg e-fas-phone-alt\" viewbox=\"0 0 512 512\" xmlns=\"http:\/\/www.w3.org\/2000\/svg\"><path d=\"M497.39 361.8l-112-48a24 24 0 0 0-28 6.9l-49.6 60.6A370.66 370.66 0 0 1 130.6 204.11l60.6-49.6a23.94 23.94 0 0 0 6.9-28l-48-112A24.16 24.16 0 0 0 122.6.61l-104 24A24 24 0 0 0 0 48c0 256.5 207.9 464 464 464a24 24 0 0 0 23.4-18.6l24-104a24.29 24.29 0 0 0-14.01-27.6z\"><\/path><\/svg>\t\t\t<\/a>\n\t\t<\/div>\n\t\t\t\t\t\t<\/div>\n\t\t\t\t<\/div>\n\t\t\t\t<div class=\"elementor-element elementor-element-32b5de33 elementor-widget elementor-widget-text-editor\" data-id=\"32b5de33\" data-element_type=\"widget\" data-e-type=\"widget\" data-widget_type=\"text-editor.default\">\n\t\t\t\t<div class=\"elementor-widget-container\">\n\t\t\t\t\t\t\t\t\t<p>+36 84 345 290<\/p>\t\t\t\t\t\t\t\t<\/div>\n\t\t\t\t<\/div>\n\t\t\t\t<\/div>\n\t\t<div class=\"elementor-element elementor-element-6a645a8e e-con-full e-flex e-con e-child\" data-id=\"6a645a8e\" data-element_type=\"container\" data-e-type=\"container\">\n\t\t\t\t<div class=\"elementor-element elementor-element-38009ec4 elementor-view-default elementor-widget elementor-widget-icon\" data-id=\"38009ec4\" data-element_type=\"widget\" data-e-type=\"widget\" data-widget_type=\"icon.default\">\n\t\t\t\t<div class=\"elementor-widget-container\">\n\t\t\t\t\t\t\t<div class=\"elementor-icon-wrapper\">\n\t\t\t<a class=\"elementor-icon\" href=\"mailto:zamardi@zamarditourinform.hu\">\n\t\t\t<svg aria-hidden=\"true\" class=\"e-font-icon-svg e-fas-envelope\" viewbox=\"0 0 512 512\" xmlns=\"http:\/\/www.w3.org\/2000\/svg\"><path d=\"M502.3 190.8c3.9-3.1 9.7-.2 9.7 4.7V400c0 26.5-21.5 48-48 48H48c-26.5 0-48-21.5-48-48V195.6c0-5 5.7-7.8 9.7-4.7 22.4 17.4 52.1 39.5 154.1 113.6 21.1 15.4 56.7 47.8 92.2 47.6 35.7.3 72-32.8 92.3-47.6 102-74.1 131.6-96.3 154-113.7zM256 320c23.2.4 56.6-29.2 73.4-41.4 132.7-96.3 142.8-104.7 173.4-128.7 5.8-4.5 9.2-11.5 9.2-18.9v-19c0-26.5-21.5-48-48-48H48C21.5 64 0 85.5 0 112v19c0 7.4 3.4 14.3 9.2 18.9 30.6 23.9 40.7 32.4 173.4 128.7 16.8 12.2 50.2 41.8 73.4 41.4z\"><\/path><\/svg>\t\t\t<\/a>\n\t\t<\/div>\n\t\t\t\t\t\t<\/div>\n\t\t\t\t<\/div>\n\t\t\t\t<div class=\"elementor-element elementor-element-ca23a11 elementor-widget elementor-widget-text-editor\" data-id=\"ca23a11\" data-element_type=\"widget\" data-e-type=\"widget\" data-widget_type=\"text-editor.default\">\n\t\t\t\t<div class=\"elementor-widget-container\">\n\t\t\t\t\t\t\t\t\t<p>zamardi@tourinform.hu<\/p>\t\t\t\t\t\t\t\t<\/div>\n\t\t\t\t<\/div>\n\t\t\t\t<\/div>\n\t\t\t\t<\/div>\n\t\t\t\t<\/div>\n\t\t\t\t<\/div>\n\t\t\t\t<\/div>","protected":false},"excerpt":{"rendered":"<p>Zam\u00e1rdi l\u00e1tnival\u00f3i Zam\u00e1rdi Nagystrand K\u0151hegyi kil\u00e1t\u00f3 Szam\u00e1rk\u0151 V\u00edzek h\u00e1za \u00e9lm\u00e9nypark T\u00e1jh\u00e1z Vil\u00e1gh\u00e1bor\u00fak M\u00fazeuma Templomunk, k\u00e1poln\u00e1ink, szakr\u00e1lis helyeink Eml\u00e9km\u0171vek, eml\u00e9khelyek K\u00f6zt\u00e9ri szobrok, parkok Zam\u00e1rdi Nagystrand Zam\u00e1rdi, Marg\u00f3 Ede s\u00e9t\u00e1ny Zam\u00e1rdi a [&hellip;]<\/p>","protected":false},"author":1,"featured_media":0,"parent":0,"menu_order":0,"comment_status":"closed","ping_status":"closed","template":"","meta":{"site-sidebar-layout":"no-sidebar","site-content-layout":"","ast-site-content-layout":"full-width-container","site-content-style":"default","site-sidebar-style":"default","ast-global-header-display":"","ast-banner-title-visibility":"","ast-main-header-display":"","ast-hfb-above-header-display":"","ast-hfb-below-header-display":"","ast-hfb-mobile-header-display":"","site-post-title":"disabled","ast-breadcrumbs-content":"","ast-featured-img":"disabled","footer-sml-layout":"","theme-transparent-header-meta":"","adv-header-id-meta":"","stick-header-meta":"","header-above-stick-meta":"","header-main-stick-meta":"","header-below-stick-meta":"","astra-migrate-meta-layouts":"default","ast-page-background-enabled":"default","ast-page-background-meta":{"desktop":{"background-color":"var(--ast-global-color-5)","background-image":"","background-repeat":"repeat","background-position":"center center","background-size":"auto","background-attachment":"scroll","background-type":"","background-media":"","overlay-type":"","overlay-color":"","overlay-opacity":"","overlay-gradient":""},"tablet":{"background-color":"","background-image":"","background-repeat":"repeat","background-position":"center center","background-size":"auto","background-attachment":"scroll","background-type":"","background-media":"","overlay-type":"","overlay-color":"","overlay-opacity":"","overlay-gradient":""},"mobile":{"background-color":"","background-image":"","background-repeat":"repeat","background-position":"center center","background-size":"auto","background-attachment":"scroll","background-type":"","background-media":"","overlay-type":"","overlay-color":"","overlay-opacity":"","overlay-gradient":""}},"ast-content-background-meta":{"desktop":{"background-color":"var(--ast-global-color-4)","background-image":"","background-repeat":"repeat","background-position":"center center","background-size":"auto","background-attachment":"scroll","background-type":"","background-media":"","overlay-type":"","overlay-color":"","overlay-opacity":"","overlay-gradient":""},"tablet":{"background-color":"var(--ast-global-color-4)","background-image":"","background-repeat":"repeat","background-position":"center center","background-size":"auto","background-attachment":"scroll","background-type":"","background-media":"","overlay-type":"","overlay-color":"","overlay-opacity":"","overlay-gradient":""},"mobile":{"background-color":"var(--ast-global-color-4)","background-image":"","background-repeat":"repeat","background-position":"center center","background-size":"auto","background-attachment":"scroll","background-type":"","background-media":"","overlay-type":"","overlay-color":"","overlay-opacity":"","overlay-gradient":""}},"footnotes":""},"class_list":["post-1308","page","type-page","status-publish","hentry"],"_links":{"self":[{"href":"https:\/\/tourinformzamardi.hu\/de\/wp-json\/wp\/v2\/pages\/1308","targetHints":{"allow":["GET"]}}],"collection":[{"href":"https:\/\/tourinformzamardi.hu\/de\/wp-json\/wp\/v2\/pages"}],"about":[{"href":"https:\/\/tourinformzamardi.hu\/de\/wp-json\/wp\/v2\/types\/page"}],"author":[{"embeddable":true,"href":"https:\/\/tourinformzamardi.hu\/de\/wp-json\/wp\/v2\/users\/1"}],"replies":[{"embeddable":true,"href":"https:\/\/tourinformzamardi.hu\/de\/wp-json\/wp\/v2\/comments?post=1308"}],"version-history":[{"count":253,"href":"https:\/\/tourinformzamardi.hu\/de\/wp-json\/wp\/v2\/pages\/1308\/revisions"}],"predecessor-version":[{"id":4335,"href":"https:\/\/tourinformzamardi.hu\/de\/wp-json\/wp\/v2\/pages\/1308\/revisions\/4335"}],"wp:attachment":[{"href":"https:\/\/tourinformzamardi.hu\/de\/wp-json\/wp\/v2\/media?parent=1308"}],"curies":[{"name":"wp","href":"https:\/\/api.w.org\/{rel}","templated":true}]}}